{"id":1649,"date":"2022-01-13T17:23:42","date_gmt":"2022-01-13T17:23:42","guid":{"rendered":"https:\/\/viajarcomtempo.eu\/?page_id=1649"},"modified":"2022-05-20T14:55:34","modified_gmt":"2022-05-20T14:55:34","slug":"n2kmakm-2","status":"publish","type":"page","link":"https:\/\/viajarcomtempo.eu\/?page_id=1649","title":{"rendered":"Roteiro da N1 Km a Km"},"content":{"rendered":"\n<p class=\"has-medium-font-size wp-block-paragraph\"><a href=\"https:\/\/viajarcomtempo.eu\/?page_id=883\">Voltar \u21b5<\/a><\/p>\n\n\n\n<figure class=\"wp-block-table is-style-stripes\"><table class=\"has-background\" style=\"background-color:#e7f5fe\"><thead><tr><th>Km<\/th><th>Ver Detalhe<\/th><th><strong>Ponto de Interesse<\/strong><\/th><\/tr><\/thead><tbody><tr><td><img loading=\"lazy\" decoding=\"async\" width=\"50\" height=\"67\" class=\"wp-image-1693\" style=\"width: 50px;\" src=\"https:\/\/viajarcomtempo.eu\/wp-content\/uploads\/2022\/03\/N1Km0.gif\" alt=\"\"><\/td><td><a href=\"https:\/\/viajarcomtempo.eu\/?page_id=1647\"><strong>Loures<\/strong><\/a><\/td><td><strong>Loures e Pontos de interesse nas Freguesias do Concelho<\/strong><\/td><\/tr><tr><td><\/td><td><\/td><td><a href=\"https:\/\/viajarcomtempo.eu\/wp-content\/uploads\/2022\/03\/SacavemLoures_VilaFrancaXira.pdf\" target=\"_blank\" rel=\"noreferrer noopener\"><strong>Sacav\u00e9m (Loures) &#8211;  Vila Franca de Xira<\/strong><\/a><\/td><\/tr><tr><td>1,1<\/td><td><\/td><td>Museu de Cer\u00e2mica de Sacav\u00e9m \u2013 Desvio de 1 Km (ida e Volta)<\/td><\/tr><tr><td>1,6<\/td><td><\/td><td>Ponte sobre o rio Tranc\u00e3o<\/td><\/tr><tr><td><\/td><td><\/td><td>Sif\u00e3o do Canal Alviela-Sacav\u00e9m ou&nbsp;Arco do Canal do Alviela&nbsp;<\/td><\/tr><tr><td>9<\/td><td><\/td><td>P\u00f3voa de Santa Iria<\/td><\/tr><tr><td>16<\/td><td><\/td><td>Alverca do Ribatejo<\/td><\/tr><tr><td>19<\/td><td><\/td><td>Alhandra<\/td><\/tr><tr><td><img loading=\"lazy\" decoding=\"async\" width=\"50\" height=\"68\" class=\"wp-image-1710\" style=\"width: 50px;\" src=\"https:\/\/viajarcomtempo.eu\/wp-content\/uploads\/2022\/03\/N1Km22.gif\" alt=\"\"><\/td><td><strong><a href=\"https:\/\/viajarcomtempo.eu\/?page_id=1671\">Vila Franca de Xira<\/a><\/strong><\/td><td><strong>Vila Franca de Xira e Pontos de interesse nas Freguesias do Concelho<\/strong><\/td><\/tr><tr><td><\/td><td><\/td><td><a href=\"https:\/\/viajarcomtempo.eu\/wp-content\/uploads\/2022\/03\/VilaFrancaXira_Alenquer.pdf\" target=\"_blank\" rel=\"noreferrer noopener\"><strong>Percurso Vila Franca de Xira &#8211; Alenquer<\/strong><\/a><\/td><\/tr><tr><td>27<\/td><td><\/td><td><strong>Castanheira do Ribatejo<\/strong><\/td><\/tr><tr><td>31<\/td><td><\/td><td><strong>Carregado<\/strong><br>Cruzamento com a N3<\/td><\/tr><tr><td>32<\/td><td><\/td><td>Restaurante Vilabrasa<br>Restaurante Carregado<br>Zona Comercial<\/td><\/tr><tr><td><img loading=\"lazy\" decoding=\"async\" width=\"50\" height=\"65\" class=\"wp-image-1711\" style=\"width: 50px;\" src=\"https:\/\/viajarcomtempo.eu\/wp-content\/uploads\/2022\/03\/N1Km35.gif\" alt=\"\"><\/td><td><a href=\"https:\/\/viajarcomtempo.eu\/?page_id=1681\"><strong>Alenquer<\/strong><\/a><\/td><td><strong>Alenquer e Pontos de interesse nas Freguesias do Concelho<\/strong><\/td><\/tr><tr><td><\/td><td><\/td><td><a href=\"https:\/\/viajarcomtempo.eu\/wp-content\/uploads\/2022\/03\/Alenquer_AlcoentreAzambuja.pdf\" target=\"_blank\" rel=\"noreferrer noopener\"><strong>Percurso Alenquer &#8211; Alcoentre (Azambuja)<\/strong><\/a><\/td><\/tr><tr><td>41<\/td><td><\/td><td>Restaurante a Prensa<br>Restaurante o Rota\u00e7\u00f5es<\/td><\/tr><tr><td>45<\/td><td><\/td><td><strong>Ota<\/strong> &#8211; Desvio de 1,5 Km (ida e Volta)<br>Restaurante Santo Ant\u00f3nio<\/td><\/tr><tr><td>54<\/td><td><\/td><td>Restaurante Primavera<br>Restaurante Os Primos<\/td><\/tr><tr><td>57<\/td><td><\/td><td>Restaurante Por do Sol<br>Restaurante Ponderosa<\/td><\/tr><tr><td><img loading=\"lazy\" decoding=\"async\" width=\"50\" height=\"67\" class=\"wp-image-1725\" style=\"width: 50px;\" src=\"https:\/\/viajarcomtempo.eu\/wp-content\/uploads\/2022\/03\/N1Km58-1.gif\" alt=\"\"><\/td><td><a href=\"https:\/\/viajarcomtempo.eu\/?page_id=1699\"><strong>Azambuja<\/strong><\/a><\/td><td><strong>Azambuja<\/strong> <strong>e Pontos de interesse nas Freguesias do Concelho<\/strong><\/td><\/tr><tr><td><\/td><td><\/td><td><a href=\"https:\/\/viajarcomtempo.eu\/wp-content\/uploads\/2022\/03\/AlcoentreAzambuja_RioMaior.pdf\" target=\"_blank\" rel=\"noreferrer noopener\"><strong>Percurso Alcoentre (Azambuja) &#8211; Rio Maior<\/strong><\/a><\/td><\/tr><tr><td>61<\/td><td><\/td><td>Hotel Vale Grande Residance.<\/td><\/tr><tr><td>66<\/td><td><\/td><td>Marisqueira S\u00e3o Domingos na Asseiceira &#8211; (desvio de 2 Km ida e volta)<br>ou ao Km 67 pela N1.<\/td><\/tr><tr><td><img loading=\"lazy\" decoding=\"async\" width=\"50\" height=\"67\" class=\"wp-image-1726\" style=\"width: 50px;\" src=\"https:\/\/viajarcomtempo.eu\/wp-content\/uploads\/2022\/03\/N1Km78.gif\" alt=\"\"><\/td><td><a href=\"https:\/\/viajarcomtempo.eu\/?page_id=1704\"><strong>Rio Maior<\/strong><\/a><\/td><td><strong>Rio Maior<\/strong> <strong>e Pontos de interesse nas Freguesias do Concelho<\/strong><\/td><\/tr><tr><td><\/td><td><\/td><td><strong><a href=\"https:\/\/viajarcomtempo.eu\/wp-content\/uploads\/2022\/03\/RioMaior_Alcobaca.pdf\" target=\"_blank\" rel=\"noreferrer noopener\">Percurso Rio Maior &#8211; Alcoba\u00e7a<\/a><\/strong><\/td><\/tr><tr><td>79<\/td><td><\/td><td>Restaurante o Coxo<\/td><\/tr><tr><td>81<\/td><td><\/td><td>Restaurante Arco Iris<br>Restaurante o Venda da Raparigas<\/td><\/tr><tr><td>82<\/td><td><\/td><td>Restaurante Serrazinza<br>Restaurante o Bigodes<\/td><\/tr><tr><td>84<\/td><td><\/td><td><strong>Benedita<\/strong> (desvio de 3 Km ida e volta)<\/td><\/tr><tr><td>85<\/td><td><\/td><td>Restaurante Costa Brava<br>Restaurante o Sobreiro<br>Taverna Frei Jo\u00e3o<\/td><\/tr><tr><td>87<\/td><td><\/td><td><strong>Turquel<\/strong> (desvio de 3 Km ida e volta)<\/td><\/tr><tr><td>88<\/td><td><\/td><td>Churrasqueira &#8220;O Russo&#8221;<br>Restaurante KM 88<\/td><\/tr><tr><td>90<\/td><td><\/td><td><strong>Alcoba\u00e7a <\/strong>(desvio de 22 Km ida e volta)<\/td><\/tr><tr><td><img loading=\"lazy\" decoding=\"async\" width=\"50\" height=\"67\" class=\"wp-image-1727\" style=\"width: 50px;\" src=\"https:\/\/viajarcomtempo.eu\/wp-content\/uploads\/2022\/03\/N1Km90.gif\" alt=\"\"><\/td><td><strong><a href=\"https:\/\/viajarcomtempo.eu\/?page_id=1713\">Alcoba\u00e7a<\/a><\/strong><\/td><td><strong>Alcoba\u00e7a<\/strong> <strong>e Pontos de interesse nas Freguesias do Concelho<\/strong><\/td><\/tr><tr><td><\/td><td><\/td><td><strong><a href=\"https:\/\/viajarcomtempo.eu\/wp-content\/uploads\/2022\/03\/Alcobaca_PortoMos.pdf\" target=\"_blank\" rel=\"noreferrer noopener\">Percurso Alcoba\u00e7a &#8211; Porto de M\u00f3s<\/a><\/strong><\/td><\/tr><tr><td>96<\/td><td><\/td><td>Restaurante Estreia Tempero<br>Restaurante A Dulce<\/td><\/tr><tr><td>104<\/td><td><\/td><td>Restaurante Caf\u00e9 Sol Serra<\/td><\/tr><tr><td>105<\/td><td><\/td><td><strong>Porto de M\u00f3s<\/strong> (desvio de 8 km ida e volta)<\/td><\/tr><tr><td><img decoding=\"async\" class=\"wp-image-1012\" style=\"width: 50px;\" src=\"https:\/\/viajarcomtempo.eu\/wp-content\/uploads\/2021\/03\/Km103-1.gif\" alt=\"\"><img loading=\"lazy\" decoding=\"async\" width=\"50\" height=\"68\" class=\"wp-image-1728\" style=\"width: 50px;\" src=\"https:\/\/viajarcomtempo.eu\/wp-content\/uploads\/2022\/03\/N1Km105.gif\" alt=\"\"><\/td><td><strong><a href=\"https:\/\/viajarcomtempo.eu\/?page_id=1720\">Porto de M\u00f3s<\/a><\/strong><\/td><td><strong>Porto de M\u00f3s<\/strong> <strong>e Pontos de Interesse nas Freguesias do Concelho<\/strong><\/td><\/tr><tr><td><\/td><td><\/td><td><a href=\"https:\/\/viajarcomtempo.eu\/wp-content\/uploads\/2022\/03\/PortoMos_Batalha.pdf\"><strong>Percurso P<\/strong><\/a><strong><a href=\"https:\/\/viajarcomtempo.eu\/wp-content\/uploads\/2022\/03\/PortoMos_Batalha.pdf\" target=\"_blank\" rel=\"noreferrer noopener\">o<\/a><\/strong><a href=\"https:\/\/viajarcomtempo.eu\/wp-content\/uploads\/2022\/03\/PortoMos_Batalha.pdf\" target=\"_blank\" rel=\"noreferrer noopener\"><strong>rto de M\u00f3s &#8211; Batalha<\/strong><\/a><\/td><\/tr><tr><td>106<\/td><td><\/td><td>Restaurante Dom Abade<\/td><\/tr><tr><td>108<\/td><td><\/td><td>Restaurante Mama a Bucha<\/td><\/tr><tr><td>199<\/td><td><\/td><td>Restaurante Ribs Steakhouse<br>Funda\u00e7\u00e3o Batalha de Aljubarrota<br>Capela de S\u00e3o Jorge<\/td><\/tr><tr><td>110<\/td><td><\/td><td>Residencial D. Nuno<br>Restaurante Taverna Atl\u00e2ntica<br>Hotel S\u00e3o Jorge<br>Restaurante Mosteiro do Leit\u00e3o<\/td><\/tr><tr><td><img loading=\"lazy\" decoding=\"async\" width=\"50\" height=\"67\" class=\"wp-image-1729\" style=\"width: 50px;\" src=\"https:\/\/viajarcomtempo.eu\/wp-content\/uploads\/2022\/03\/N1Km122.gif\" alt=\"\"><\/td><td><a href=\"https:\/\/viajarcomtempo.eu\/?page_id=1742\"><strong>Batalha<\/strong><\/a><\/td><td><strong>Batalha<\/strong> <strong>e Pontos de Interesse nas Freguesias do Concelho<\/strong><\/td><\/tr><tr><td><\/td><td><\/td><td><strong><a href=\"https:\/\/viajarcomtempo.eu\/wp-content\/uploads\/2022\/04\/Batalha_Leiria.pdf\" target=\"_blank\" rel=\"noreferrer noopener\">Percurso Batalha &#8211; Leiria<\/a><\/strong><\/td><\/tr><tr><td>124<\/td><td><\/td><td>Restaurante Elsa &amp; Filomena<\/td><\/tr><tr><td>125<\/td><td><\/td><td>Restaurante A Rosa<\/td><\/tr><tr><td>128<\/td><td><\/td><td>Restaurante Arminda Ferreira Almeida Neto<\/td><\/tr><tr><td>129<\/td><td><\/td><td>Restaurante O Casar\u00e3o<\/td><\/tr><tr><td><img loading=\"lazy\" decoding=\"async\" width=\"50\" height=\"67\" class=\"wp-image-1730\" style=\"width: 50px;\" src=\"https:\/\/viajarcomtempo.eu\/wp-content\/uploads\/2022\/03\/N1Km132.gif\" alt=\"\"><\/td><td><a href=\"https:\/\/viajarcomtempo.eu\/?page_id=1745\"><strong>Leiria<\/strong><\/a><\/td><td><strong>Leiria e Pontos de Interesse nas Freguesias do Concelho<\/strong><\/td><\/tr><tr><td><\/td><td><\/td><td><a href=\"https:\/\/viajarcomtempo.eu\/wp-content\/uploads\/2022\/04\/Leiria_Pombal.pdf\" target=\"_blank\" rel=\"noreferrer noopener\"><strong>Percurso Leiria &#8211; Pombal<\/strong><\/a>  <\/td><\/tr><tr><td>140<\/td><td><\/td><td>Restaurante Aldeia do Leit\u00e3o<br>Restaurante Jo\u00e3o dos Leit\u00f5es<\/td><\/tr><tr><td>141<\/td><td><\/td><td>Restaurante H\u00e9lio dos Leit\u00f5es<\/td><\/tr><tr><td>143<\/td><td><\/td><td>Motel Avenue Pombal<\/td><\/tr><tr><td>145<\/td><td><\/td><td>Restaurante S\u00e3o Francisco<br>Restaurante Pinto<br>Hotel Casa do Viajante<br>Cervejaria Xarlie<\/td><\/tr><tr><td><img loading=\"lazy\" decoding=\"async\" width=\"50\" height=\"68\" class=\"wp-image-1766\" style=\"width: 50px;\" src=\"https:\/\/viajarcomtempo.eu\/wp-content\/uploads\/2022\/03\/N1Km159.gif\" alt=\"\"><\/td><td><strong><a href=\"https:\/\/viajarcomtempo.eu\/?page_id=1760\">Pombal<\/a><\/strong><\/td><td><strong>Pombal e Pontos de Interesse nas Freguesias do Concelho<\/strong><\/td><\/tr><tr><td><\/td><td><\/td><td><a href=\"https:\/\/viajarcomtempo.eu\/wp-content\/uploads\/2022\/04\/Pombal_Soure.pdf\" target=\"_blank\" rel=\"noreferrer noopener\"><strong>Percurso Pombal &#8211; Soure<\/strong><\/a> <\/td><\/tr><tr><td>151<\/td><td><\/td><td>Restaurante O Manjar do Marqu\u00eas<br>Restaurante The Yard<br>Restaurante Silvares<\/td><\/tr><tr><td>152<\/td><td><\/td><td>Restaurante O Telhado<\/td><\/tr><tr><td>154<\/td><td><\/td><td>Restaurante O Abade<\/td><\/tr><tr><td>156<\/td><td><\/td><td>Motel Pantanal<\/td><\/tr><tr><td>157<\/td><td><\/td><td>Restaurante O Eucalipto<\/td><\/tr><tr><td>159<\/td><td><\/td><td>Restaurante Cruz de Cristo<\/td><\/tr><tr><td>163<\/td><td><\/td><td>Restaurante Maria do C\u00e9u<br>Restaurante Azul<\/td><\/tr><tr><td>165<\/td><td><\/td><td>Desvio para Soure pela N348 (desvio de 13 Km ida e volta)<\/td><\/tr><tr><td><img loading=\"lazy\" decoding=\"async\" width=\"50\" height=\"67\" class=\"wp-image-1955\" style=\"width: 50px;\" src=\"https:\/\/viajarcomtempo.eu\/wp-content\/uploads\/2022\/05\/N1Km165.gif\" alt=\"\"><\/td><td> <strong><a href=\"https:\/\/viajarcomtempo.eu\/?page_id=1771\">Soure<\/a><\/strong> <\/td><td><strong>Soure e Pontos de Interesse nas Freguesias do Concelho<\/strong><\/td><\/tr><tr><td><\/td><td><\/td><td><a href=\"https:\/\/viajarcomtempo.eu\/wp-content\/uploads\/2022\/05\/Soure_Condeixa.pdf\" target=\"_blank\" rel=\"noreferrer noopener\"><strong>Percurso Soure &#8211; Condeixa<\/strong><\/a><\/td><\/tr><tr><td>170<\/td><td><\/td><td>Restaurante Casa da J\u00falia<\/td><\/tr><tr><td>175<\/td><td><\/td><td>Restaurante Traditius<\/td><\/tr><tr><td><img loading=\"lazy\" decoding=\"async\" width=\"50\" height=\"67\" class=\"wp-image-1956\" style=\"width: 50px;\" src=\"https:\/\/viajarcomtempo.eu\/wp-content\/uploads\/2022\/05\/N1Km177.gif\" alt=\"\"><\/td><td> <strong><a href=\"https:\/\/viajarcomtempo.eu\/?page_id=1776\">Condeixa<\/a><\/strong><\/td><td><strong>Condeixa e Pontos de Interesse nas Freguesias do Concelho<\/strong><\/td><\/tr><tr><td><\/td><td><\/td><td><a href=\"https:\/\/viajarcomtempo.eu\/wp-content\/uploads\/2022\/05\/Condeixa_Coimbra.pdf\" target=\"_blank\" rel=\"noreferrer noopener\"><strong>Percurso   Condeixa &#8211; Coimbra<\/strong><\/a> <\/td><\/tr><tr><td>178<\/td><td><\/td><td>Restaurante Leit\u00e3o e Pastel de Nata<\/td><\/tr><tr><td>181<\/td><td><\/td><td>Restaurante O Pol\u00edcia<\/td><\/tr><tr><td>183<\/td><td><\/td><td>Restaurante O Magri\u00e7o<br>Churrascaria Brasa Quente<\/td><\/tr><tr><td>184<\/td><td><\/td><td>Jantesta Guest House<br>Churrascaria Braz\u00e3o 2000<\/td><\/tr><tr><td><img loading=\"lazy\" decoding=\"async\" width=\"50\" height=\"68\" class=\"wp-image-1957\" style=\"width: 50px;\" src=\"https:\/\/viajarcomtempo.eu\/wp-content\/uploads\/2022\/05\/N1Km190.gif\" alt=\"\"><\/td><td><strong><a href=\"https:\/\/viajarcomtempo.eu\/?page_id=1779\">Coimbra<\/a><\/strong><\/td><td><strong>Coimbra e Pontos de Interesse nas Freguesias do Concelho<\/strong><\/td><\/tr><tr><td><\/td><td><\/td><td><a href=\"https:\/\/viajarcomtempo.eu\/wp-content\/uploads\/2022\/05\/Coimbra_Mealhada.pdf\" target=\"_blank\" rel=\"noreferrer noopener\"><strong>Percurso  Coimbra &#8211; Mealhada<\/strong><\/a> <\/td><\/tr><tr><td>201<\/td><td><\/td><td>Restaurante Manuel J\u00falio<\/td><\/tr><tr><td>204<\/td><td><\/td><td>Restaurante Hotel O V\u00edtor<\/td><\/tr><tr><td><img loading=\"lazy\" decoding=\"async\" width=\"50\" height=\"67\" class=\"wp-image-1958\" style=\"width: 50px;\" src=\"https:\/\/viajarcomtempo.eu\/wp-content\/uploads\/2022\/05\/N1Km210.gif\" alt=\"\"><\/td><td><strong><a href=\"https:\/\/viajarcomtempo.eu\/?page_id=1790\">Mealhada<\/a><\/strong><\/td><td><strong>Mealhada e Pontos de Interesse nas Freguesias do Concelho<\/strong><\/td><\/tr><tr><td><\/td><td><\/td><td><strong><a href=\"https:\/\/viajarcomtempo.eu\/wp-content\/uploads\/2022\/05\/Mealhada_Anadia.pdf\" target=\"_blank\" rel=\"noreferrer noopener\">Percurso Mealhada &#8211; Anadia<\/a><\/strong> <\/td><\/tr><tr><td>211<\/td><td><\/td><td>Restaurante O Rei dos Leit\u00f5es<br>Residencial Hil\u00e1rio<br>Quinta dos Tr\u00eas Pinheiros<br>Pedro dos Leit\u00f5es<\/td><\/tr><tr><td>213<\/td><td><\/td><td>Metinha dos Leit\u00f5es<\/td><\/tr><tr><td>214<\/td><td><\/td><td>Nova Casa dos Leit\u00f5es<br>Restaurante O Gavi\u00e3o<\/td><\/tr><tr><td>215<\/td><td><\/td><td>Restaurante O Sancho<br>Restaurante J. S. O Virg\u00edlio<br>Restaurante o Painel<\/td><\/tr><tr><td>216<\/td><td><\/td><td>Posto de Turismo, Termas da Curia e Hotel das Termas (desvio de 2<br>Km Ida e Volta)<br>Restaurante Pranxudos<\/td><\/tr><tr><td>217<\/td><td><\/td><td>Restaurante Dom Ferraz<\/td><\/tr><tr><td><img loading=\"lazy\" decoding=\"async\" width=\"50\" height=\"67\" class=\"wp-image-1959\" style=\"width: 50px;\" src=\"https:\/\/viajarcomtempo.eu\/wp-content\/uploads\/2022\/05\/N1Km216.gif\" alt=\"\"><\/td><td><strong><a href=\"https:\/\/viajarcomtempo.eu\/?page_id=1792\">Anadia<\/a><\/strong><\/td><td><strong>Anadia e Pontos de Interesse nas Freguesias do Concelho<\/strong><\/td><\/tr><tr><td><\/td><td><\/td><td><strong><a href=\"https:\/\/viajarcomtempo.eu\/wp-content\/uploads\/2022\/05\/Anadia_Agueda.pdf\" target=\"_blank\" rel=\"noreferrer noopener\">Percurso Anadia &#8211; \u00c1gueda<\/a><\/strong><\/td><\/tr><tr><td>218<\/td><td><\/td><td>Restaurante Pompeu dos Frangos<br>Restaurante A Regional<\/td><\/tr><tr><td>219<\/td><td><\/td><td>Restaurante Casa Sargento<\/td><\/tr><tr><td>221<\/td><td><\/td><td>Restaurante Casa Queir\u00f3s<\/td><\/tr><tr><td>227<\/td><td><\/td><td>Restaurante Catorze 21<\/td><\/tr><tr><td>229<\/td><td><\/td><td>Restaurante Retiro do Lago<\/td><\/tr><tr><td><img loading=\"lazy\" decoding=\"async\" width=\"50\" height=\"68\" class=\"wp-image-1960\" style=\"width: 50px;\" src=\"https:\/\/viajarcomtempo.eu\/wp-content\/uploads\/2022\/05\/N1Km232.gif\" alt=\"\"><\/td><td><strong><a href=\"https:\/\/viajarcomtempo.eu\/?page_id=1794\">\u00c1gueda<\/a><\/strong><\/td><td><strong>\u00c1gueda e Pontos de Interesse nas Freguesias do Concelho<\/strong><\/td><\/tr><tr><td><\/td><td><\/td><td><strong><a href=\"https:\/\/viajarcomtempo.eu\/wp-content\/uploads\/2022\/05\/Agueda_Albergaria.pdf\" target=\"_blank\" rel=\"noreferrer noopener\">Percurso \u00c1gueda &#8211; Albergaria<\/a><\/strong><\/td><\/tr><tr><td>235<\/td><td><\/td><td>Residencial Castro<\/td><\/tr><tr><td>236<\/td><td><\/td><td>Restaurante Tr\u00eas Manos<\/td><\/tr><tr><td>242<\/td><td><\/td><td>Restaurante Casa Leonel<\/td><\/tr><tr><td>244<\/td><td><\/td><td>Restaurante Okapi<br>Restaurante As Cubatas<\/td><\/tr><tr><td>245<\/td><td><\/td><td>Hotel Alameda<\/td><\/tr><tr><td><img loading=\"lazy\" decoding=\"async\" width=\"50\" height=\"67\" class=\"wp-image-1961\" style=\"width: 50px;\" src=\"https:\/\/viajarcomtempo.eu\/wp-content\/uploads\/2022\/05\/N1Km247.gif\" alt=\"\"><\/td><td><strong><a href=\"https:\/\/viajarcomtempo.eu\/?page_id=1798\">Albergaria<\/a><\/strong><\/td><td><strong>Albergaria e Pontos de Interesse nas Freguesias do Concelho<\/strong><\/td><\/tr><tr><td><\/td><td><\/td><td><a href=\"https:\/\/viajarcomtempo.eu\/wp-content\/uploads\/2022\/05\/Albergaria_OliveiraAzemeis.pdf\" target=\"_blank\" rel=\"noreferrer noopener\"><strong>Percurso Albergaria<\/strong> &#8211; <strong>Oliveira de Azem\u00e9is<\/strong><\/a><\/td><\/tr><tr><td>248<\/td><td><\/td><td>A Casa da Teresinha<\/td><\/tr><tr><td>253<\/td><td><\/td><td>Restaurante Serafim Baptista<\/td><\/tr><tr><td>254<\/td><td><\/td><td>Restaurante o Tacho pronto<\/td><\/tr><tr><td>260<\/td><td><\/td><td>Restaurante Jos\u00e9 Ant\u00f3nio Martins Gomes<\/td><\/tr><tr><td><img loading=\"lazy\" decoding=\"async\" width=\"50\" height=\"68\" class=\"wp-image-1962\" style=\"width: 50px;\" src=\"https:\/\/viajarcomtempo.eu\/wp-content\/uploads\/2022\/05\/N1Km265.gif\" alt=\"\"><\/td><td><strong><a href=\"https:\/\/viajarcomtempo.eu\/?page_id=1800\">Oliveira de Azem\u00e9is<\/a><\/strong><\/td><td><strong>Oliveira de Azem\u00e9is e Pontos de Interesse nas Freguesias do Concelho<\/strong><\/td><\/tr><tr><td><\/td><td><\/td><td><a href=\"https:\/\/viajarcomtempo.eu\/wp-content\/uploads\/2022\/05\/OliveiraAzemeis_SaoJoaoMadeira.pdf\" target=\"_blank\" rel=\"noreferrer noopener\"><strong>Percurso Oliveira de Azem\u00e9is &#8211; S\u00e3o Jo\u00e3o da Madeira<\/strong><\/a><\/td><\/tr><tr><td>267<\/td><td><\/td><td>Restaurante Barrocas<br>Novo Mil\u00e9nio Restaurante<br>Restaurante Resende dos Presuntos<\/td><\/tr><tr><td>268<\/td><td><\/td><td>Restaurante Z\u00e9 da Curva<\/td><\/tr><tr><td><img loading=\"lazy\" decoding=\"async\" width=\"50\" height=\"64\" class=\"wp-image-1963\" style=\"width: 50px;\" src=\"https:\/\/viajarcomtempo.eu\/wp-content\/uploads\/2022\/05\/N1Km274.gif\" alt=\"\"><\/td><td><strong><a href=\"https:\/\/viajarcomtempo.eu\/?page_id=1905\">S\u00e3o jo\u00e3o da Madeira<\/a><\/strong><\/td><td><strong>S\u00e3o Jo\u00e3o da Madeira e Pontos de Interesse nas Freguesias do Concelho<\/strong><\/td><\/tr><tr><td><\/td><td><\/td><td><strong><a href=\"https:\/\/viajarcomtempo.eu\/wp-content\/uploads\/2022\/05\/SaoJoaoMadeira_Feira.pdf\" target=\"_blank\" rel=\"noreferrer noopener\">Percurso S\u00e3o Jo\u00e3o da Madeira &#8211; Santa Maria da Feira<\/a><\/strong><\/td><\/tr><tr><td>275<\/td><td><\/td><td>Restaurante White<br>Restaurante Hippyes<br>Restaurante Nova Pra\u00e7a<\/td><\/tr><tr><td>277<\/td><td><\/td><td>Cruzamento com a N223 para Santa Maria da Feira<\/td><\/tr><tr><td><img loading=\"lazy\" decoding=\"async\" width=\"50\" height=\"60\" class=\"wp-image-1964\" style=\"width: 50px;\" src=\"https:\/\/viajarcomtempo.eu\/wp-content\/uploads\/2022\/05\/N1Km277.gif\" alt=\"\"><\/td><td><strong><a href=\"https:\/\/viajarcomtempo.eu\/?page_id=1802\">Santa Maria da Feira<\/a><\/strong><\/td><td><\/td><\/tr><tr><td><\/td><td><\/td><td><strong><a href=\"https:\/\/viajarcomtempo.eu\/wp-content\/uploads\/2022\/05\/Feira_Gaia.pdf\" target=\"_blank\" rel=\"noreferrer noopener\">Percurso Santa Maria da Feira &#8211; Vila Nova de Gaia<\/a><\/strong><\/td><\/tr><tr><td>280<\/td><td><\/td><td>Hotel Feira Pedra Bela<\/td><\/tr><tr><td>282<\/td><td><\/td><td>Restaurante Terra M\u00e3e<br>Restaurante O Bairradino dos Leit\u00f5es<\/td><\/tr><tr><td>289<\/td><td><\/td><td>Restaurante Didi<br>Restaurante O Migo<\/td><\/tr><tr><td>290<\/td><td><\/td><td>Restaurante Rampinha de Grij\u00f3<\/td><\/tr><tr><td>291<\/td><td><\/td><td>Restaurante 1715<br>Restaurante Atl\u00e2ntico<br>Restaurante Brazeiro de Grij\u00f3<br>Restaurante Cantinho de Argoncilhe<br>Restaurante O Tasco<br>Churrasqueira Solar de Grij\u00f3<br>Restaurante Ucha<br>Restaurante Salgueirinhos<\/td><\/tr><tr><td>292<\/td><td><\/td><td>Restaurante 5 Amigos<br>Restaurante Estrada Real<\/td><\/tr><tr><td>293<\/td><td><\/td><td>Restaurante Ta\u00ednha<br>Restaurante Enche Barriga<\/td><\/tr><tr><td>294<\/td><td><\/td><td>Restaurante Gato Bravo<br>Restaurante Tira a Rolha<\/td><\/tr><tr><td>295<\/td><td><\/td><td>Restaurante Jardim<\/td><\/tr><tr><td>297<\/td><td><\/td><td>Rotunda de acesso \u00e0 A1<\/td><\/tr><tr><td><img loading=\"lazy\" decoding=\"async\" width=\"50\" height=\"68\" class=\"wp-image-1965\" style=\"width: 50px;\" src=\"https:\/\/viajarcomtempo.eu\/wp-content\/uploads\/2022\/05\/N1Km308.gif\" alt=\"\"><\/td><td><strong><a href=\"https:\/\/viajarcomtempo.eu\/?page_id=1804\">Vila Nova de Gaia<\/a><\/strong><\/td><td><strong>Vila Nova de Gaia e Pontos de Interesse nas Freguesias do Concelho<\/strong><\/td><\/tr><tr><td><\/td><td><\/td><td><strong>Percurso Vila Nova de Gaia &#8211; Porto<\/strong><\/td><\/tr><tr><td>313<\/td><td><\/td><td>O&nbsp;<strong>Porto&nbsp;<\/strong>fica do outro lado do rio, basta atravessar a ponte Dom Lu\u00eds e estamos na zona da&nbsp;<strong>Ribeira<\/strong>.<\/td><\/tr><tr><td><img loading=\"lazy\" decoding=\"async\" width=\"100\" height=\"128\" class=\"wp-image-1972\" style=\"width: 100px;\" src=\"https:\/\/viajarcomtempo.eu\/wp-content\/uploads\/2022\/05\/N1Km313.gif\" alt=\"\"><\/td><td><strong>Porto<\/strong><\/td><td>Visitar o Porto \u00e9, por si s\u00f3, um Roteiro para alguns dias, que costumo incluir noutro tipo de viagens \u2013 Ir, ficar, visitar, andar e apreciar os locais e a gastronomia t\u00edpica \u2013 que espero incluir mais tarde neste site.<\/td><\/tr><tr><td><\/td><td><\/td><td><\/td><\/tr><tr><td><\/td><td><\/td><td><\/td><\/tr><tr><td><\/td><td><\/td><td><\/td><\/tr><tr><td><\/td><td><\/td><td><\/td><\/tr><tr><td><\/td><td><\/td><td><\/td><\/tr><tr><td><\/td><td><\/td><td><\/td><\/tr><\/tbody><\/table><\/figure>\n\n\n\n<p class=\"wp-block-paragraph\"><a href=\"http:\/\/localhost\/ViajarComTempo\/\">V<\/a><a href=\"https:\/\/viajarcomtempo.eu\/?page_id=883\">oltar \u21b5<\/a><\/p>\n","protected":false},"excerpt":{"rendered":"<p>Voltar \u21b5 Km Ver Detalhe Ponto de Interesse Loures Loures e Pontos de interesse nas Freguesias do Concelho Sacav\u00e9m (Loures) &#8211; Vila Franca de Xira 1,1 Museu de Cer\u00e2mica de Sacav\u00e9m \u2013 Desvio de 1 Km (ida e Volta) 1,6 Ponte sobre o rio Tranc\u00e3o Sif\u00e3o do Canal Alviela-Sacav\u00e9m ou&nbsp;Arco do Canal do Alviela&nbsp; 9 [&hellip;]<\/p>\n","protected":false},"author":1,"featured_media":0,"parent":0,"menu_order":0,"comment_status":"closed","ping_status":"closed","template":"","meta":{"_crdt_document":"","footnotes":""},"class_list":["post-1649","page","type-page","status-publish","hentry","eq-blocks"],"yoast_head":"<!-- This site is optimized with the Yoast SEO plugin v27.5 - https:\/\/yoast.com\/product\/yoast-seo-wordpress\/ -->\n<title>Roteiro da N1 Km a Km - Viajar Com Tempo<\/title>\n<meta name=\"robots\" content=\"index, follow, max-snippet:-1, max-image-preview:large, max-video-preview:-1\" \/>\n<link rel=\"canonical\" href=\"https:\/\/viajarcomtempo.eu\/?page_id=1649\" \/>\n<meta property=\"og:locale\" content=\"pt_PT\" \/>\n<meta property=\"og:type\" content=\"article\" \/>\n<meta property=\"og:title\" content=\"Roteiro da N1 Km a Km - Viajar Com Tempo\" \/>\n<meta property=\"og:description\" content=\"Voltar \u21b5 Km Ver Detalhe Ponto de Interesse Loures Loures e Pontos de interesse nas Freguesias do Concelho Sacav\u00e9m (Loures) &#8211; Vila Franca de Xira 1,1 Museu de Cer\u00e2mica de Sacav\u00e9m \u2013 Desvio de 1 Km (ida e Volta) 1,6 Ponte sobre o rio Tranc\u00e3o Sif\u00e3o do Canal Alviela-Sacav\u00e9m ou&nbsp;Arco do Canal do Alviela&nbsp; 9 [&hellip;]\" \/>\n<meta property=\"og:url\" content=\"https:\/\/viajarcomtempo.eu\/?page_id=1649\" \/>\n<meta property=\"og:site_name\" content=\"Viajar Com Tempo\" \/>\n<meta property=\"article:modified_time\" content=\"2022-05-20T14:55:34+00:00\" \/>\n<meta property=\"og:image\" content=\"https:\/\/viajarcomtempo.eu\/wp-content\/uploads\/2022\/03\/N1Km0.gif\" \/>\n<meta name=\"twitter:card\" content=\"summary_large_image\" \/>\n<meta name=\"twitter:label1\" content=\"Tempo estimado de leitura\" \/>\n\t<meta name=\"twitter:data1\" content=\"11 minutos\" \/>\n<script type=\"application\/ld+json\" class=\"yoast-schema-graph\">{\"@context\":\"https:\\\/\\\/schema.org\",\"@graph\":[{\"@type\":\"WebPage\",\"@id\":\"https:\\\/\\\/viajarcomtempo.eu\\\/?page_id=1649\",\"url\":\"https:\\\/\\\/viajarcomtempo.eu\\\/?page_id=1649\",\"name\":\"Roteiro da N1 Km a Km - Viajar Com Tempo\",\"isPartOf\":{\"@id\":\"https:\\\/\\\/viajarcomtempo.eu\\\/#website\"},\"primaryImageOfPage\":{\"@id\":\"https:\\\/\\\/viajarcomtempo.eu\\\/?page_id=1649#primaryimage\"},\"image\":{\"@id\":\"https:\\\/\\\/viajarcomtempo.eu\\\/?page_id=1649#primaryimage\"},\"thumbnailUrl\":\"https:\\\/\\\/viajarcomtempo.eu\\\/wp-content\\\/uploads\\\/2022\\\/03\\\/N1Km0.gif\",\"datePublished\":\"2022-01-13T17:23:42+00:00\",\"dateModified\":\"2022-05-20T14:55:34+00:00\",\"breadcrumb\":{\"@id\":\"https:\\\/\\\/viajarcomtempo.eu\\\/?page_id=1649#breadcrumb\"},\"inLanguage\":\"pt-PT\",\"potentialAction\":[{\"@type\":\"ReadAction\",\"target\":[\"https:\\\/\\\/viajarcomtempo.eu\\\/?page_id=1649\"]}]},{\"@type\":\"ImageObject\",\"inLanguage\":\"pt-PT\",\"@id\":\"https:\\\/\\\/viajarcomtempo.eu\\\/?page_id=1649#primaryimage\",\"url\":\"https:\\\/\\\/viajarcomtempo.eu\\\/wp-content\\\/uploads\\\/2022\\\/03\\\/N1Km0.gif\",\"contentUrl\":\"https:\\\/\\\/viajarcomtempo.eu\\\/wp-content\\\/uploads\\\/2022\\\/03\\\/N1Km0.gif\",\"width\":100,\"height\":133},{\"@type\":\"BreadcrumbList\",\"@id\":\"https:\\\/\\\/viajarcomtempo.eu\\\/?page_id=1649#breadcrumb\",\"itemListElement\":[{\"@type\":\"ListItem\",\"position\":1,\"name\":\"In\u00edcio\",\"item\":\"https:\\\/\\\/viajarcomtempo.eu\\\/\"},{\"@type\":\"ListItem\",\"position\":2,\"name\":\"Roteiro da N1 Km a Km\"}]},{\"@type\":\"WebSite\",\"@id\":\"https:\\\/\\\/viajarcomtempo.eu\\\/#website\",\"url\":\"https:\\\/\\\/viajarcomtempo.eu\\\/\",\"name\":\"Viajar Com Tempo\",\"description\":\"Roteiros para viajar sem pressa\",\"publisher\":{\"@id\":\"https:\\\/\\\/viajarcomtempo.eu\\\/#\\\/schema\\\/person\\\/2f6c8045b5e07d397d92d8e5cf7aee98\"},\"potentialAction\":[{\"@type\":\"SearchAction\",\"target\":{\"@type\":\"EntryPoint\",\"urlTemplate\":\"https:\\\/\\\/viajarcomtempo.eu\\\/?s={search_term_string}\"},\"query-input\":{\"@type\":\"PropertyValueSpecification\",\"valueRequired\":true,\"valueName\":\"search_term_string\"}}],\"inLanguage\":\"pt-PT\"},{\"@type\":[\"Person\",\"Organization\"],\"@id\":\"https:\\\/\\\/viajarcomtempo.eu\\\/#\\\/schema\\\/person\\\/2f6c8045b5e07d397d92d8e5cf7aee98\",\"name\":\"Jos\u00e9 Salvador\",\"logo\":{\"@id\":\"https:\\\/\\\/viajarcomtempo.eu\\\/#\\\/schema\\\/person\\\/image\\\/\"},\"sameAs\":[\"http:\\\/\\\/viajarcomtempo.eu\"]}]}<\/script>\n<!-- \/ Yoast SEO plugin. -->","yoast_head_json":{"title":"Roteiro da N1 Km a Km - Viajar Com Tempo","robots":{"index":"index","follow":"follow","max-snippet":"max-snippet:-1","max-image-preview":"max-image-preview:large","max-video-preview":"max-video-preview:-1"},"canonical":"https:\/\/viajarcomtempo.eu\/?page_id=1649","og_locale":"pt_PT","og_type":"article","og_title":"Roteiro da N1 Km a Km - Viajar Com Tempo","og_description":"Voltar \u21b5 Km Ver Detalhe Ponto de Interesse Loures Loures e Pontos de interesse nas Freguesias do Concelho Sacav\u00e9m (Loures) &#8211; Vila Franca de Xira 1,1 Museu de Cer\u00e2mica de Sacav\u00e9m \u2013 Desvio de 1 Km (ida e Volta) 1,6 Ponte sobre o rio Tranc\u00e3o Sif\u00e3o do Canal Alviela-Sacav\u00e9m ou&nbsp;Arco do Canal do Alviela&nbsp; 9 [&hellip;]","og_url":"https:\/\/viajarcomtempo.eu\/?page_id=1649","og_site_name":"Viajar Com Tempo","article_modified_time":"2022-05-20T14:55:34+00:00","og_image":[{"url":"https:\/\/viajarcomtempo.eu\/wp-content\/uploads\/2022\/03\/N1Km0.gif","type":"","width":"","height":""}],"twitter_card":"summary_large_image","twitter_misc":{"Tempo estimado de leitura":"11 minutos"},"schema":{"@context":"https:\/\/schema.org","@graph":[{"@type":"WebPage","@id":"https:\/\/viajarcomtempo.eu\/?page_id=1649","url":"https:\/\/viajarcomtempo.eu\/?page_id=1649","name":"Roteiro da N1 Km a Km - Viajar Com Tempo","isPartOf":{"@id":"https:\/\/viajarcomtempo.eu\/#website"},"primaryImageOfPage":{"@id":"https:\/\/viajarcomtempo.eu\/?page_id=1649#primaryimage"},"image":{"@id":"https:\/\/viajarcomtempo.eu\/?page_id=1649#primaryimage"},"thumbnailUrl":"https:\/\/viajarcomtempo.eu\/wp-content\/uploads\/2022\/03\/N1Km0.gif","datePublished":"2022-01-13T17:23:42+00:00","dateModified":"2022-05-20T14:55:34+00:00","breadcrumb":{"@id":"https:\/\/viajarcomtempo.eu\/?page_id=1649#breadcrumb"},"inLanguage":"pt-PT","potentialAction":[{"@type":"ReadAction","target":["https:\/\/viajarcomtempo.eu\/?page_id=1649"]}]},{"@type":"ImageObject","inLanguage":"pt-PT","@id":"https:\/\/viajarcomtempo.eu\/?page_id=1649#primaryimage","url":"https:\/\/viajarcomtempo.eu\/wp-content\/uploads\/2022\/03\/N1Km0.gif","contentUrl":"https:\/\/viajarcomtempo.eu\/wp-content\/uploads\/2022\/03\/N1Km0.gif","width":100,"height":133},{"@type":"BreadcrumbList","@id":"https:\/\/viajarcomtempo.eu\/?page_id=1649#breadcrumb","itemListElement":[{"@type":"ListItem","position":1,"name":"In\u00edcio","item":"https:\/\/viajarcomtempo.eu\/"},{"@type":"ListItem","position":2,"name":"Roteiro da N1 Km a Km"}]},{"@type":"WebSite","@id":"https:\/\/viajarcomtempo.eu\/#website","url":"https:\/\/viajarcomtempo.eu\/","name":"Viajar Com Tempo","description":"Roteiros para viajar sem pressa","publisher":{"@id":"https:\/\/viajarcomtempo.eu\/#\/schema\/person\/2f6c8045b5e07d397d92d8e5cf7aee98"},"potentialAction":[{"@type":"SearchAction","target":{"@type":"EntryPoint","urlTemplate":"https:\/\/viajarcomtempo.eu\/?s={search_term_string}"},"query-input":{"@type":"PropertyValueSpecification","valueRequired":true,"valueName":"search_term_string"}}],"inLanguage":"pt-PT"},{"@type":["Person","Organization"],"@id":"https:\/\/viajarcomtempo.eu\/#\/schema\/person\/2f6c8045b5e07d397d92d8e5cf7aee98","name":"Jos\u00e9 Salvador","logo":{"@id":"https:\/\/viajarcomtempo.eu\/#\/schema\/person\/image\/"},"sameAs":["http:\/\/viajarcomtempo.eu"]}]}},"_links":{"self":[{"href":"https:\/\/viajarcomtempo.eu\/index.php?rest_route=\/wp\/v2\/pages\/1649","targetHints":{"allow":["GET"]}}],"collection":[{"href":"https:\/\/viajarcomtempo.eu\/index.php?rest_route=\/wp\/v2\/pages"}],"about":[{"href":"https:\/\/viajarcomtempo.eu\/index.php?rest_route=\/wp\/v2\/types\/page"}],"author":[{"embeddable":true,"href":"https:\/\/viajarcomtempo.eu\/index.php?rest_route=\/wp\/v2\/users\/1"}],"replies":[{"embeddable":true,"href":"https:\/\/viajarcomtempo.eu\/index.php?rest_route=%2Fwp%2Fv2%2Fcomments&post=1649"}],"version-history":[{"count":56,"href":"https:\/\/viajarcomtempo.eu\/index.php?rest_route=\/wp\/v2\/pages\/1649\/revisions"}],"predecessor-version":[{"id":2048,"href":"https:\/\/viajarcomtempo.eu\/index.php?rest_route=\/wp\/v2\/pages\/1649\/revisions\/2048"}],"wp:attachment":[{"href":"https:\/\/viajarcomtempo.eu\/index.php?rest_route=%2Fwp%2Fv2%2Fmedia&parent=1649"}],"curies":[{"name":"wp","href":"https:\/\/api.w.org\/{rel}","templated":true}]}}