{"id":1785,"date":"2022-03-24T18:53:27","date_gmt":"2022-03-24T18:53:27","guid":{"rendered":"https:\/\/viajarcomtempo.eu\/?page_id=1785"},"modified":"2022-05-15T15:29:53","modified_gmt":"2022-05-15T15:29:53","slug":"n2diaadia-2","status":"publish","type":"page","link":"https:\/\/viajarcomtempo.eu\/?page_id=1785","title":{"rendered":"Roteiro da N1 Dia a Dia"},"content":{"rendered":"\n<p class=\"has-medium-font-size wp-block-paragraph\"><a href=\"https:\/\/viajarcomtempo.eu\/?page_id=883\">Voltar \u21b5<\/a><\/p>\n\n\n\n<p class=\"wp-block-paragraph\">Este \u00e9 um dos roteiros poss\u00edveis na l\u00f3gica de quem parte de zona centro e sul, para iniciar o percurso em Lisboa, em que \u00e9 recomendado aproveitar o facto de estar no Norte para visitar com mais detalhe os concelhos dessa regi\u00e3o ou mesmo aproveitar para alguns circuitos complementares nesses concelhos. Se por outro lado vive mais a norte ent\u00e3o o racioc\u00ednio \u00e9 o inverso, menos tempo a Norte mais tempo a Sul.<\/p>\n\n\n\n<p class=\"wp-block-paragraph\">Em qualquer dos casos \u00e9 apenas um gui\u00e3o (o nosso roteiro). Se n\u00e3o cumprir ou se ultrapassar o previsto reorganize e continue. Mas lembre-se, sem pressas, est\u00e1 a <strong><em>viajar com tempo.<\/em><\/strong><\/p>\n\n\n\n<figure class=\"wp-block-table is-style-stripes\"><table><thead><tr><th>Dia <\/th><th>   Ver Detalhe <\/th><th><strong>Ponto de Interesse<\/strong><\/th><\/tr><\/thead><tbody><tr><td>  <strong>1  <\/strong><\/td><td><strong><a href=\"https:\/\/viajarcomtempo.eu\/?page_id=1647\">Loures<\/a><\/strong><\/td><td><a href=\"https:\/\/viajarcomtempo.eu\/?page_id=1647\"><img loading=\"lazy\" decoding=\"async\" width=\"50\" height=\"67\" class=\"wp-image-1693\" style=\"width: 50px;\" src=\"https:\/\/viajarcomtempo.eu\/wp-content\/uploads\/2022\/03\/N1Km0.gif\" alt=\"\"><\/a><\/td><\/tr><tr><td><\/td><td><a href=\"https:\/\/viajarcomtempo.eu\/wp-content\/uploads\/2022\/03\/SacavemLoures_VilaFrancaXira.pdf\" target=\"_blank\" rel=\"noreferrer noopener\"><strong>Percurso Lou<\/strong><\/a><strong><a href=\"https:\/\/viajarcomtempo.eu\/wp-content\/uploads\/2022\/03\/SacavemLoures_VilaFrancaXira.pdf\" target=\"_blank\" rel=\"noreferrer noopener\">r<\/a><\/strong><a href=\"https:\/\/viajarcomtempo.eu\/wp-content\/uploads\/2022\/03\/SacavemLoures_VilaFrancaXira.pdf\"><strong>es &#8211; Vila Franca de Xira<\/strong><\/a><\/td><td>Museu de Cer\u00e2mica de Sacav\u00e9m \u2013 Desvio de 1 Km (ida e Volta)<br>Ponte sobre o rio Tranc\u00e3o<br>Sif\u00e3o do Canal Alviela-Sacav\u00e9m ou&nbsp;Arco do Canal do Alviela<br>P\u00f3voa de Santa Iria<br>Alverca do Ribatejo<br>Alhandra<\/td><\/tr><tr><td><\/td><td><strong><a href=\"https:\/\/viajarcomtempo.eu\/?page_id=1671\">Vila Franca de Xira<\/a><\/strong><\/td><td><a href=\"https:\/\/viajarcomtempo.eu\/?page_id=1671\"><img loading=\"lazy\" decoding=\"async\" width=\"50\" height=\"68\" class=\"wp-image-1710\" style=\"width: 50px;\" src=\"https:\/\/viajarcomtempo.eu\/wp-content\/uploads\/2022\/03\/N1Km22.gif\" alt=\"\"><\/a><\/td><\/tr><tr><td><\/td><td><strong><a href=\"https:\/\/viajarcomtempo.eu\/wp-content\/uploads\/2022\/03\/VilaFrancaXira_Alenquer.pdf\" target=\"_blank\" rel=\"noreferrer noopener\">Percurso Vila Franca de Xira- Alenquer<\/a><\/strong><\/td><td>Castanheira do Ribatejo<br>Carregado<br>Cruzamento com a N3<br>Restaurante Vilabrasa<br>Restaurante Carregado<br>Zona Comercial<\/td><\/tr><tr><td><\/td><td><strong><a href=\"https:\/\/viajarcomtempo.eu\/?page_id=1681\">Alenquer<\/a><\/strong><\/td><td><a href=\"https:\/\/viajarcomtempo.eu\/?page_id=1681\"><img loading=\"lazy\" decoding=\"async\" width=\"50\" height=\"65\" class=\"wp-image-1711\" style=\"width: 50px;\" src=\"https:\/\/viajarcomtempo.eu\/wp-content\/uploads\/2022\/03\/N1Km35.gif\" alt=\"\"><\/a><\/td><\/tr><tr><td><\/td><td><a href=\"https:\/\/viajarcomtempo.eu\/wp-content\/uploads\/2022\/03\/Alenquer_AlcoentreAzambuja.pdf\" target=\"_blank\" rel=\"noreferrer noopener\"><strong>Percurso Alenquer &#8211; Alcoentre (Azambuja)<\/strong><\/a><\/td><td>Restaurante a Prensa<br>Restaurante o Rota\u00e7\u00f5es<br><strong>Ota<\/strong>&nbsp;\u2013 Desvio de 1,5 Km (ida e Volta)<br>Restaurante Santo Ant\u00f3nio<br>Restaurante Primavera<br>Restaurante Os Primos<br>Restaurante Por do Sol<\/td><\/tr><tr><td><\/td><td><a href=\"https:\/\/viajarcomtempo.eu\/?page_id=1699\"><strong>Azambuja<\/strong><\/a><\/td><td><img loading=\"lazy\" decoding=\"async\" width=\"50\" height=\"67\" class=\"wp-image-1725\" style=\"width: 50px;\" src=\"https:\/\/viajarcomtempo.eu\/wp-content\/uploads\/2022\/03\/N1Km58-1.gif\" alt=\"\"><\/td><\/tr><tr><td><\/td><td><a href=\"https:\/\/viajarcomtempo.eu\/wp-content\/uploads\/2022\/03\/AlcoentreAzambuja_RioMaior.pdf\" target=\"_blank\" rel=\"noreferrer noopener\"><strong>Percurso Alcoentre (Azambuja) &#8211; Rio Maior<\/strong><\/a><\/td><td>Hotel Vale Grande Residance.<br>Marisqueira S\u00e3o Domingos na Asseiceira \u2013 (desvio de 2 Km ida e volta)<br>ou ao Km 67 pela N1.<\/td><\/tr><tr><td><\/td><td><strong><a href=\"https:\/\/viajarcomtempo.eu\/?page_id=1704\">Rio Maior<\/a><\/strong><\/td><td><img loading=\"lazy\" decoding=\"async\" width=\"50\" height=\"67\" class=\"wp-image-1726\" style=\"width: 50px;\" src=\"https:\/\/viajarcomtempo.eu\/wp-content\/uploads\/2022\/03\/N1Km78.gif\" alt=\"\"><\/td><\/tr><tr><td><\/td><td><strong><strong><a href=\"https:\/\/viajarcomtempo.eu\/wp-content\/uploads\/2022\/03\/RioMaior_Alcobaca.pdf\" target=\"_blank\" rel=\"noreferrer noopener\">Percurso Rio Maior &#8211; Alcoba\u00e7a<\/a><\/strong><\/strong><\/td><td>Restaurante o Coxo<br>Restaurante Arco Iris<br>Restaurante o Venda da Raparigas<br>Restaurante Serrazinza<br>Restaurante o Bigodes<br><strong>Benedita<\/strong>&nbsp;(desvio de 3 Km ida e volta)<br>Restaurante Costa Brava<br>Restaurante o Sobreiro<br>Taverna Frei Jo\u00e3o<br><strong>Turquel<\/strong>&nbsp;(desvio de 3 Km ida e volta)<br>Churrasqueira \u201cO Russo\u201d<br>Restaurante KM 88<br><strong>Alcoba\u00e7a&nbsp;<\/strong>(desvio de 22 Km ida e volta)<\/td><\/tr><tr><td><\/td><td><a href=\"https:\/\/viajarcomtempo.eu\/?page_id=1713\"><strong>Alcoba\u00e7a<\/strong><\/a><\/td><td><img decoding=\"async\" class=\"wp-image-1012\" style=\"width: 40px;\" src=\"https:\/\/viajarcomtempo.eu\/wp-content\/uploads\/2021\/03\/Km103-1.gif\" alt=\"\"><img loading=\"lazy\" decoding=\"async\" width=\"50\" height=\"67\" class=\"wp-image-1727\" style=\"width: 50px;\" src=\"https:\/\/viajarcomtempo.eu\/wp-content\/uploads\/2022\/03\/N1Km90.gif\" alt=\"\"><\/td><\/tr><tr><td><\/td><td><a href=\"https:\/\/viajarcomtempo.eu\/wp-content\/uploads\/2022\/03\/Alcobaca_PortoMos.pdf\" target=\"_blank\" rel=\"noreferrer noopener\"><strong>Percurso Alcoba\u00e7a &#8211; Porto de M\u00f3s<\/strong><\/a><\/td><td>Restaurante Estreia Tempero<br>Restaurante A Dulce<br>Restaurante Caf\u00e9 Sol Serra<\/td><\/tr><tr><td><\/td><td><strong><a href=\"https:\/\/viajarcomtempo.eu\/?page_id=1720\">Porto de M\u00f3s<\/a><\/strong><\/td><td><img loading=\"lazy\" decoding=\"async\" width=\"50\" height=\"68\" class=\"wp-image-1728\" style=\"width: 50px;\" src=\"https:\/\/viajarcomtempo.eu\/wp-content\/uploads\/2022\/03\/N1Km105.gif\" alt=\"\"><\/td><\/tr><tr><td><\/td><td><a href=\"https:\/\/viajarcomtempo.eu\/wp-content\/uploads\/2022\/03\/PortoMos_Batalha.pdf\" target=\"_blank\" rel=\"noreferrer noopener\"><strong>Percurso Porto de M\u00f3s &#8211; Batalha<\/strong> <\/a><\/td><td>Restaurante Dom Abade<br>Restaurante Mama a Bucha<br>Restaurante Ribs Steakhouse<br>Funda\u00e7\u00e3o Batalha de Aljubarrota<br>Capela de S\u00e3o Jorge<br>Residencial D. Nuno<br>Restaurante Taverna Atl\u00e2ntica<br>Hotel S\u00e3o Jorge<br>Restaurante Mosteiro do Leit\u00e3o<\/td><\/tr><tr><td><\/td><td><strong><a href=\"https:\/\/viajarcomtempo.eu\/?page_id=1742\">Batalha<\/a><\/strong> <\/td><td><img loading=\"lazy\" decoding=\"async\" width=\"50\" height=\"67\" class=\"wp-image-1729\" style=\"width: 50px;\" src=\"https:\/\/viajarcomtempo.eu\/wp-content\/uploads\/2022\/03\/N1Km122.gif\" alt=\"\"><\/td><\/tr><tr><td><\/td><td><strong><a href=\"https:\/\/viajarcomtempo.eu\/wp-content\/uploads\/2022\/04\/Batalha_Leiria.pdf\" target=\"_blank\" rel=\"noreferrer noopener\">Percurso Batalha &#8211; Leiria<\/a><\/strong><\/td><td>Restaurante Elsa &amp; Filomena<br>Restaurante A Rosa<br>Restaurante Arminda Ferreira Almeida Neto<br>Restaurante O Casar\u00e3o<\/td><\/tr><tr><td>2<\/td><td><strong><a href=\"https:\/\/viajarcomtempo.eu\/?page_id=1745\">Leiria<\/a><\/strong><\/td><td><img loading=\"lazy\" decoding=\"async\" width=\"50\" height=\"67\" class=\"wp-image-1730\" style=\"width: 50px;\" src=\"https:\/\/viajarcomtempo.eu\/wp-content\/uploads\/2022\/03\/N1Km132.gif\" alt=\"\"><\/td><\/tr><tr><td><\/td><td><a href=\"https:\/\/viajarcomtempo.eu\/wp-content\/uploads\/2022\/04\/Leiria_Pombal.pdf\" target=\"_blank\" rel=\"noreferrer noopener\"><strong>Percurso Leiria &#8211; Pombal<\/strong><\/a><\/td><td>Restaurante Aldeia do Leit\u00e3o<br>Restaurante Jo\u00e3o dos Leit\u00f5es<br>Restaurante H\u00e9lio dos Leit\u00f5es<br>Motel Avenue Pombal<br>Restaurante S\u00e3o Francisco<br>Restaurante Pinto<br>Hotel Casa do Viajante<br>Cervejaria Xarlie<\/td><\/tr><tr><td><\/td><td><a href=\"https:\/\/viajarcomtempo.eu\/?page_id=1760\"><strong>Pombal<\/strong><\/a><\/td><td><img loading=\"lazy\" decoding=\"async\" width=\"50\" height=\"68\" class=\"wp-image-1766\" style=\"width: 50px;\" src=\"https:\/\/viajarcomtempo.eu\/wp-content\/uploads\/2022\/03\/N1Km159.gif\" alt=\"\"><\/td><\/tr><tr><td><\/td><td><a href=\"https:\/\/viajarcomtempo.eu\/wp-content\/uploads\/2022\/04\/Pombal_Soure.pdf\" target=\"_blank\" rel=\"noreferrer noopener\"><strong>Percurso Pombal &#8211; Soure<\/strong><\/a><\/td><td>Restaurante O Manjar do Marqu\u00eas<br>Restaurante The Yard<br>Restaurante Silvares<br>Restaurante O Telhado<br>Restaurante O Abade<br>Motel Pantanal<br>Restaurante O Eucalipto<br>Restaurante Cruz de Cristo<br>Restaurante Maria do C\u00e9u<br>Restaurante Azul<br>Desvio para Soure pela N348 (desvio de 13 Km ida e volta)<\/td><\/tr><tr><td><\/td><td><a href=\"https:\/\/viajarcomtempo.eu\/?page_id=1771\"><strong>Soure <\/strong><\/a><\/td><td><img loading=\"lazy\" decoding=\"async\" width=\"50\" height=\"67\" class=\"wp-image-1955\" style=\"width: 50px;\" src=\"https:\/\/viajarcomtempo.eu\/wp-content\/uploads\/2022\/05\/N1Km165.gif\" alt=\"\"><\/td><\/tr><tr><td><\/td><td><a href=\"https:\/\/viajarcomtempo.eu\/wp-content\/uploads\/2022\/05\/Soure_Condeixa.pdf\" target=\"_blank\" rel=\"noreferrer noopener\"><strong>Percurso  Soure &#8211; Condeixa<\/strong><\/a><\/td><td>Restaurante Casa da J\u00falia<br>Restaurante Traditius<\/td><\/tr><tr><td><\/td><td><strong><a href=\"https:\/\/viajarcomtempo.eu\/?page_id=1776\">Condeixa<\/a><\/strong><\/td><td><img loading=\"lazy\" decoding=\"async\" width=\"50\" height=\"67\" class=\"wp-image-1956\" style=\"width: 50px;\" src=\"https:\/\/viajarcomtempo.eu\/wp-content\/uploads\/2022\/05\/N1Km177.gif\" alt=\"\"><\/td><\/tr><tr><td><\/td><td><a href=\"https:\/\/viajarcomtempo.eu\/wp-content\/uploads\/2022\/05\/Condeixa_Coimbra.pdf\" target=\"_blank\" rel=\"noreferrer noopener\"><strong>Percurso  Condeixa &#8211; Coimbra<\/strong><\/a><\/td><td>Restaurante Leit\u00e3o e Pastel de Nata<br>Restaurante O Pol\u00edcia<br>Restaurante O Magri\u00e7o<br>Churrascaria Brasa Quente<br>Jantesta Guest House<br>Churrascaria Braz\u00e3o 2000<\/td><\/tr><tr><td>3<\/td><td><strong><a href=\"https:\/\/viajarcomtempo.eu\/?page_id=1779\">Coimbra<\/a><\/strong><\/td><td><img loading=\"lazy\" decoding=\"async\" width=\"50\" height=\"68\" class=\"wp-image-1957\" style=\"width: 50px;\" src=\"https:\/\/viajarcomtempo.eu\/wp-content\/uploads\/2022\/05\/N1Km190.gif\" alt=\"\"><\/td><\/tr><tr><td><\/td><td><strong><a href=\"https:\/\/viajarcomtempo.eu\/wp-content\/uploads\/2022\/05\/Coimbra_Mealhada.pdf\" target=\"_blank\" rel=\"noreferrer noopener\">Percurso Coimbra- Mealhada<\/a><\/strong><\/td><td>Restaurante Manuel J\u00falio<br>Restaurante Hotel O V\u00edtor<\/td><\/tr><tr><td><\/td><td><a href=\"https:\/\/viajarcomtempo.eu\/?page_id=1790\"><strong>Mealhada <\/strong><\/a><\/td><td><img loading=\"lazy\" decoding=\"async\" width=\"50\" height=\"67\" class=\"wp-image-1958\" style=\"width: 50px;\" src=\"https:\/\/viajarcomtempo.eu\/wp-content\/uploads\/2022\/05\/N1Km210.gif\" alt=\"\"><\/td><\/tr><tr><td><\/td><td><strong><a href=\"https:\/\/viajarcomtempo.eu\/wp-content\/uploads\/2022\/05\/Mealhada_Anadia.pdf\" target=\"_blank\" rel=\"noreferrer noopener\">Percurso Mealhada &#8211; Anadia<\/a><\/strong><\/td><td>Restaurante O Rei dos Leit\u00f5es<br>Residencial Hil\u00e1rio<br>Quinta dos Tr\u00eas Pinheiros<br>Pedro dos Leit\u00f5es<br>Metinha dos Leit\u00f5es<br>Nova Casa dos Leit\u00f5es<br>Restaurante O Gavi\u00e3o<br>Restaurante O Sancho<br>Restaurante J. S. O Virg\u00edlio<br>Restaurante o Painel<br>Posto de Turismo, Termas da Curia e Hotel das Termas (desvio de 2 Km Ida e Volta)<br>Restaurante Pranxudos<br>Restaurante Dom Ferraz<\/td><\/tr><tr><td><\/td><td><strong><a href=\"https:\/\/viajarcomtempo.eu\/?page_id=1792\">Anadia<\/a><\/strong><\/td><td><img loading=\"lazy\" decoding=\"async\" width=\"50\" height=\"67\" class=\"wp-image-1959\" style=\"width: 50px;\" src=\"https:\/\/viajarcomtempo.eu\/wp-content\/uploads\/2022\/05\/N1Km216.gif\" alt=\"\"><\/td><\/tr><tr><td><\/td><td><strong><a href=\"https:\/\/viajarcomtempo.eu\/wp-content\/uploads\/2022\/05\/Anadia_Agueda.pdf\" target=\"_blank\" rel=\"noreferrer noopener\">Percurso Anadia- \u00c1gueda<\/a><\/strong><\/td><td>Restaurante Pompeu dos Frangos<br>Restaurante A Regional<br>Restaurante Casa Sargento<br>Restaurante Casa Queir\u00f3s<br>Restaurante Catorze 21<br>Restaurante Retiro do Lago<\/td><\/tr><tr><td><\/td><td><strong><a href=\"https:\/\/viajarcomtempo.eu\/?page_id=1794\">\u00c1gueda<\/a><\/strong><\/td><td><img loading=\"lazy\" decoding=\"async\" width=\"50\" height=\"68\" class=\"wp-image-1960\" style=\"width: 50px;\" src=\"https:\/\/viajarcomtempo.eu\/wp-content\/uploads\/2022\/05\/N1Km232.gif\" alt=\"\"><\/td><\/tr><tr><td><\/td><td><a href=\"https:\/\/viajarcomtempo.eu\/wp-content\/uploads\/2022\/05\/Agueda_Albergaria.pdf\" target=\"_blank\" rel=\"noreferrer noopener\"><strong>Percurso \u00c1gueda- Albergaria<\/strong><\/a><\/td><td>Residencial Castro<br>Restaurante Tr\u00eas Manos<br>Restaurante Casa Leonel<br>Restaurante Okapi<br>Restaurante As Cubatas<br>Hotel Alameda<\/td><\/tr><tr><td><\/td><td><strong><a href=\"https:\/\/viajarcomtempo.eu\/?page_id=1798\">Albergaria<\/a><\/strong> <\/td><td><img loading=\"lazy\" decoding=\"async\" width=\"50\" height=\"67\" class=\"wp-image-1961\" style=\"width: 50px;\" src=\"https:\/\/viajarcomtempo.eu\/wp-content\/uploads\/2022\/05\/N1Km247.gif\" alt=\"\"><\/td><\/tr><tr><td><\/td><td><a href=\"https:\/\/viajarcomtempo.eu\/wp-content\/uploads\/2022\/05\/Albergaria_OliveiraAzemeis.pdf\" target=\"_blank\" rel=\"noreferrer noopener\"><strong>Percurso Albergaria &#8211; Oliveira de Azem\u00e9is<\/strong><\/a><\/td><td>A Casa da Teresinha<br>Restaurante Serafim Baptista<br>Restaurante o Tacho pronto<br>Restaurante Jos\u00e9 Ant\u00f3nio Martins Gomes<\/td><\/tr><tr><td><\/td><td><strong><a href=\"https:\/\/viajarcomtempo.eu\/?page_id=1800\">Oliveira de Azem\u00e9is<\/a><\/strong><\/td><td><img loading=\"lazy\" decoding=\"async\" width=\"50\" height=\"68\" class=\"wp-image-1962\" style=\"width: 50px;\" src=\"https:\/\/viajarcomtempo.eu\/wp-content\/uploads\/2022\/05\/N1Km265.gif\" alt=\"\"><\/td><\/tr><tr><td><\/td><td><a href=\"https:\/\/viajarcomtempo.eu\/wp-content\/uploads\/2022\/05\/OliveiraAzemeis_SaoJoaoMadeira.pdf\" target=\"_blank\" rel=\"noreferrer noopener\"><strong>Percurso Oliveira de Azem\u00e9is &#8211; S\u00e3o Jo\u00e3o da Madeira<\/strong><\/a><\/td><td>Restaurante Barrocas<br>Novo Mil\u00e9nio Restaurante<br>Restaurante Resende dos Presuntos<br>Restaurante Z\u00e9 da Curva<\/td><\/tr><tr><td><\/td><td><strong><a href=\"https:\/\/viajarcomtempo.eu\/?page_id=1802\">S\u00e3o Jo\u00e3o da Madeira <\/a><\/strong><\/td><td><img loading=\"lazy\" decoding=\"async\" width=\"50\" height=\"64\" class=\"wp-image-1963\" style=\"width: 50px;\" src=\"https:\/\/viajarcomtempo.eu\/wp-content\/uploads\/2022\/05\/N1Km274.gif\" alt=\"\"><\/td><\/tr><tr><td><\/td><td><strong><a href=\"https:\/\/viajarcomtempo.eu\/wp-content\/uploads\/2022\/05\/SaoJoaoMadeira_Feira.pdf\" target=\"_blank\" rel=\"noreferrer noopener\">Percurso S\u00e3o jo\u00e3o da Madeira &#8211; Santa Maria da Feira<\/a><\/strong><\/td><td>Restaurante White<br>Restaurante Hippyes<br>Restaurante Nova Pra\u00e7a<br>Cruzamento com a N223 para Santa Maria da Feira<\/td><\/tr><tr><td>4<\/td><td><strong><a href=\"https:\/\/viajarcomtempo.eu\/?page_id=1802\"><br>Santa Maria da Feira<\/a><\/strong><\/td><td><img loading=\"lazy\" decoding=\"async\" width=\"50\" height=\"60\" class=\"wp-image-1964\" style=\"width: 50px;\" src=\"https:\/\/viajarcomtempo.eu\/wp-content\/uploads\/2022\/05\/N1Km277.gif\" alt=\"\"><\/td><\/tr><tr><td><\/td><td><strong><a href=\"https:\/\/viajarcomtempo.eu\/wp-content\/uploads\/2022\/05\/Feira_Gaia.pdf\" target=\"_blank\" rel=\"noreferrer noopener\">Percurso S<strong>anta Maria da Feir<\/strong>a &#8211; Vila Nova de Gaia<\/a><\/strong><\/td><td>Hotel Feira Pedra Bela<br>Restaurante Terra M\u00e3e<br>Restaurante O Bairradino dos Leit\u00f5es<br>Restaurante Didi<br>Restaurante O Migo<br>Restaurante Rampinha de Grij\u00f3<br>Restaurante 1715<br>Restaurante Atl\u00e2ntico<br>Restaurante Brazeiro de Grij\u00f3<br>Restaurante Cantinho de Argoncilhe<br>Restaurante O Tasco<br>Churrasqueira Solar de Grij\u00f3<br>Restaurante Ucha<br>Restaurante Salgueirinhos<br>Restaurante 5 Amigos<br>Restaurante Estrada Real<br>Restaurante Ta\u00ednha<br>Restaurante Enche Barriga<br>Restaurante Gato Bravo<br>Restaurante Tira a Rolha<br>Restaurante Jardim<br>Rotunda de acesso \u00e0 A1<\/td><\/tr><tr><td>5<\/td><td><strong><a href=\"https:\/\/viajarcomtempo.eu\/?page_id=1804\">Vila Nova de Gaia <\/a><\/strong><\/td><td><img loading=\"lazy\" decoding=\"async\" width=\"50\" height=\"68\" class=\"wp-image-1965\" style=\"width: 50px;\" src=\"https:\/\/viajarcomtempo.eu\/wp-content\/uploads\/2022\/05\/N1Km308.gif\" alt=\"\"><\/td><\/tr><tr><td><\/td><td><strong>Percurso Gaia &#8211; Porto<\/strong><\/td><td>O <strong>Porto <\/strong>fica do outro lado do rio, basta atravessar a ponte Dom Lu\u00eds e estamos na zona da <strong>Ribeira<\/strong>.<\/td><\/tr><tr><td><\/td><td><\/td><td>Visitar o Porto \u00e9, por si s\u00f3, um Roteiro para alguns dias, que costumo incluir noutro tipo de viagens &#8211; Ir, ficar, visitar, andar e apreciar os locais e a gastronomia t\u00edpica &#8211; que espero incluir mais tarde neste site.<\/td><\/tr><tr><td><\/td><td><strong>Porto<\/strong><\/td><td><img loading=\"lazy\" decoding=\"async\" width=\"50\" height=\"64\" class=\"wp-image-1972\" style=\"width: 50px;\" src=\"https:\/\/viajarcomtempo.eu\/wp-content\/uploads\/2022\/05\/N1Km313.gif\" alt=\"\"><\/td><\/tr><\/tbody><\/table><\/figure>\n\n\n\n<p class=\"wp-block-paragraph\"><\/p>\n\n\n\n<p class=\"wp-block-paragraph\"><\/p>\n\n\n\n<p class=\"wp-block-paragraph\"><a href=\"https:\/\/viajarcomtempo.eu\/?page_id=883\">Voltar \u21b5<\/a><\/p>\n","protected":false},"excerpt":{"rendered":"<p>Voltar \u21b5 Este \u00e9 um dos roteiros poss\u00edveis na l\u00f3gica de quem parte de zona centro e sul, para iniciar o percurso em Lisboa, em que \u00e9 recomendado aproveitar o facto de estar no Norte para visitar com mais detalhe os concelhos dessa regi\u00e3o ou mesmo aproveitar para alguns circuitos complementares nesses concelhos. Se por [&hellip;]<\/p>\n","protected":false},"author":1,"featured_media":0,"parent":0,"menu_order":0,"comment_status":"closed","ping_status":"closed","template":"","meta":{"_crdt_document":"","footnotes":""},"class_list":["post-1785","page","type-page","status-publish","hentry","eq-blocks"],"yoast_head":"<!-- This site is optimized with the Yoast SEO plugin v27.5 - https:\/\/yoast.com\/product\/yoast-seo-wordpress\/ -->\n<title>Roteiro da N1 Dia a Dia - Viajar Com Tempo<\/title>\n<meta name=\"robots\" content=\"index, follow, max-snippet:-1, max-image-preview:large, max-video-preview:-1\" \/>\n<link rel=\"canonical\" href=\"https:\/\/viajarcomtempo.eu\/?page_id=1785\" \/>\n<meta property=\"og:locale\" content=\"pt_PT\" \/>\n<meta property=\"og:type\" content=\"article\" \/>\n<meta property=\"og:title\" content=\"Roteiro da N1 Dia a Dia - Viajar Com Tempo\" \/>\n<meta property=\"og:description\" content=\"Voltar \u21b5 Este \u00e9 um dos roteiros poss\u00edveis na l\u00f3gica de quem parte de zona centro e sul, para iniciar o percurso em Lisboa, em que \u00e9 recomendado aproveitar o facto de estar no Norte para visitar com mais detalhe os concelhos dessa regi\u00e3o ou mesmo aproveitar para alguns circuitos complementares nesses concelhos. Se por [&hellip;]\" \/>\n<meta property=\"og:url\" content=\"https:\/\/viajarcomtempo.eu\/?page_id=1785\" \/>\n<meta property=\"og:site_name\" content=\"Viajar Com Tempo\" \/>\n<meta property=\"article:modified_time\" content=\"2022-05-15T15:29:53+00:00\" \/>\n<meta property=\"og:image\" content=\"https:\/\/viajarcomtempo.eu\/wp-content\/uploads\/2022\/03\/N1Km0.gif\" \/>\n<meta name=\"twitter:card\" content=\"summary_large_image\" \/>\n<meta name=\"twitter:label1\" content=\"Tempo estimado de leitura\" \/>\n\t<meta name=\"twitter:data1\" content=\"10 minutos\" \/>\n<script type=\"application\/ld+json\" class=\"yoast-schema-graph\">{\"@context\":\"https:\\\/\\\/schema.org\",\"@graph\":[{\"@type\":\"WebPage\",\"@id\":\"https:\\\/\\\/viajarcomtempo.eu\\\/?page_id=1785\",\"url\":\"https:\\\/\\\/viajarcomtempo.eu\\\/?page_id=1785\",\"name\":\"Roteiro da N1 Dia a Dia - Viajar Com Tempo\",\"isPartOf\":{\"@id\":\"https:\\\/\\\/viajarcomtempo.eu\\\/#website\"},\"primaryImageOfPage\":{\"@id\":\"https:\\\/\\\/viajarcomtempo.eu\\\/?page_id=1785#primaryimage\"},\"image\":{\"@id\":\"https:\\\/\\\/viajarcomtempo.eu\\\/?page_id=1785#primaryimage\"},\"thumbnailUrl\":\"https:\\\/\\\/viajarcomtempo.eu\\\/wp-content\\\/uploads\\\/2022\\\/03\\\/N1Km0.gif\",\"datePublished\":\"2022-03-24T18:53:27+00:00\",\"dateModified\":\"2022-05-15T15:29:53+00:00\",\"breadcrumb\":{\"@id\":\"https:\\\/\\\/viajarcomtempo.eu\\\/?page_id=1785#breadcrumb\"},\"inLanguage\":\"pt-PT\",\"potentialAction\":[{\"@type\":\"ReadAction\",\"target\":[\"https:\\\/\\\/viajarcomtempo.eu\\\/?page_id=1785\"]}]},{\"@type\":\"ImageObject\",\"inLanguage\":\"pt-PT\",\"@id\":\"https:\\\/\\\/viajarcomtempo.eu\\\/?page_id=1785#primaryimage\",\"url\":\"https:\\\/\\\/viajarcomtempo.eu\\\/wp-content\\\/uploads\\\/2022\\\/03\\\/N1Km0.gif\",\"contentUrl\":\"https:\\\/\\\/viajarcomtempo.eu\\\/wp-content\\\/uploads\\\/2022\\\/03\\\/N1Km0.gif\",\"width\":100,\"height\":133},{\"@type\":\"BreadcrumbList\",\"@id\":\"https:\\\/\\\/viajarcomtempo.eu\\\/?page_id=1785#breadcrumb\",\"itemListElement\":[{\"@type\":\"ListItem\",\"position\":1,\"name\":\"In\u00edcio\",\"item\":\"https:\\\/\\\/viajarcomtempo.eu\\\/\"},{\"@type\":\"ListItem\",\"position\":2,\"name\":\"Roteiro da N1 Dia a Dia\"}]},{\"@type\":\"WebSite\",\"@id\":\"https:\\\/\\\/viajarcomtempo.eu\\\/#website\",\"url\":\"https:\\\/\\\/viajarcomtempo.eu\\\/\",\"name\":\"Viajar Com Tempo\",\"description\":\"Roteiros para viajar sem pressa\",\"publisher\":{\"@id\":\"https:\\\/\\\/viajarcomtempo.eu\\\/#\\\/schema\\\/person\\\/2f6c8045b5e07d397d92d8e5cf7aee98\"},\"potentialAction\":[{\"@type\":\"SearchAction\",\"target\":{\"@type\":\"EntryPoint\",\"urlTemplate\":\"https:\\\/\\\/viajarcomtempo.eu\\\/?s={search_term_string}\"},\"query-input\":{\"@type\":\"PropertyValueSpecification\",\"valueRequired\":true,\"valueName\":\"search_term_string\"}}],\"inLanguage\":\"pt-PT\"},{\"@type\":[\"Person\",\"Organization\"],\"@id\":\"https:\\\/\\\/viajarcomtempo.eu\\\/#\\\/schema\\\/person\\\/2f6c8045b5e07d397d92d8e5cf7aee98\",\"name\":\"Jos\u00e9 Salvador\",\"logo\":{\"@id\":\"https:\\\/\\\/viajarcomtempo.eu\\\/#\\\/schema\\\/person\\\/image\\\/\"},\"sameAs\":[\"http:\\\/\\\/viajarcomtempo.eu\"]}]}<\/script>\n<!-- \/ Yoast SEO plugin. -->","yoast_head_json":{"title":"Roteiro da N1 Dia a Dia - Viajar Com Tempo","robots":{"index":"index","follow":"follow","max-snippet":"max-snippet:-1","max-image-preview":"max-image-preview:large","max-video-preview":"max-video-preview:-1"},"canonical":"https:\/\/viajarcomtempo.eu\/?page_id=1785","og_locale":"pt_PT","og_type":"article","og_title":"Roteiro da N1 Dia a Dia - Viajar Com Tempo","og_description":"Voltar \u21b5 Este \u00e9 um dos roteiros poss\u00edveis na l\u00f3gica de quem parte de zona centro e sul, para iniciar o percurso em Lisboa, em que \u00e9 recomendado aproveitar o facto de estar no Norte para visitar com mais detalhe os concelhos dessa regi\u00e3o ou mesmo aproveitar para alguns circuitos complementares nesses concelhos. Se por [&hellip;]","og_url":"https:\/\/viajarcomtempo.eu\/?page_id=1785","og_site_name":"Viajar Com Tempo","article_modified_time":"2022-05-15T15:29:53+00:00","og_image":[{"url":"https:\/\/viajarcomtempo.eu\/wp-content\/uploads\/2022\/03\/N1Km0.gif","type":"","width":"","height":""}],"twitter_card":"summary_large_image","twitter_misc":{"Tempo estimado de leitura":"10 minutos"},"schema":{"@context":"https:\/\/schema.org","@graph":[{"@type":"WebPage","@id":"https:\/\/viajarcomtempo.eu\/?page_id=1785","url":"https:\/\/viajarcomtempo.eu\/?page_id=1785","name":"Roteiro da N1 Dia a Dia - Viajar Com Tempo","isPartOf":{"@id":"https:\/\/viajarcomtempo.eu\/#website"},"primaryImageOfPage":{"@id":"https:\/\/viajarcomtempo.eu\/?page_id=1785#primaryimage"},"image":{"@id":"https:\/\/viajarcomtempo.eu\/?page_id=1785#primaryimage"},"thumbnailUrl":"https:\/\/viajarcomtempo.eu\/wp-content\/uploads\/2022\/03\/N1Km0.gif","datePublished":"2022-03-24T18:53:27+00:00","dateModified":"2022-05-15T15:29:53+00:00","breadcrumb":{"@id":"https:\/\/viajarcomtempo.eu\/?page_id=1785#breadcrumb"},"inLanguage":"pt-PT","potentialAction":[{"@type":"ReadAction","target":["https:\/\/viajarcomtempo.eu\/?page_id=1785"]}]},{"@type":"ImageObject","inLanguage":"pt-PT","@id":"https:\/\/viajarcomtempo.eu\/?page_id=1785#primaryimage","url":"https:\/\/viajarcomtempo.eu\/wp-content\/uploads\/2022\/03\/N1Km0.gif","contentUrl":"https:\/\/viajarcomtempo.eu\/wp-content\/uploads\/2022\/03\/N1Km0.gif","width":100,"height":133},{"@type":"BreadcrumbList","@id":"https:\/\/viajarcomtempo.eu\/?page_id=1785#breadcrumb","itemListElement":[{"@type":"ListItem","position":1,"name":"In\u00edcio","item":"https:\/\/viajarcomtempo.eu\/"},{"@type":"ListItem","position":2,"name":"Roteiro da N1 Dia a Dia"}]},{"@type":"WebSite","@id":"https:\/\/viajarcomtempo.eu\/#website","url":"https:\/\/viajarcomtempo.eu\/","name":"Viajar Com Tempo","description":"Roteiros para viajar sem pressa","publisher":{"@id":"https:\/\/viajarcomtempo.eu\/#\/schema\/person\/2f6c8045b5e07d397d92d8e5cf7aee98"},"potentialAction":[{"@type":"SearchAction","target":{"@type":"EntryPoint","urlTemplate":"https:\/\/viajarcomtempo.eu\/?s={search_term_string}"},"query-input":{"@type":"PropertyValueSpecification","valueRequired":true,"valueName":"search_term_string"}}],"inLanguage":"pt-PT"},{"@type":["Person","Organization"],"@id":"https:\/\/viajarcomtempo.eu\/#\/schema\/person\/2f6c8045b5e07d397d92d8e5cf7aee98","name":"Jos\u00e9 Salvador","logo":{"@id":"https:\/\/viajarcomtempo.eu\/#\/schema\/person\/image\/"},"sameAs":["http:\/\/viajarcomtempo.eu"]}]}},"_links":{"self":[{"href":"https:\/\/viajarcomtempo.eu\/index.php?rest_route=\/wp\/v2\/pages\/1785","targetHints":{"allow":["GET"]}}],"collection":[{"href":"https:\/\/viajarcomtempo.eu\/index.php?rest_route=\/wp\/v2\/pages"}],"about":[{"href":"https:\/\/viajarcomtempo.eu\/index.php?rest_route=\/wp\/v2\/types\/page"}],"author":[{"embeddable":true,"href":"https:\/\/viajarcomtempo.eu\/index.php?rest_route=\/wp\/v2\/users\/1"}],"replies":[{"embeddable":true,"href":"https:\/\/viajarcomtempo.eu\/index.php?rest_route=%2Fwp%2Fv2%2Fcomments&post=1785"}],"version-history":[{"count":30,"href":"https:\/\/viajarcomtempo.eu\/index.php?rest_route=\/wp\/v2\/pages\/1785\/revisions"}],"predecessor-version":[{"id":2039,"href":"https:\/\/viajarcomtempo.eu\/index.php?rest_route=\/wp\/v2\/pages\/1785\/revisions\/2039"}],"wp:attachment":[{"href":"https:\/\/viajarcomtempo.eu\/index.php?rest_route=%2Fwp%2Fv2%2Fmedia&parent=1785"}],"curies":[{"name":"wp","href":"https:\/\/api.w.org\/{rel}","templated":true}]}}