{"id":2280,"date":"2023-08-23T18:36:07","date_gmt":"2023-08-23T18:36:07","guid":{"rendered":"https:\/\/viajarcomtempo.eu\/?page_id=2280"},"modified":"2024-03-03T16:58:07","modified_gmt":"2024-03-03T16:58:07","slug":"n2diaadia-2-2","status":"publish","type":"page","link":"https:\/\/viajarcomtempo.eu\/?page_id=2280","title":{"rendered":"Roteiro da N222 Dia a Dia"},"content":{"rendered":"\n<p class=\"has-medium-font-size wp-block-paragraph\"><a href=\"https:\/\/viajarcomtempo.eu\/?page_id=2367\">Voltar \u21b5<\/a><\/p>\n\n\n\n<p class=\"wp-block-paragraph\">Neste roteiro pela Estrada Nacional 222, repartimos o percurso ao longo de 4 dias. \u00c9 apenas a nossa previs\u00e3o para uma viagem sem grandes pressas, 78 km no primeiro dia, 49 no segundo, 40 no terceiro e 59 no quarto.<\/p>\n\n\n\n<p class=\"wp-block-paragraph\">Esta escolha \u00e9 determinada pela vontade de visitar, mais demoradamente, alguns locais, almo\u00e7ar ou jantar num restaurante,  ou de dormir em determinado alojamento. \u00c9 a nossa op\u00e7\u00e3o para aproveitar o facto de estar nesta regi\u00e3o. Fa\u00e7a o seu pr\u00f3prio roteiro mas se n\u00e3o cumprir ou se ultrapassar o previsto reorganize e continue. Mas lembre-se, sem pressas, est\u00e1 a <strong><em>viajar com tempo.<\/em><\/strong><\/p>\n\n\n\n<figure class=\"wp-block-table is-style-stripes\"><table><thead><tr><th>Dia <\/th><th>   Ver Detalhe <\/th><th><strong>Ponto de Interesse<\/strong><\/th><\/tr><\/thead><tbody><tr><td>  <strong>1  <\/strong><\/td><td><a href=\"https:\/\/viajarcomtempo.eu\/?page_id=1804\">Gaia<\/a><\/td><td><a href=\"https:\/\/viajarcomtempo.eu\/?page_id=1804\"><img loading=\"lazy\" decoding=\"async\" width=\"50\" height=\"67\" class=\"wp-image-2286\" style=\"width: 50px;\" src=\"https:\/\/viajarcomtempo.eu\/wp-content\/uploads\/2023\/08\/N222Km0-1.gif\" alt=\"\"><\/a><\/td><\/tr><tr><td><\/td><td><strong><a href=\"https:\/\/viajarcomtempo.eu\/wp-content\/uploads\/2023\/08\/Gaia_Feira.pdf\" target=\"_blank\" rel=\"noreferrer noopener\">Percurso Gaia &#8211; Santa Maria da Feira<\/a><\/strong><\/td><td>Parque Biol\u00f3gico de Gaia<br>Zoo de Santo In\u00e1cio<br>Restaurante Magina\u2019s<br>Restaurante Adega da Lila<br>Restaurante Parquibrasa<br>Restaurante Aiq3 Tapas<br>Parque de Merendas de S\u00e1<br>Restaurante Quim da Rampinha<br>Restaurante Churrascaria Meia Pipa<\/td><\/tr><tr><td><\/td><td><strong><a href=\"https:\/\/viajarcomtempo.eu\/?page_id=1802\">Santa Maria da Feira<\/a><\/strong><\/td><td><a href=\"https:\/\/viajarcomtempo.eu\/?page_id=1802\"><img loading=\"lazy\" decoding=\"async\" width=\"50\" height=\"68\" class=\"wp-image-2298\" style=\"width: 50px;\" src=\"https:\/\/viajarcomtempo.eu\/wp-content\/uploads\/2023\/08\/N222Km22.gif\" alt=\"\"><\/a><\/td><\/tr><tr><td><\/td><td><strong><a href=\"https:\/\/viajarcomtempo.eu\/wp-content\/uploads\/2023\/08\/Feira_Gondomar.pdf\" target=\"_blank\" rel=\"noreferrer noopener\">Percurso Santa Maria da Feira- Gondomar<\/a><\/strong><\/td><td>Restaurante Romana<br>Restaurante Mosteiro da Vila<br>Zona ribeirinha e Passadi\u00e7os do Inha<br>Restaurante Dom Vicente<br>Miradouro da Lomba<br>Padaria e Pastelaria Ref\u00fagio Su\u00ed\u00e7o<\/td><\/tr><tr><td><\/td><td><strong><a href=\"https:\/\/viajarcomtempo.eu\/?page_id=2309\">Gondomar<\/a><\/strong><\/td><td><a href=\"https:\/\/viajarcomtempo.eu\/?page_id=2309\"><img loading=\"lazy\" decoding=\"async\" width=\"50\" height=\"68\" class=\"wp-image-2299\" style=\"width: 50px;\" src=\"https:\/\/viajarcomtempo.eu\/wp-content\/uploads\/2023\/08\/N222Km28.gif\" alt=\"\"><\/a><\/td><\/tr><tr><td><\/td><td><a href=\"https:\/\/viajarcomtempo.eu\/wp-content\/uploads\/2023\/08\/Gondomar_CasteloPaiva.pdf\" target=\"_blank\" rel=\"noreferrer noopener\"><strong>Percurso Gondomar &#8211; Castelo de Paiva<\/strong><\/a><\/td><td>Praias Fluviais &#8211; Praia Fluvial do Pedorido e \u201cPraia\u201d de relvado nas margens do rio com zona de banhos e remo, e bancas concessionadas.<br>Octant Hotels Douro.<br>Arrabia Guest Houses &#8211; Glamping<br>As Ramadinhas &#8211; Caf\u00e9, Restaurante, em Santa Maria Sardoura<\/td><\/tr><tr><td><\/td><td><a href=\"https:\/\/viajarcomtempo.eu\/?page_id=2317\"><strong>Castelo de Paiva<\/strong><\/a><\/td><td><a href=\"https:\/\/viajarcomtempo.eu\/?page_id=2317\"><img loading=\"lazy\" decoding=\"async\" width=\"50\" height=\"65\" class=\"wp-image-2300\" style=\"width: 50px;\" src=\"https:\/\/viajarcomtempo.eu\/wp-content\/uploads\/2023\/08\/N222Km49.gif\" alt=\"\"><\/a><\/td><\/tr><tr><td><\/td><td><a href=\"https:\/\/viajarcomtempo.eu\/wp-content\/uploads\/2023\/09\/CasteloPaiva_Cinfaes.pdf\" target=\"_blank\" rel=\"noreferrer noopener\"><strong>Percurso Castelo de Paiva &#8211; Cinf\u00e3es<\/strong><\/a><\/td><td>Crasto Payva Douro Nature, Turismo Rural;<br>Costeira Douro, alojamento tur\u00edstico;<br>Parque de Autocaravanismo de Souselo;<br>Parque Merendas de Escamar\u00e3o;<br>Churrasqueira Casa de Pasto;<br>Restaurante Encosta do Ameal;<br>Casa Santo Ant\u00f3nio da Lameira, Espadanedo;<br>Churrasqueira Caf\u00e9 Restaurante Ponto De Encontro;<br>Casa do Espadanal Guest House.<\/td><\/tr><tr><td>2<\/td><td><strong><a href=\"https:\/\/viajarcomtempo.eu\/?page_id=2337\">Cinf\u00e3es<\/a><\/strong><\/td><td><img loading=\"lazy\" decoding=\"async\" width=\"50\" height=\"67\" class=\"wp-image-2358\" style=\"width: 50px;\" src=\"https:\/\/viajarcomtempo.eu\/wp-content\/uploads\/2023\/09\/N222Km78.gif\" alt=\"\"><\/td><\/tr><tr><td><\/td><td><strong><strong><a href=\"https:\/\/viajarcomtempo.eu\/wp-content\/uploads\/2023\/09\/Cinfaes_Resende.pdf\" target=\"_blank\" rel=\"noreferrer noopener\">Percurso Cinf\u00e3es  &#8211; Resende<\/a><\/strong><\/strong><\/td><td>Miradouro da foz do Bestan\u00e7a;<br>Quinta do Freixieiro;<br>Baloi\u00e7o da Ponte;<br>Ponte de Pias;<br>Parque de Lazer de Pias;<br>Centro de Interpreta\u00e7\u00e3o do Vale do Bestan\u00e7a;<br>Centro de Interpreta\u00e7\u00e3o do Vale do Bestan\u00e7a;<br>Baloi\u00e7o do Bestan\u00e7a;<br>Douro Hotel Porto Antigo;<br>Miradouro da Carregosa;<br>Parque de Merendas da Trincheira;<br>Miradouro da Trincheira;<br>Casa Quinta da Cal\u00e7ada;<br>Vista panor\u00e2mica para o Douro;<br>Ponte do Cabrum;<br>Douro Marina Hotel &amp; SPA;<br>Restaurante Das Caldas;<br>Alojamento das Caldas;<br>Termas das Caldas de Aregos;<br>Hotel Com\u00e9rcio.<\/td><\/tr><tr><td><\/td><td><a href=\"https:\/\/viajarcomtempo.eu\/?page_id=2380\"><strong>Resende<\/strong><\/a><\/td><td><img decoding=\"async\" class=\"wp-image-1012\" style=\"width: 40px;\" src=\"https:\/\/viajarcomtempo.eu\/wp-content\/uploads\/2021\/03\/Km103-1.gif\" alt=\"\"><img loading=\"lazy\" decoding=\"async\" width=\"50\" height=\"67\" class=\"wp-image-2359\" style=\"width: 50px;\" src=\"https:\/\/viajarcomtempo.eu\/wp-content\/uploads\/2023\/09\/N222Km100.gif\" alt=\"\"><\/td><\/tr><tr><td><\/td><td><a href=\"https:\/\/viajarcomtempo.eu\/wp-content\/uploads\/2023\/10\/Resende_Lamego.pdf\" target=\"_blank\" rel=\"noreferrer noopener\"><strong>Percurso Resende &#8211; Lamego<\/strong><\/a><\/td><td>Toca Dos Petiscos<br>Casa da Obra <strong>(<\/strong>AL<strong>)<\/strong><br>Casa da Eira&nbsp;(AL)<br>Casa do Lagar (AL)<br>Moinho do Ribeiro dos Moinhos<br>Convento De Jesus, Marie e Jos\u00e9<br>Quinta do Pombal<br>Delfim Douro Hotel<br>Douro Valley &#8211; Casa Vale do Douro<br>Casa dos Varais<br>Hotel Vila Gal\u00e9 Collection Douro<\/td><\/tr><tr><td>3<\/td><td><strong><a href=\"https:\/\/viajarcomtempo.eu\/?page_id=1029\">Lamego<\/a><\/strong><\/td><td><img loading=\"lazy\" decoding=\"async\" width=\"50\" height=\"68\" class=\"wp-image-2420\" style=\"width: 50px;\" src=\"https:\/\/viajarcomtempo.eu\/wp-content\/uploads\/2023\/10\/N222Km127.gif\" alt=\"\"><\/td><\/tr><tr><td><\/td><td><a href=\"https:\/\/viajarcomtempo.eu\/wp-content\/uploads\/2023\/10\/Lamego_Armamar.pdf\" target=\"_blank\" rel=\"noreferrer noopener\"><strong>Percurso Lamego &#8211; Armamar<\/strong><\/a><\/td><td>Eclusa da Barragem da R\u00e9gua<br>Cais De Baga\u00faste<br>DOC &#8211; Chef Rui Paula,<br>Hotel Folgosa Douro<br>Quinta Da Azenha Turismo Rural<br>Tom\u00e1s Barqueiro Bed And Breakfast<\/td><\/tr><tr><td><\/td><td><a href=\"https:\/\/viajarcomtempo.eu\/?page_id=2384\"><strong>Armamar<\/strong><\/a><\/td><td><img loading=\"lazy\" decoding=\"async\" width=\"50\" height=\"67\" class=\"wp-image-2421\" style=\"width: 50px;\" src=\"https:\/\/viajarcomtempo.eu\/wp-content\/uploads\/2023\/10\/N222Km140.gif\" alt=\"\"><\/td><\/tr><tr><td><\/td><td><a href=\"https:\/\/viajarcomtempo.eu\/wp-content\/uploads\/2023\/10\/Armamar_Tabuaco.pdf\" target=\"_blank\" rel=\"noreferrer noopener\"><strong>Percurso Armamar &#8211; Tabua\u00e7o<\/strong><\/a><\/td><td>Quinta de S\u00e3o Lu\u00eds (Produtor Vin\u00edcola)<br>Restaurante Casa dos Peixinhos<br>Quinta da Carolina (Produtor Vin\u00edcola<br>Quinta do Espinho (Produto<br>Foz do T\u00e1vora Bar<br>Quinta do Espinho (Produtor Vin\u00edcola e Alojamento)<br>Marina Foz do T\u00e1vora<br>Hotel Rural Quinta do P\u00e9go<br>Miradouro do P\u00e9go<\/td><\/tr><tr><td><\/td><td><a href=\"https:\/\/viajarcomtempo.eu\/?page_id=2386\"><strong>Tabua\u00e7o<\/strong><\/a><\/td><td><img loading=\"lazy\" decoding=\"async\" width=\"50\" height=\"67\" class=\"wp-image-2422\" style=\"width: 50px;\" src=\"https:\/\/viajarcomtempo.eu\/wp-content\/uploads\/2023\/10\/N222Km149.gif\" alt=\"\"><\/td><\/tr><tr><td><\/td><td><a href=\"https:\/\/viajarcomtempo.eu\/wp-content\/uploads\/2023\/10\/Tabuaco_SaoJoaoPesqueira.pdf\" target=\"_blank\" rel=\"noreferrer noopener\"><strong>Percurso Tabua\u00e7o &#8211; S\u00e3o Jo\u00e3o da Pesqueira<\/strong><\/a><\/td><td>Miradouros de Casais do Douro<br>Ventozelo Hotel &amp; Quinta<br>Miradouro da Estrada Nacional 222<br>Miradouro da Abilheira<br>Restaurante Ervedosa Do Douro<br>Restaurante Costa Verde<br>Restaurante Toca da Raposa<br>Restaurante Pesqueirense<br>Museu do Vinho de S. Jo\u00e3o da Pesqueira<\/td><\/tr><tr><td>4<\/td><td><a href=\"https:\/\/viajarcomtempo.eu\/?page_id=2388\"><strong>S\u00e3o Jo\u00e3o da Pesqueira<\/strong><\/a><\/td><td><img loading=\"lazy\" decoding=\"async\" width=\"50\" height=\"68\" class=\"wp-image-2423\" style=\"width: 50px;\" src=\"https:\/\/viajarcomtempo.eu\/wp-content\/uploads\/2023\/10\/N222Km167.gif\" alt=\"\"><\/td><\/tr><tr><td><\/td><td><a href=\"https:\/\/viajarcomtempo.eu\/wp-content\/uploads\/2024\/01\/SaoJoaoPesqueira_VilaNovaFozCoa.pdf\" target=\"_blank\" rel=\"noreferrer noopener\"><strong>Percurso S\u00e3o Jo\u00e3o da Pesqueira &#8211; Vila Nova de Foz C\u00f4a<\/strong><\/a><\/td><td>Quinta de Nogueira &#8211; Loja de artigos de vinicultura<br>Restaurante &#8220;O Sobreiro&#8221;<br>Miradouro de Horta do Douro<br>Restaurante Solar Da Teja<br>Quinita Restaurante e Alojamento<br>Hospedaria Mirateja<br>Restaurante Pizzaria Santo Amaro<\/td><\/tr><tr><td><\/td><td><strong><a href=\"https:\/\/viajarcomtempo.eu\/?page_id=2390\">Vila Nova de Foz C\u00f4a<\/a><\/strong><\/td><td><img loading=\"lazy\" decoding=\"async\" width=\"50\" height=\"67\" class=\"wp-image-2424\" style=\"width: 50px;\" src=\"https:\/\/viajarcomtempo.eu\/wp-content\/uploads\/2023\/10\/N222Km209.gif\" alt=\"\"><\/td><\/tr><tr><td><\/td><td><\/td><td><strong>Vista Panor\u00e2mica de Castelo Melhor<\/strong><br><strong>Final da Estrada Nacional 222<\/strong><\/td><\/tr><tr><td><\/td><td><strong><br>Almendra<\/strong><br><\/td><td><img loading=\"lazy\" decoding=\"async\" width=\"50\" height=\"67\" class=\"wp-image-2425\" style=\"width: 50px;\" src=\"https:\/\/viajarcomtempo.eu\/wp-content\/uploads\/2023\/10\/N222Km226.gif\" alt=\"\"><\/td><\/tr><tr><td><\/td><td><\/td><td><\/td><\/tr><\/tbody><\/table><\/figure>\n\n\n\n<p class=\"wp-block-paragraph\"><\/p>\n\n\n\n<p class=\"wp-block-paragraph\"><\/p>\n\n\n\n<p class=\"wp-block-paragraph\"><\/p>\n\n\n\n<p class=\"wp-block-paragraph\"><a href=\"https:\/\/viajarcomtempo.eu\/?page_id=2367\">Voltar \u21b5<\/a><\/p>\n","protected":false},"excerpt":{"rendered":"<p>Voltar \u21b5 Neste roteiro pela Estrada Nacional 222, repartimos o percurso ao longo de 4 dias. \u00c9 apenas a nossa previs\u00e3o para uma viagem sem grandes pressas, 78 km no primeiro dia, 49 no segundo, 40 no terceiro e 59 no quarto. Esta escolha \u00e9 determinada pela vontade de visitar, mais demoradamente, alguns locais, almo\u00e7ar [&hellip;]<\/p>\n","protected":false},"author":1,"featured_media":0,"parent":0,"menu_order":0,"comment_status":"closed","ping_status":"closed","template":"","meta":{"_crdt_document":"","footnotes":""},"class_list":["post-2280","page","type-page","status-publish","hentry","eq-blocks"],"yoast_head":"<!-- This site is optimized with the Yoast SEO plugin v27.5 - https:\/\/yoast.com\/product\/yoast-seo-wordpress\/ -->\n<title>Roteiro da N222 Dia a Dia - Viajar Com Tempo<\/title>\n<meta name=\"robots\" content=\"index, follow, max-snippet:-1, max-image-preview:large, max-video-preview:-1\" \/>\n<link rel=\"canonical\" href=\"https:\/\/viajarcomtempo.eu\/?page_id=2280\" \/>\n<meta property=\"og:locale\" content=\"pt_PT\" \/>\n<meta property=\"og:type\" content=\"article\" \/>\n<meta property=\"og:title\" content=\"Roteiro da N222 Dia a Dia - Viajar Com Tempo\" \/>\n<meta property=\"og:description\" content=\"Voltar \u21b5 Neste roteiro pela Estrada Nacional 222, repartimos o percurso ao longo de 4 dias. \u00c9 apenas a nossa previs\u00e3o para uma viagem sem grandes pressas, 78 km no primeiro dia, 49 no segundo, 40 no terceiro e 59 no quarto. Esta escolha \u00e9 determinada pela vontade de visitar, mais demoradamente, alguns locais, almo\u00e7ar [&hellip;]\" \/>\n<meta property=\"og:url\" content=\"https:\/\/viajarcomtempo.eu\/?page_id=2280\" \/>\n<meta property=\"og:site_name\" content=\"Viajar Com Tempo\" \/>\n<meta property=\"article:modified_time\" content=\"2024-03-03T16:58:07+00:00\" \/>\n<meta property=\"og:image\" content=\"https:\/\/viajarcomtempo.eu\/wp-content\/uploads\/2023\/08\/N222Km0-1.gif\" \/>\n<meta name=\"twitter:card\" content=\"summary_large_image\" \/>\n<meta name=\"twitter:label1\" content=\"Tempo estimado de leitura\" \/>\n\t<meta name=\"twitter:data1\" content=\"3 minutos\" \/>\n<script type=\"application\/ld+json\" class=\"yoast-schema-graph\">{\"@context\":\"https:\\\/\\\/schema.org\",\"@graph\":[{\"@type\":\"WebPage\",\"@id\":\"https:\\\/\\\/viajarcomtempo.eu\\\/?page_id=2280\",\"url\":\"https:\\\/\\\/viajarcomtempo.eu\\\/?page_id=2280\",\"name\":\"Roteiro da N222 Dia a Dia - Viajar Com Tempo\",\"isPartOf\":{\"@id\":\"https:\\\/\\\/viajarcomtempo.eu\\\/#website\"},\"primaryImageOfPage\":{\"@id\":\"https:\\\/\\\/viajarcomtempo.eu\\\/?page_id=2280#primaryimage\"},\"image\":{\"@id\":\"https:\\\/\\\/viajarcomtempo.eu\\\/?page_id=2280#primaryimage\"},\"thumbnailUrl\":\"https:\\\/\\\/viajarcomtempo.eu\\\/wp-content\\\/uploads\\\/2023\\\/08\\\/N222Km0-1.gif\",\"datePublished\":\"2023-08-23T18:36:07+00:00\",\"dateModified\":\"2024-03-03T16:58:07+00:00\",\"breadcrumb\":{\"@id\":\"https:\\\/\\\/viajarcomtempo.eu\\\/?page_id=2280#breadcrumb\"},\"inLanguage\":\"pt-PT\",\"potentialAction\":[{\"@type\":\"ReadAction\",\"target\":[\"https:\\\/\\\/viajarcomtempo.eu\\\/?page_id=2280\"]}]},{\"@type\":\"ImageObject\",\"inLanguage\":\"pt-PT\",\"@id\":\"https:\\\/\\\/viajarcomtempo.eu\\\/?page_id=2280#primaryimage\",\"url\":\"https:\\\/\\\/viajarcomtempo.eu\\\/wp-content\\\/uploads\\\/2023\\\/08\\\/N222Km0-1.gif\",\"contentUrl\":\"https:\\\/\\\/viajarcomtempo.eu\\\/wp-content\\\/uploads\\\/2023\\\/08\\\/N222Km0-1.gif\",\"width\":100,\"height\":133},{\"@type\":\"BreadcrumbList\",\"@id\":\"https:\\\/\\\/viajarcomtempo.eu\\\/?page_id=2280#breadcrumb\",\"itemListElement\":[{\"@type\":\"ListItem\",\"position\":1,\"name\":\"In\u00edcio\",\"item\":\"https:\\\/\\\/viajarcomtempo.eu\\\/\"},{\"@type\":\"ListItem\",\"position\":2,\"name\":\"Roteiro da N222 Dia a Dia\"}]},{\"@type\":\"WebSite\",\"@id\":\"https:\\\/\\\/viajarcomtempo.eu\\\/#website\",\"url\":\"https:\\\/\\\/viajarcomtempo.eu\\\/\",\"name\":\"Viajar Com Tempo\",\"description\":\"Roteiros para viajar sem pressa\",\"publisher\":{\"@id\":\"https:\\\/\\\/viajarcomtempo.eu\\\/#\\\/schema\\\/person\\\/2f6c8045b5e07d397d92d8e5cf7aee98\"},\"potentialAction\":[{\"@type\":\"SearchAction\",\"target\":{\"@type\":\"EntryPoint\",\"urlTemplate\":\"https:\\\/\\\/viajarcomtempo.eu\\\/?s={search_term_string}\"},\"query-input\":{\"@type\":\"PropertyValueSpecification\",\"valueRequired\":true,\"valueName\":\"search_term_string\"}}],\"inLanguage\":\"pt-PT\"},{\"@type\":[\"Person\",\"Organization\"],\"@id\":\"https:\\\/\\\/viajarcomtempo.eu\\\/#\\\/schema\\\/person\\\/2f6c8045b5e07d397d92d8e5cf7aee98\",\"name\":\"Jos\u00e9 Salvador\",\"logo\":{\"@id\":\"https:\\\/\\\/viajarcomtempo.eu\\\/#\\\/schema\\\/person\\\/image\\\/\"},\"sameAs\":[\"http:\\\/\\\/viajarcomtempo.eu\"]}]}<\/script>\n<!-- \/ Yoast SEO plugin. -->","yoast_head_json":{"title":"Roteiro da N222 Dia a Dia - Viajar Com Tempo","robots":{"index":"index","follow":"follow","max-snippet":"max-snippet:-1","max-image-preview":"max-image-preview:large","max-video-preview":"max-video-preview:-1"},"canonical":"https:\/\/viajarcomtempo.eu\/?page_id=2280","og_locale":"pt_PT","og_type":"article","og_title":"Roteiro da N222 Dia a Dia - Viajar Com Tempo","og_description":"Voltar \u21b5 Neste roteiro pela Estrada Nacional 222, repartimos o percurso ao longo de 4 dias. \u00c9 apenas a nossa previs\u00e3o para uma viagem sem grandes pressas, 78 km no primeiro dia, 49 no segundo, 40 no terceiro e 59 no quarto. Esta escolha \u00e9 determinada pela vontade de visitar, mais demoradamente, alguns locais, almo\u00e7ar [&hellip;]","og_url":"https:\/\/viajarcomtempo.eu\/?page_id=2280","og_site_name":"Viajar Com Tempo","article_modified_time":"2024-03-03T16:58:07+00:00","og_image":[{"url":"https:\/\/viajarcomtempo.eu\/wp-content\/uploads\/2023\/08\/N222Km0-1.gif","type":"","width":"","height":""}],"twitter_card":"summary_large_image","twitter_misc":{"Tempo estimado de leitura":"3 minutos"},"schema":{"@context":"https:\/\/schema.org","@graph":[{"@type":"WebPage","@id":"https:\/\/viajarcomtempo.eu\/?page_id=2280","url":"https:\/\/viajarcomtempo.eu\/?page_id=2280","name":"Roteiro da N222 Dia a Dia - Viajar Com Tempo","isPartOf":{"@id":"https:\/\/viajarcomtempo.eu\/#website"},"primaryImageOfPage":{"@id":"https:\/\/viajarcomtempo.eu\/?page_id=2280#primaryimage"},"image":{"@id":"https:\/\/viajarcomtempo.eu\/?page_id=2280#primaryimage"},"thumbnailUrl":"https:\/\/viajarcomtempo.eu\/wp-content\/uploads\/2023\/08\/N222Km0-1.gif","datePublished":"2023-08-23T18:36:07+00:00","dateModified":"2024-03-03T16:58:07+00:00","breadcrumb":{"@id":"https:\/\/viajarcomtempo.eu\/?page_id=2280#breadcrumb"},"inLanguage":"pt-PT","potentialAction":[{"@type":"ReadAction","target":["https:\/\/viajarcomtempo.eu\/?page_id=2280"]}]},{"@type":"ImageObject","inLanguage":"pt-PT","@id":"https:\/\/viajarcomtempo.eu\/?page_id=2280#primaryimage","url":"https:\/\/viajarcomtempo.eu\/wp-content\/uploads\/2023\/08\/N222Km0-1.gif","contentUrl":"https:\/\/viajarcomtempo.eu\/wp-content\/uploads\/2023\/08\/N222Km0-1.gif","width":100,"height":133},{"@type":"BreadcrumbList","@id":"https:\/\/viajarcomtempo.eu\/?page_id=2280#breadcrumb","itemListElement":[{"@type":"ListItem","position":1,"name":"In\u00edcio","item":"https:\/\/viajarcomtempo.eu\/"},{"@type":"ListItem","position":2,"name":"Roteiro da N222 Dia a Dia"}]},{"@type":"WebSite","@id":"https:\/\/viajarcomtempo.eu\/#website","url":"https:\/\/viajarcomtempo.eu\/","name":"Viajar Com Tempo","description":"Roteiros para viajar sem pressa","publisher":{"@id":"https:\/\/viajarcomtempo.eu\/#\/schema\/person\/2f6c8045b5e07d397d92d8e5cf7aee98"},"potentialAction":[{"@type":"SearchAction","target":{"@type":"EntryPoint","urlTemplate":"https:\/\/viajarcomtempo.eu\/?s={search_term_string}"},"query-input":{"@type":"PropertyValueSpecification","valueRequired":true,"valueName":"search_term_string"}}],"inLanguage":"pt-PT"},{"@type":["Person","Organization"],"@id":"https:\/\/viajarcomtempo.eu\/#\/schema\/person\/2f6c8045b5e07d397d92d8e5cf7aee98","name":"Jos\u00e9 Salvador","logo":{"@id":"https:\/\/viajarcomtempo.eu\/#\/schema\/person\/image\/"},"sameAs":["http:\/\/viajarcomtempo.eu"]}]}},"_links":{"self":[{"href":"https:\/\/viajarcomtempo.eu\/index.php?rest_route=\/wp\/v2\/pages\/2280","targetHints":{"allow":["GET"]}}],"collection":[{"href":"https:\/\/viajarcomtempo.eu\/index.php?rest_route=\/wp\/v2\/pages"}],"about":[{"href":"https:\/\/viajarcomtempo.eu\/index.php?rest_route=\/wp\/v2\/types\/page"}],"author":[{"embeddable":true,"href":"https:\/\/viajarcomtempo.eu\/index.php?rest_route=\/wp\/v2\/users\/1"}],"replies":[{"embeddable":true,"href":"https:\/\/viajarcomtempo.eu\/index.php?rest_route=%2Fwp%2Fv2%2Fcomments&post=2280"}],"version-history":[{"count":30,"href":"https:\/\/viajarcomtempo.eu\/index.php?rest_route=\/wp\/v2\/pages\/2280\/revisions"}],"predecessor-version":[{"id":2498,"href":"https:\/\/viajarcomtempo.eu\/index.php?rest_route=\/wp\/v2\/pages\/2280\/revisions\/2498"}],"wp:attachment":[{"href":"https:\/\/viajarcomtempo.eu\/index.php?rest_route=%2Fwp%2Fv2%2Fmedia&parent=2280"}],"curies":[{"name":"wp","href":"https:\/\/api.w.org\/{rel}","templated":true}]}}