{"id":42,"date":"2021-01-23T16:57:41","date_gmt":"2021-01-23T16:57:41","guid":{"rendered":"http:\/\/localhost\/ViajarComTempo\/?page_id=10"},"modified":"2024-06-07T22:38:01","modified_gmt":"2024-06-07T22:38:01","slug":"n2kmakm","status":"publish","type":"page","link":"https:\/\/viajarcomtempo.eu\/?page_id=42","title":{"rendered":"Roteiro da N2 Km a Km"},"content":{"rendered":"\n<p class=\"has-medium-font-size wp-block-paragraph\"><a href=\"https:\/\/viajarcomtempo.eu\/?page_id=874\">Voltar <\/a><a href=\"http:\/\/localhost\/ViajarComTempo\/\">\u21b5<\/a><\/p>\n\n\n\n<figure class=\"wp-block-table is-style-stripes\"><table class=\"has-background\" style=\"background-color:#e7f5fe\"><thead><tr><th>Km<\/th><th>Ver Detalhe<\/th><th><strong>Ponto de Interesse<\/strong><\/th><\/tr><\/thead><tbody><tr><td><img loading=\"lazy\" decoding=\"async\" width=\"50\" height=\"67\" class=\"wp-image-775\" style=\"width: 50px;\" src=\"https:\/\/viajarcomtempo.eu\/wp-content\/uploads\/2021\/02\/Km0.gif\" alt=\"\"><\/td><td><a href=\"https:\/\/viajarcomtempo.eu\/?page_id=30\"><strong>Ch<\/strong><\/a><strong><a href=\"https:\/\/viajarcomtempo.eu\/?page_id=30\">a<\/a><\/strong><a href=\"https:\/\/viajarcomtempo.eu\/?page_id=30\"><strong>ves<\/strong><\/a><\/td><td>Chaves, Vidago e Circuito no Concelho<\/td><\/tr><tr><td><\/td><td><\/td><td><a rel=\"noreferrer noopener\" href=\"https:\/\/viajarcomtempo.eu\/wp-content\/uploads\/2021\/02\/Chaves_Vidago.pdf\" target=\"_blank\"><strong>Percurso Chaves &#8211; Vidago<\/strong><\/a><\/td><\/tr><tr><td>0,6<\/td><td><\/td><td>Miradouro de S\u00e3o Louren\u00e7o &#8211; a 6 Km<\/td><\/tr><tr><td>12<\/td><td><\/td><td>Restaurante Casa Capador<\/td><\/tr><tr><td>15<\/td><td><\/td><td>Restaurante Tasca do Quim Barbeiro<\/td><\/tr><tr><td>15<\/td><td><a href=\"https:\/\/viajarcomtempo.eu\/?page_id=30\"><strong>Vidago<\/strong><\/a><\/td><td><\/td><\/tr><tr><td><\/td><td><\/td><td><a rel=\"noreferrer noopener\" href=\"https:\/\/viajarcomtempo.eu\/wp-content\/uploads\/2021\/02\/Vidago_PedrasSalgadas.pdf\" target=\"_blank\"><strong>Percurso Vidago &#8211; Pedras Salgadas<\/strong><\/a><\/td><\/tr><tr><td><\/td><td><a href=\"https:\/\/viajarcomtempo.eu\/?page_id=730\"><strong>Pedras Salgadas<\/strong><\/a><\/td><td><\/td><\/tr><tr><td><\/td><td><\/td><td><strong><a rel=\"noreferrer noopener\" href=\"https:\/\/viajarcomtempo.eu\/wp-content\/uploads\/2021\/02\/PedrasSalgadas_VilaPoucaAguiar.pdf\" target=\"_blank\">Percurso Pedras Salgadas &#8211; Vila Pouca de Aguiar<\/a><\/strong><\/td><\/tr><tr><td>30<\/td><td><\/td><td>Complexo Mineiro Romano (+ 30 Km ida e volta com percurso sinuoso)<\/td><\/tr><tr><td>33<\/td><td><\/td><td>Restaurante Borges<\/td><\/tr><tr><td><img loading=\"lazy\" decoding=\"async\" width=\"50\" height=\"72\" class=\"wp-image-731\" style=\"width: 50px;\" src=\"https:\/\/viajarcomtempo.eu\/wp-content\/uploads\/2021\/02\/Km35.gif\" alt=\"\"><\/td><td><a href=\"https:\/\/viajarcomtempo.eu\/?page_id=730\"><strong>Vila Pouca de Aguiar<\/strong><\/a><\/td><td><\/td><\/tr><tr><td><\/td><td><\/td><td><strong><a rel=\"noreferrer noopener\" href=\"https:\/\/viajarcomtempo.eu\/wp-content\/uploads\/2021\/02\/VilaPoucaAguiar_VilaReal.pdf\" target=\"_blank\">Percurso Vila Pouca de Aguiar &#8211; Vila Real<\/a><\/strong><\/td><\/tr><tr><td>37<\/td><td><\/td><td>Parque de Lazer da Lagoa do Alv\u00e3o (desvio de 8 Km ida e volta)<\/td><\/tr><tr><td>37<\/td><td><\/td><td>Miradouro do Minh\u00e9u (desvio de 24 Km ida e volta)<\/td><\/tr><tr><td>40<\/td><td><\/td><td>Restaurante Girassol<\/td><\/tr><tr><td>42<\/td><td><\/td><td>Restaurante A Recta<\/td><\/tr><tr><td>50<\/td><td><\/td><td>Restaurante o Forno<br>Restaurante Sabores do Forno<\/td><\/tr><tr><td>51<\/td><td><\/td><td>Adega Regional Passos Perdidos<\/td><\/tr><tr><td>62<\/td><td><\/td><td>Pal\u00e1cio de Mateus (desvio de 3,2 Km ida e volta)<\/td><\/tr><tr><td><img loading=\"lazy\" decoding=\"async\" width=\"50\" height=\"66\" class=\"wp-image-776\" style=\"width: 50px;\" src=\"https:\/\/viajarcomtempo.eu\/wp-content\/uploads\/2021\/02\/Km64.gif\" alt=\"\"><\/td><td><a href=\"https:\/\/viajarcomtempo.eu\/?page_id=832\"><strong>Vila Real<\/strong><\/a><\/td><td>Vila Real<\/td><\/tr><tr><td><\/td><td><\/td><td><a rel=\"noreferrer noopener\" href=\"https:\/\/viajarcomtempo.eu\/wp-content\/uploads\/2021\/02\/VilaReal_SantaMartaPenaguiao.pdf\" target=\"_blank\"><strong>Percurso Vila Real &#8211; Santa Marta de Pe<\/strong><\/a><a rel=\"noreferrer noopener\" href=\"https:\/\/viajarcomtempo.eu\/wp-content\/uploads\/2021\/02\/VilaReal_santaMartaPenagui%C3%A3o.pdf\" target=\"_blank\"><strong>nagui\u00e3o<\/strong><\/a><\/td><\/tr><tr><td>71<\/td><td><\/td><td>Miradouro de Santa B\u00e1rbara desvio de 2,5 km (ida e Volta) pela Rua do Lad\u00e1rio<\/td><\/tr><tr><td>75<\/td><td><\/td><td>Ao Km 75 (antes da placa de C\u00f4velo) apreciar a vista \u00fanica sobre as vinhas.<\/td><\/tr><tr><td><img loading=\"lazy\" decoding=\"async\" width=\"50\" height=\"66\" class=\"wp-image-942\" style=\"width: 50px;\" src=\"https:\/\/viajarcomtempo.eu\/wp-content\/uploads\/2021\/02\/Km81.gif\" alt=\"\"><\/td><td><a href=\"https:\/\/viajarcomtempo.eu\/?page_id=904\"><strong>Santa Marta de Penagui\u00e3o<\/strong><\/a><\/td><td>Santa Marta de Penagui\u00e3o<\/td><\/tr><tr><td><\/td><td><\/td><td><strong><a href=\"https:\/\/viajarcomtempo.eu\/wp-content\/uploads\/2021\/02\/SantaMartaPenaguiao_PesoDaRegua.pdf\" target=\"_blank\" rel=\"noreferrer noopener\">Percurso Santa Marta de Penagui\u00e3o &#8211; Peso da R\u00e9gua<\/a><\/strong><\/td><\/tr><tr><td>83<\/td><td><\/td><td>Miradouro de S\u00e3o Pedro (desvio de 1 Km ida e volta)<\/td><\/tr><tr><td><img loading=\"lazy\" decoding=\"async\" width=\"50\" height=\"66\" class=\"wp-image-939\" style=\"width: 50px;\" src=\"https:\/\/viajarcomtempo.eu\/wp-content\/uploads\/2021\/02\/Km88.gif\" alt=\"\"><\/td><td><strong><a href=\"https:\/\/viajarcomtempo.eu\/?page_id=962\">Peso da R\u00e9gua<\/a><\/strong><\/td><td>Peso da R\u00e9gua e Roteiros no Concelho<\/td><\/tr><tr><td><\/td><td><\/td><td><strong><a href=\"https:\/\/viajarcomtempo.eu\/wp-content\/uploads\/2021\/03\/PesoDaRegua_Lamego.pdf\" data-type=\"URL\" target=\"_blank\" rel=\"noreferrer noopener\">Percurso Peso da R\u00e9gua &#8211; Lamego<\/a><\/strong><\/td><\/tr><tr><td>88<\/td><td><\/td><td>Miradouro de S\u00e3o Leonardo de Galafura (desvio de 18 Km ida e volta)<\/td><\/tr><tr><td><img decoding=\"async\" class=\"wp-image-1012\" style=\"width: 50px;\" src=\"https:\/\/viajarcomtempo.eu\/wp-content\/uploads\/2021\/03\/Km103-1.gif\" alt=\"\"><img loading=\"lazy\" decoding=\"async\" width=\"50\" height=\"66\" class=\"wp-image-1011\" style=\"width: 50px;\" src=\"https:\/\/viajarcomtempo.eu\/wp-content\/uploads\/2021\/03\/Km103.gif\" alt=\"\"><\/td><td><strong><a href=\"https:\/\/viajarcomtempo.eu\/?page_id=1029\">Lamego<\/a><\/strong><\/td><td>Lamego <\/td><\/tr><tr><td><\/td><td><\/td><td><a href=\"https:\/\/viajarcomtempo.eu\/wp-content\/uploads\/2021\/03\/Lamego_CastroDaire.pdf\" target=\"_blank\" rel=\"noreferrer noopener\"><strong>Percurso Lamego &#8211; Castro Daire<\/strong><\/a><\/td><\/tr><tr><td>104<\/td><td><\/td><td>Caves Raposeira (perto do km 104)<\/td><\/tr><tr><td>117<\/td><td><\/td><td>Aldeia de Lazarim (Desvio de 10 Km  ao Km 117da N2)<\/td><\/tr><tr><td>119<\/td><td><\/td><td>Bigorne \u2013 Ponto mais alto da N2 (Ao Km 119)<\/td><\/tr><tr><td>127<\/td><td><\/td><td>Ermida de Nossa Senhora da Ouvida   (Ao Km 127) <\/td><\/tr><tr><td><img loading=\"lazy\" decoding=\"async\" width=\"45\" height=\"59\" class=\"wp-image-1065\" style=\"width: 45px;\" src=\"https:\/\/viajarcomtempo.eu\/wp-content\/uploads\/2021\/03\/Km136.gif\" alt=\"\"><\/td><td><a href=\"https:\/\/viajarcomtempo.eu\/?page_id=1048\"><strong>Castro Daire<\/strong><\/a><\/td><td>Castro Daire<\/td><\/tr><tr><td><\/td><td><\/td><td><strong><a href=\"https:\/\/viajarcomtempo.eu\/wp-content\/uploads\/2021\/04\/CastroDaire_SaoPedroSul.pdf\" target=\"_blank\" rel=\"noreferrer noopener\">Percurso Castro Daire &#8211; S\u00e3o Pedro do Sul<\/a><\/strong><\/td><\/tr><tr><td>144<\/td><td><\/td><td>Termas do Carvalhal, Termas Palacete Hotel e Hotel Montemuro<\/td><\/tr><tr><td>152<\/td><td><\/td><td>Pindelo dos milagres<\/td><\/tr><tr><td>153<\/td><td><\/td><td>Baloi\u00e7o da Pedreira<\/td><\/tr><tr><td><img loading=\"lazy\" decoding=\"async\" width=\"50\" height=\"67\" class=\"wp-image-1066\" style=\"width: 50px;\" src=\"https:\/\/viajarcomtempo.eu\/wp-content\/uploads\/2021\/03\/Km152.gif\" alt=\"\"><\/td><td><a href=\"https:\/\/viajarcomtempo.eu\/?page_id=1077\"><strong>S\u00e3o Pedro do Sul<\/strong><\/a><\/td><td><\/td><\/tr><tr><td><\/td><td><\/td><td><a href=\"https:\/\/viajarcomtempo.eu\/wp-content\/uploads\/2021\/06\/SaoPedroSul_Viseu.pdf\" target=\"_blank\" rel=\"noreferrer noopener\"><strong>Percurso S\u00e3o Pedro do Sul &#8211; Viseu<\/strong><\/a>  <\/td><\/tr><tr><td>170<\/td><td><\/td><td>Miradouro Monte de Santa luzia<\/td><\/tr><tr><td>172<\/td><td><\/td><td>Restaurante Forno da Mimi &amp; Rod\u00edzio Real e Restaurante Santa Luzia<\/td><\/tr><tr><td>174<\/td><td><\/td><td>Restaurante O Cantinho do Tito<\/td><\/tr><tr><td><img loading=\"lazy\" decoding=\"async\" width=\"50\" height=\"65\" class=\"wp-image-1067\" style=\"width: 50px;\" src=\"https:\/\/viajarcomtempo.eu\/wp-content\/uploads\/2021\/03\/Km172.gif\" alt=\"\"><\/td><td><strong><a href=\"https:\/\/viajarcomtempo.eu\/?page_id=1103\">Viseu<\/a><\/strong><\/td><td>Viseu<\/td><\/tr><tr><td><\/td><td><\/td><td><a href=\"https:\/\/viajarcomtempo.eu\/wp-content\/uploads\/2021\/05\/Viseu_Tondela.pdf\" target=\"_blank\" rel=\"noreferrer noopener\"><strong>Percurso Viseu -Tondela<\/strong><\/a> <\/td><\/tr><tr><td>190<\/td><td><\/td><td>Canas de Santa Maria, Restaurante Santa Maria e Restaurante Casa Ma\u00e7aroco<\/td><\/tr><tr><td><img loading=\"lazy\" decoding=\"async\" width=\"50\" height=\"64\" class=\"wp-image-1101\" style=\"width: 50px;\" src=\"https:\/\/viajarcomtempo.eu\/wp-content\/uploads\/2021\/04\/Km199.gif\" alt=\"\"><\/td><td> <strong><a href=\"https:\/\/viajarcomtempo.eu\/?page_id=1105\">Tondela<\/a><\/strong> <\/td><td>Tondela<\/td><\/tr><tr><td><\/td><td><\/td><td><a href=\"https:\/\/viajarcomtempo.eu\/wp-content\/uploads\/2021\/05\/Tondela_SantaCombaDao.pdf\" target=\"_blank\" rel=\"noreferrer noopener\"><strong>Percurso Tondela &#8211; Santa Comba D\u00e3o<\/strong><\/a><\/td><\/tr><tr><td>201<\/td><td><\/td><td>Restaurante Alambique<\/td><\/tr><tr><td>202<\/td><td><\/td><td>Restaurante Kat-Kero<\/td><\/tr><tr><td><img loading=\"lazy\" decoding=\"async\" width=\"50\" height=\"65\" class=\"wp-image-1221\" style=\"width: 50px;\" src=\"https:\/\/viajarcomtempo.eu\/wp-content\/uploads\/2021\/06\/Km213.gif\" alt=\"\"><\/td><td> <strong><a href=\"https:\/\/viajarcomtempo.eu\/?page_id=1113\">Santa Comba D\u00e3o<\/a><\/strong> <\/td><td><\/td><\/tr><tr><td><\/td><td><\/td><td><a href=\"https:\/\/viajarcomtempo.eu\/wp-content\/uploads\/2021\/05\/SantaCombaDao_Mortagua.pdf\" target=\"_blank\" rel=\"noreferrer noopener\"><strong>Percurso  Santa Comba D\u00e3o &#8211; Mort\u00e1gua<\/strong><\/a> <\/td><\/tr><tr><td>218<\/td><td><\/td><td>Parque de Merendas Jardim Rainha Santa<\/td><\/tr><tr><td>220<\/td><td><\/td><td>Restaurante Nuno dos Leit\u00f5es<\/td><\/tr><tr><td>225<\/td><td><\/td><td>Restaurante A Lampreia<\/td><\/tr><tr><td>226<\/td><td><\/td><td>Albufeira da Barragem da Aguieira<\/td><\/tr><tr><td>227<\/td><td><\/td><td>Restaurante Lagoa Azul dos Leit\u00f5es<\/td><\/tr><tr><td><img loading=\"lazy\" decoding=\"async\" width=\"50\" height=\"64\" class=\"wp-image-1224\" style=\"width: 50px;\" src=\"https:\/\/viajarcomtempo.eu\/wp-content\/uploads\/2021\/06\/Km225.gif\" alt=\"\"><\/td><td><strong><a href=\"https:\/\/viajarcomtempo.eu\/?page_id=1115\">Mort\u00e1gua<\/a><\/strong><\/td><td><\/td><\/tr><tr><td><\/td><td><\/td><td><a href=\"https:\/\/viajarcomtempo.eu\/wp-content\/uploads\/2021\/05\/Mortagua_Penacova.pdf\" target=\"_blank\" rel=\"noreferrer noopener\"><strong>Percurso  Mort\u00e1gua &#8211; Penacova<\/strong><\/a> <\/td><\/tr><tr><td>224<\/td><td><\/td><td>Barragem da Aguieira<\/td><\/tr><tr><td>234<\/td><td><\/td><td>Livraria do Mondego<\/td><\/tr><tr><td><img loading=\"lazy\" decoding=\"async\" width=\"50\" height=\"65\" class=\"wp-image-1241\" style=\"width: 50px;\" src=\"https:\/\/viajarcomtempo.eu\/wp-content\/uploads\/2021\/06\/Km238.gif\" alt=\"\"><\/td><td><strong><a href=\"https:\/\/viajarcomtempo.eu\/?page_id=11963\">Penacova<\/a><\/strong><\/td><td><\/td><\/tr><tr><td><\/td><td><\/td><td><strong><a href=\"https:\/\/viajarcomtempo.eu\/wp-content\/uploads\/2021\/06\/Penacova_VilaNovaPoiares.pdf\" target=\"_blank\" rel=\"noreferrer noopener\">Percurso Penacova &#8211; Vila Nova de Poiares<\/a><\/strong> <\/td><\/tr><tr><td>240<\/td><td><\/td><td>Praia Fluvial do Reconquinho, Bar do Reconquinho e Parque de Campismo<\/td><\/tr><tr><td>242<\/td><td><\/td><td>Louredo &#8211; Ponto mais ocidental da EN2.<\/td><\/tr><tr><td><img loading=\"lazy\" decoding=\"async\" width=\"50\" height=\"65\" class=\"wp-image-1251\" style=\"width: 50px;\" src=\"https:\/\/viajarcomtempo.eu\/wp-content\/uploads\/2021\/06\/Km248.gif\" alt=\"\"><\/td><td>V<strong><a href=\"https:\/\/viajarcomtempo.eu\/?page_id=1149\">ila Nova de Poiares<\/a><\/strong><\/td><td><\/td><\/tr><tr><td><\/td><td><\/td><td><strong><a href=\"https:\/\/viajarcomtempo.eu\/wp-content\/uploads\/2021\/06\/VilaNovaPoiares_Lousa.pdf\" target=\"_blank\" rel=\"noreferrer noopener\">Percurso Vila Nova de Poiares &#8211; Lous\u00e3<\/a><\/strong><\/td><\/tr><tr><td>250<\/td><td><\/td><td>Complexo de Piscinas da Fraga e Miradouro da Fraga e Moinhos da Atalhada.<\/td><\/tr><tr><td><img loading=\"lazy\" decoding=\"async\" width=\"50\" height=\"67\" class=\"wp-image-1252\" style=\"width: 50px;\" src=\"https:\/\/viajarcomtempo.eu\/wp-content\/uploads\/2021\/06\/Km261.gif\" alt=\"\"><\/td><td><strong><a href=\"https:\/\/viajarcomtempo.eu\/?page_id=1167\">Lous\u00e3<\/a><\/strong><\/td><td><\/td><\/tr><tr><td><\/td><td><\/td><td><strong><a href=\"https:\/\/viajarcomtempo.eu\/wp-content\/uploads\/2021\/06\/Lousa_Gois.pdf\" target=\"_blank\" rel=\"noreferrer noopener\">Percurso Lous\u00e3 &#8211; G\u00f3is<\/a><\/strong><\/td><\/tr><tr><td><\/td><td><\/td><td>Nada a assinalar &#8211; Grande parte do percurso \u00e9 para voltar \u00e0 N2 <\/td><\/tr><tr><td><img loading=\"lazy\" decoding=\"async\" width=\"50\" height=\"67\" class=\"wp-image-1253\" style=\"width: 50px;\" src=\"https:\/\/viajarcomtempo.eu\/wp-content\/uploads\/2021\/06\/Km272.gif\" alt=\"\"><\/td><td><strong><a href=\"https:\/\/viajarcomtempo.eu\/?page_id=1153\">G\u00f3is<\/a><\/strong><\/td><td><\/td><\/tr><tr><td><\/td><td><\/td><td><a href=\"https:\/\/viajarcomtempo.eu\/wp-content\/uploads\/2021\/06\/Gois-_PedrogaoGrande.pdf\" target=\"_blank\" rel=\"noreferrer noopener\"><strong>Percurso G\u00f3is<\/strong> &#8211; Pedr\u00f3g\u00e3o Grande<\/a><\/td><\/tr><tr><td>272<\/td><td><\/td><td>Forja \u2013 Artesanato em ferro e Praia da Peneda<\/td><\/tr><tr><td><img loading=\"lazy\" decoding=\"async\" width=\"50\" height=\"67\" class=\"wp-image-1261\" style=\"width: 50px;\" src=\"https:\/\/viajarcomtempo.eu\/wp-content\/uploads\/2021\/06\/Km319.gif\" alt=\"\"><\/td><td><strong><a href=\"https:\/\/viajarcomtempo.eu\/?page_id=1179\">Pedr\u00f3g\u00e3o Grande<\/a><\/strong><\/td><td><\/td><\/tr><tr><td><\/td><td><\/td><td><a href=\"https:\/\/viajarcomtempo.eu\/wp-content\/uploads\/2021\/06\/PedrogaoGrande_Serta.pdf\" target=\"_blank\" rel=\"noreferrer noopener\">Per<strong>curso <\/strong>Pedr\u00f3g\u00e3o Grande &#8211; Sert\u00e3<\/a><\/td><\/tr><tr><td>320<\/td><td><\/td><td>Miradouro da Cotovia e Igreja Nossa Senhora dos Milagres &#8211;<\/td><\/tr><tr><td>322<\/td><td><\/td><td>Barragem e Albufeira do Cabril<\/td><\/tr><tr><td>323<\/td><td><\/td><td>Miradouro do Monte de Nossa Senhora da Confian\u00e7a<\/td><\/tr><tr><td>324<\/td><td><\/td><td>Pedr\u00f3g\u00e3o Pequeno Petiscos na Mercearia do Largo.<\/td><\/tr><tr><td><img loading=\"lazy\" decoding=\"async\" width=\"50\" height=\"67\" class=\"wp-image-1262\" style=\"width: 50px;\" src=\"https:\/\/viajarcomtempo.eu\/wp-content\/uploads\/2021\/06\/Km345.gif\" alt=\"\"><\/td><td><strong><a href=\"https:\/\/viajarcomtempo.eu\/?page_id=1189\">Sert\u00e3<\/a><\/strong><\/td><td><\/td><\/tr><tr><td><\/td><td><\/td><td><a href=\"https:\/\/viajarcomtempo.eu\/wp-content\/uploads\/2021\/06\/Serta_VilaRei.pdf\" target=\"_blank\" rel=\"noreferrer noopener\">Per<strong>curso <\/strong>Sert\u00e3 &#8211; Vila de Rei<\/a><\/td><\/tr><tr><td>350<\/td><td><\/td><td>Praia Fluvial do Tr\u00edzio e  Praia fluvial do Bostelim <\/td><\/tr><tr><td><img loading=\"lazy\" decoding=\"async\" width=\"50\" height=\"67\" class=\"wp-image-1263\" style=\"width: 50px;\" src=\"https:\/\/viajarcomtempo.eu\/wp-content\/uploads\/2021\/06\/Km366.gif\" alt=\"\"><\/td><td><strong><a href=\"https:\/\/viajarcomtempo.eu\/?page_id=1191\">Vila de Rei<\/a><\/strong><\/td><td><\/td><\/tr><tr><td><\/td><td><\/td><td><strong><a href=\"https:\/\/viajarcomtempo.eu\/wp-content\/uploads\/2021\/06\/VilaRei_Sardoal.pdf\">Percurso Vila de Rei &#8211; Sardoal<\/a><\/strong><\/td><\/tr><tr><td>367<\/td><td><\/td><td>Centro Geod\u00e9sico de Portugal<\/td><\/tr><tr><td>369<\/td><td><\/td><td>Praia fluvial do Penedo Furado e Aldeia de \u00c1gua Formosa<\/td><\/tr><tr><td><img loading=\"lazy\" decoding=\"async\" width=\"40\" height=\"53\" class=\"wp-image-1264\" style=\"width: 40px;\" src=\"https:\/\/viajarcomtempo.eu\/wp-content\/uploads\/2021\/06\/Km386.gif\" alt=\"\"><\/td><td><strong><a href=\"https:\/\/viajarcomtempo.eu\/?page_id=1193\">Sardoal<\/a><\/strong><\/td><td><\/td><\/tr><tr><td><\/td><td><\/td><td><strong><a href=\"https:\/\/viajarcomtempo.eu\/wp-content\/uploads\/2021\/06\/Sardoal_Abrantes.pdf\" target=\"_blank\" rel=\"noreferrer noopener\">Percurso Sardoal &#8211; Abrantes<\/a><\/strong> <\/td><\/tr><tr><td>400<\/td><td><\/td><td>Marco do Km 400 &#8211; Junto a Alferrarede<\/td><\/tr><tr><td><img loading=\"lazy\" decoding=\"async\" width=\"50\" height=\"67\" class=\"wp-image-1265\" style=\"width: 50px;\" src=\"https:\/\/viajarcomtempo.eu\/wp-content\/uploads\/2021\/06\/Km402.gif\" alt=\"\"><\/td><td><strong><a href=\"https:\/\/viajarcomtempo.eu\/?page_id=1195\">Abrantes<\/a><\/strong><\/td><td><\/td><\/tr><tr><td><\/td><td><\/td><td><strong><a href=\"https:\/\/viajarcomtempo.eu\/wp-content\/uploads\/2021\/09\/Abrantes_PonteSor.pdf\" target=\"_blank\" rel=\"noreferrer noopener\">Percurso Abrantes \u2013 Ponte de Sor<\/a><\/strong><\/td><\/tr><tr><td>403<\/td><td><\/td><td><strong>Rossio Ao Sul do Tejo<\/strong> &#8211; Parque Tejo &#8211; Turismo, Ci\u00eancia e Lazer Parque de Campismo e Caravanismo.<\/td><\/tr><tr><td>415<\/td><td><\/td><td><strong>Bemposta<\/strong> &#8211; Restaurante Toca do Lobo e Restaurante Elisa &amp; Gilberto.<\/td><\/tr><tr><td><img loading=\"lazy\" decoding=\"async\" width=\"40\" height=\"53\" class=\"wp-image-1266\" style=\"width: 40px;\" src=\"https:\/\/viajarcomtempo.eu\/wp-content\/uploads\/2021\/06\/Km435.gif\" alt=\"\"><\/td><td><strong><a href=\"https:\/\/viajarcomtempo.eu\/?page_id=1195\">Ponte de Sor<\/a><\/strong><\/td><td><\/td><\/tr><tr><td><\/td><td><\/td><td><strong><a href=\"https:\/\/viajarcomtempo.eu\/wp-content\/uploads\/2021\/09\/PonteSor_Avis_PonteSor.pdf\" target=\"_blank\" rel=\"noreferrer noopener\">Percurso Ponte de Sor-Avis-Ponte de Sor<\/a><\/strong><\/td><\/tr><tr><td>435<\/td><td><\/td><td><strong>Galveias<\/strong>&nbsp;\u2013 Igreja da Miseric\u00f3rdia em Galveias<strong>,&nbsp;<\/strong>Santu\u00e1rio de S\u00e3o Saturnino \u2013 Templo e Miradouro, Ermida de Santo Ant\u00f3nio e Igreja de S\u00e3o Louren\u00e7o<\/td><\/tr><tr><td><img loading=\"lazy\" decoding=\"async\" width=\"40\" height=\"53\" class=\"wp-image-1592\" style=\"width: 40px;\" src=\"https:\/\/viajarcomtempo.eu\/wp-content\/uploads\/2021\/09\/Km466.gif\" alt=\"\"><\/td><td><strong><a href=\"https:\/\/viajarcomtempo.eu\/?page_id=1353\">Avis<\/a><\/strong><\/td><td><\/td><\/tr><tr><td><\/td><td><\/td><td><strong><a href=\"https:\/\/viajarcomtempo.eu\/wp-content\/uploads\/2021\/09\/PonteSor_Mora.pdf\" target=\"_blank\" rel=\"noreferrer noopener\">Percurso Ponte de Sor-Mora<\/a><\/strong><\/td><\/tr><tr><td>455<\/td><td><\/td><td>Parque de Campismo Orbitur Montargil<\/td><\/tr><tr><td>458<\/td><td><\/td><td><strong>Montargil<\/strong>&nbsp;\u2013 Igreja da Miseric\u00f3rdia e Capela de Santo Ant\u00f3nio, Cruzeiro de Montargil,<br>Praia Fluvial da Barragem de Montargil<br>Oficina d\u2019 Anjos- Tapas&amp;Vinhos (desvio de 2 Km).<br><br>Montargil Monte Novo (Alojamento)<br>Barragem de Montargil<\/td><\/tr><tr><td>459<\/td><td><\/td><td>Nau Lago Montargil &amp; Villas (Alojamento)<\/td><\/tr><tr><td>461<\/td><td><\/td><td>Montargil Monte Novo (Alojamento) e Barragem de Montargil<\/td><\/tr><tr><td>465<\/td><td><\/td><td>Restaurante Retiro do Mocho &#8211; (Desvio de 8 Km, ida e volta)<br>Coudelaria Dias Montargil &#8211; (Desvio de 10 Km, ida e Volta)<\/td><\/tr><tr><td><img loading=\"lazy\" decoding=\"async\" width=\"40\" height=\"53\" class=\"wp-image-1593\" style=\"width: 40px;\" src=\"https:\/\/viajarcomtempo.eu\/wp-content\/uploads\/2021\/09\/Km473.gif\" alt=\"\"><\/td><td><strong><a href=\"https:\/\/viajarcomtempo.eu\/?page_id=1363\">Mora<\/a><\/strong><\/td><td><\/td><\/tr><tr><td><\/td><td><\/td><td><strong><a href=\"https:\/\/viajarcomtempo.eu\/wp-content\/uploads\/2021\/09\/Abrantes_PonteSor.pdf\">Percurso Mora-Coruche- Mora<\/a><\/strong><\/td><\/tr><tr><td>473<\/td><td><\/td><td>Cou\u00e7o &#8211; Igreja de S. Ant\u00f3nio do Cou\u00e7o, Restaurante Arcadas, Restaurante Tasca do Manel e Alojamento Dom Cou\u00e7o  (Desvio de 15 Km, ida e Volta)<\/td><\/tr><tr><td><img loading=\"lazy\" decoding=\"async\" width=\"40\" height=\"53\" class=\"wp-image-1594\" style=\"width: 40px;\" src=\"https:\/\/viajarcomtempo.eu\/wp-content\/uploads\/2021\/09\/Km495.gif\" alt=\"\"><\/td><td><strong><a href=\"https:\/\/viajarcomtempo.eu\/?page_id=1365\">Coruche<\/a><\/strong><\/td><td><\/td><\/tr><tr><td><\/td><td><\/td><td><strong><a href=\"https:\/\/viajarcomtempo.eu\/wp-content\/uploads\/2021\/09\/Mora_Montenor.pdf\" target=\"_blank\" rel=\"noreferrer noopener\">Percurso Mora-Montemor-o-Novo<\/a><\/strong><\/td><\/tr><tr><td>483<\/td><td><\/td><td><strong>Aldeia de Brotas<\/strong>&nbsp;\u2013 Santu\u00e1rio de Nossa Senhora de Brotas, Restaurante \u201cO Po\u00e7o\u201d e Casas de Romaria.<\/td><\/tr><tr><td>494<\/td><td><\/td><td>Entrada no Concelho de Coruche.<\/td><\/tr><tr><td>500<\/td><td><\/td><td>C<strong>iborro<\/strong>&nbsp;\u2013 Marco do Km 500 e Caf\u00e9 \u201cO Ciborro\u201d<br>Monte Selvagem \u2013 (desvio de 8 Km)<\/td><\/tr><tr><td>506<\/td><td><\/td><td>Restaurante Sabores da Aldeia<\/td><\/tr><tr><td>514<\/td><td><\/td><td>Restaurante O Corti\u00e7o<\/td><\/tr><tr><td>515<\/td><td><\/td><td>Alojamento Monte do Pa\u00e7o<\/td><\/tr><tr><td><img loading=\"lazy\" decoding=\"async\" width=\"40\" height=\"53\" class=\"wp-image-1595\" style=\"width: 40px;\" src=\"https:\/\/viajarcomtempo.eu\/wp-content\/uploads\/2021\/09\/Km520.gif\" alt=\"\"><\/td><td><strong><a href=\"https:\/\/viajarcomtempo.eu\/?page_id=1369\">Montemor-o-Novo<\/a><\/strong><\/td><td><\/td><\/tr><tr><td><\/td><td><\/td><td><strong><a href=\"https:\/\/viajarcomtempo.eu\/wp-content\/uploads\/2021\/09\/Montenor_AlcacovasVianaAlentejo.pdf\" target=\"_blank\" rel=\"noreferrer noopener\">Percurso Montemor-o-Novo-Alc\u00e1\u00e7ovas(Viana do Alentejo)<\/a><\/strong><\/td><\/tr><tr><td>522<\/td><td><\/td><td>Ermida de S\u00e3o Pedro da Ribeira<\/td><\/tr><tr><td>525<\/td><td><\/td><td>Igreja de S\u00e3o Mateus&nbsp;<\/td><\/tr><tr><td>526<\/td><td><\/td><td>Restaurante o Altinho<\/td><\/tr><tr><td>534<\/td><td><\/td><td>Santiago do Escoural \u2013 Gruta do Escoural (desvio de 8 Km ida e Volta)<br>Anta-Capela de Nossa Senhora do Livramento \u2013 (desvio de 10 Km ida e Volta)&nbsp;tamb\u00e9m conhecida por Anta de S\u00e3o Brissos.<\/td><\/tr><tr><td>535<\/td><td><\/td><td>Restaurante Manuel Azinheirinha.<\/td><\/tr><tr><td>550<\/td><td><\/td><td><strong>Alc\u00e1\u00e7ovas<\/strong><br>Para visitar Viana do Alentejo continuar pela N257 por mais 22 Km (44 Km ida e volta).<\/td><\/tr><tr><td><img loading=\"lazy\" decoding=\"async\" width=\"40\" height=\"53\" class=\"wp-image-1596\" style=\"width: 40px;\" src=\"https:\/\/viajarcomtempo.eu\/wp-content\/uploads\/2021\/09\/Km550.gif\" alt=\"\"><\/td><td><strong><a href=\"https:\/\/viajarcomtempo.eu\/?page_id=1369\">Viana do Alentejo e <strong><\/strong><\/a><strong><a href=\"https:\/\/viajarcomtempo.eu\/?page_id=1369\">Alc\u00e1\u00e7ovas<\/a><\/strong><\/strong><\/td><td><\/td><\/tr><tr><td><\/td><td><\/td><td><strong><a href=\"https:\/\/viajarcomtempo.eu\/wp-content\/uploads\/2021\/09\/Alcacovas_TorraoAlcacerdoSal.pdf\" target=\"_blank\" rel=\"noreferrer noopener\">Percurso Alc\u00e1\u00e7ovas(Viana do Alentejo)-Torr\u00e3o(Alc\u00e1cer do Sal)<\/a><\/strong><\/td><\/tr><tr><td>563<\/td><td><\/td><td>Para visitar Alc\u00e1cer do Sal sair no Cruzamento com a N5-2 ao Km 563, um pouco antes do Torr\u00e3o.<\/td><\/tr><tr><td><img loading=\"lazy\" decoding=\"async\" width=\"40\" height=\"53\" class=\"wp-image-1597\" style=\"width: 40px;\" src=\"https:\/\/viajarcomtempo.eu\/wp-content\/uploads\/2021\/09\/Km565.gif\" alt=\"\"><\/td><td><strong><a href=\"https:\/\/viajarcomtempo.eu\/?page_id=1369\">Alc\u00e1cer do Sal e <strong><\/strong><\/a><strong><a href=\"https:\/\/viajarcomtempo.eu\/?page_id=1369\">Torr\u00e3o<\/a><\/strong><\/strong><\/td><td><\/td><\/tr><tr><td><\/td><td><\/td><td><strong><a href=\"https:\/\/viajarcomtempo.eu\/wp-content\/uploads\/2021\/09\/TorraoAlcacerdoSal_FerreiraAlentejo.pdf\" target=\"_blank\" rel=\"noreferrer noopener\">Percurso Torr\u00e3o(Alc\u00e1cer do Sal)-Ferreira do Alentejo<\/a><\/strong><\/td><\/tr><tr><td>580<\/td><td><\/td><td>Praia Fluvial de Odivelas na Barragem de Odivelas (desvio de 10 Km ida e Volta).<\/td><\/tr><tr><td>582<\/td><td><\/td><td><strong>Odivelas&nbsp;<\/strong>\u2013&nbsp;<strong>Hotel O gato<\/strong>&nbsp;e&nbsp;<strong>Herdade dos Sepol \u2013 Casa de Campo<\/strong><\/td><\/tr><tr><td><img loading=\"lazy\" decoding=\"async\" width=\"40\" height=\"53\" class=\"wp-image-1598\" style=\"width: 40px;\" src=\"https:\/\/viajarcomtempo.eu\/wp-content\/uploads\/2021\/09\/Km595.gif\" alt=\"\"><\/td><td><strong><a href=\"https:\/\/viajarcomtempo.eu\/?page_id=1454\">Ferreira do Alentejo<\/a><\/strong><\/td><td><\/td><\/tr><tr><td><\/td><td><\/td><td><strong><a href=\"https:\/\/viajarcomtempo.eu\/wp-content\/uploads\/2021\/09\/FerreiraAlentejo_Aljustrel.pdf\" target=\"_blank\" rel=\"noreferrer noopener\">Percurso Ferreira do Alentejo-Aljustrel<\/a><\/strong><\/td><\/tr><tr><td>607<\/td><td><\/td><td>E<strong>rvidel&nbsp;<\/strong>&nbsp;\u2013 Barragem do Roxo, Igreja Matriz de Ervidel, Capela de S\u00e3o Pedro,&nbsp;<strong>Restaurante Shalom2<\/strong>&nbsp;e&nbsp;<strong>Restaurante Pastelaria A Travessa<\/strong>.<\/td><\/tr><tr><td>613<\/td><td><\/td><td>Parque de Vicente Anes \u2013 \u00c1rea de descanso ao Km 613.<\/td><\/tr><tr><td><img loading=\"lazy\" decoding=\"async\" width=\"40\" height=\"53\" class=\"wp-image-1599\" style=\"width: 40px;\" src=\"https:\/\/viajarcomtempo.eu\/wp-content\/uploads\/2021\/09\/Km618.gif\" alt=\"\"><\/td><td><strong><a href=\"https:\/\/viajarcomtempo.eu\/?page_id=1473\">Aljustrel<\/a><\/strong><\/td><td><\/td><\/tr><tr><td><\/td><td><\/td><td><strong><a href=\"https:\/\/viajarcomtempo.eu\/wp-content\/uploads\/2021\/09\/Aljustrel_CastroVerde.pdf\" target=\"_blank\" rel=\"noreferrer noopener\">Percurso Aljustrel-Castro Verde<\/a><\/strong><\/td><\/tr><tr><td>627<\/td><td><\/td><td>Monte dos Po\u00e7os \u2013 Agroturismo &amp; Eventos.<\/td><\/tr><tr><td><img loading=\"lazy\" decoding=\"async\" width=\"40\" height=\"53\" class=\"wp-image-1600\" style=\"width: 40px;\" src=\"https:\/\/viajarcomtempo.eu\/wp-content\/uploads\/2021\/09\/Km640.gif\" alt=\"\"><\/td><td><strong><a href=\"https:\/\/viajarcomtempo.eu\/?page_id=1485\">Castro Verde<\/a><\/strong><\/td><td><\/td><\/tr><tr><td><\/td><td><\/td><td><a href=\"https:\/\/viajarcomtempo.eu\/wp-content\/uploads\/2021\/09\/CastroVerde_Almodovar-.pdf\" target=\"_blank\" rel=\"noreferrer noopener\"><strong>Percurso Castro Verde-Almod\u00f4var<\/strong><\/a><\/td><\/tr><tr><td>650<\/td><td><\/td><td><strong>Restaurante Por do Sol<\/strong><\/td><\/tr><tr><td>651<\/td><td><\/td><td><strong>Restaurante o Ros\u00e1rio<\/strong><\/td><\/tr><tr><td>658<\/td><td><\/td><td>Hotel Monte Beato<\/td><\/tr><tr><td><img loading=\"lazy\" decoding=\"async\" width=\"40\" height=\"53\" class=\"wp-image-1601\" style=\"width: 40px;\" src=\"https:\/\/viajarcomtempo.eu\/wp-content\/uploads\/2021\/09\/Km661.gif\" alt=\"\"><\/td><td><strong><strong><a href=\"https:\/\/viajarcomtempo.eu\/?page_id=1517\">Almod\u00f4var<\/a><\/strong><\/strong><\/td><td><\/td><\/tr><tr><td><\/td><td><\/td><td><strong><a href=\"https:\/\/viajarcomtempo.eu\/wp-content\/uploads\/2021\/09\/Almodovar_BarrancoVelhoLoule.pdf\" target=\"_blank\" rel=\"noreferrer noopener\">Percurso Almod\u00f4var-Barranco do Velho<\/a><\/strong><\/td><\/tr><tr><td>686<\/td><td><\/td><td><strong>Monte da Seiceira<\/strong>&nbsp;\u2013 \u00c1rea de descanso da Fonte da Seicera, Bar da Fonte e Parque de Merendas.<\/td><\/tr><tr><td>687<\/td><td><\/td><td><strong>Ameixial<\/strong>&nbsp;\u2013 Igreja Matriz de Santo Ant\u00f3nio do Ameixial, &nbsp;<br>Casas T\u00edpicas do Ameixial.<br>Monumentos megal\u00edticos (Desvio de 12 Km ida e volta) da Anta da Pedra do Alagar e Anta da Cumeada.<\/td><\/tr><tr><td>697<\/td><td><\/td><td><strong>Miradouro da Serra do Caldeir\u00e3o<\/strong><\/td><\/tr><tr><td>704<\/td><td><\/td><td><strong>Casa dos Presuntos na Cortelha<\/strong><\/td><\/tr><tr><td>705<\/td><td><\/td><td><strong>Restaurante a Tia Bia<\/strong>&nbsp;em Barranco do Velho<\/td><\/tr><tr><td><img loading=\"lazy\" decoding=\"async\" width=\"40\" height=\"53\" class=\"wp-image-1602\" style=\"width: 40px;\" src=\"https:\/\/viajarcomtempo.eu\/wp-content\/uploads\/2021\/09\/Km668.gif\" alt=\"\"><\/td><td><strong><a href=\"https:\/\/viajarcomtempo.eu\/?page_id=1520\">Loul\u00e9 e Barranco do Velho<\/a><\/strong><\/td><td><\/td><\/tr><tr><td><\/td><td><\/td><td><strong><a href=\"https:\/\/viajarcomtempo.eu\/wp-content\/uploads\/2021\/09\/BarrandoVelhoLoule_SaoBrasAlportel-.pdf\" target=\"_blank\" rel=\"noreferrer noopener\">Percurso Barranco do Velho-S\u00e3o Br\u00e1s Alportel<\/a><\/strong><\/td><\/tr><tr><td>705<\/td><td><\/td><td><strong>\u00c1rea de descanso de Barranco do Velho, \u00e0 sa\u00edda da localidade<\/strong>.<\/td><\/tr><tr><td>710<\/td><td><\/td><td>Casa das Bicas \u2013 Alojamento<\/td><\/tr><tr><td>715<\/td><td><\/td><td>Fonte F\u00e9rrea \u2013 Parque<\/td><\/tr><tr><td>717<\/td><td><\/td><td>Miradouro do Alto da Arroteia \u2013 Vista para a serra e para o mar r (Desvio de 2 Km ida e Volta).<\/td><\/tr><tr><td><img loading=\"lazy\" decoding=\"async\" width=\"40\" height=\"54\" class=\"wp-image-1603\" style=\"width: 40px;\" src=\"https:\/\/viajarcomtempo.eu\/wp-content\/uploads\/2021\/09\/Km721.gif\" alt=\"\"><\/td><td><strong><strong><a href=\"https:\/\/viajarcomtempo.eu\/?page_id=1522\">S\u00e3o Br\u00e1s de Alportel<\/a><\/strong><\/strong><\/td><td><\/td><\/tr><tr><td><\/td><td><\/td><td><strong><a href=\"https:\/\/viajarcomtempo.eu\/wp-content\/uploads\/2021\/09\/SaoBrasAlportel_Faro.pdf\" target=\"_blank\" rel=\"noreferrer noopener\">Percurso S\u00e3o Br\u00e1s Alportel-Faro<\/a><\/strong><\/td><\/tr><tr><td>727<\/td><td><\/td><td><strong>Estoi<\/strong>&nbsp;\u2013 Ru\u00ednas Romanas de Milreu, Pal\u00e1cio do Visconde de Estoi e<br>Vila Milreu Guest House.<\/td><\/tr><tr><td>730<\/td><td><\/td><td><strong>Restaurante Conv\u00edvio dos Cavaleiros<\/strong><\/td><\/tr><tr><td>733<\/td><td><\/td><td><strong>Restaurante O Pipo<\/strong>.<\/td><\/tr><tr><td><img loading=\"lazy\" decoding=\"async\" width=\"40\" height=\"53\" class=\"wp-image-1604\" style=\"width: 40px;\" src=\"https:\/\/viajarcomtempo.eu\/wp-content\/uploads\/2021\/09\/Km738.gif\" alt=\"\"><\/td><td><strong><a href=\"https:\/\/viajarcomtempo.eu\/?page_id=1524\">Faro<\/a><\/strong><\/td><td><\/td><\/tr><\/tbody><\/table><\/figure>\n\n\n\n<p class=\"wp-block-paragraph\"><a href=\"http:\/\/localhost\/ViajarComTempo\/\">V<\/a><a href=\"https:\/\/viajarcomtempo.eu\/?page_id=874\">oltar \u21b5<\/a><\/p>\n","protected":false},"excerpt":{"rendered":"<p>Voltar \u21b5 Km Ver Detalhe Ponto de Interesse Chaves Chaves, Vidago e Circuito no Concelho Percurso Chaves &#8211; Vidago 0,6 Miradouro de S\u00e3o Louren\u00e7o &#8211; a 6 Km 12 Restaurante Casa Capador 15 Restaurante Tasca do Quim Barbeiro 15 Vidago Percurso Vidago &#8211; Pedras Salgadas Pedras Salgadas Percurso Pedras Salgadas &#8211; Vila Pouca de Aguiar [&hellip;]<\/p>\n","protected":false},"author":1,"featured_media":0,"parent":0,"menu_order":0,"comment_status":"closed","ping_status":"closed","template":"","meta":{"_crdt_document":"","footnotes":""},"class_list":["post-42","page","type-page","status-publish","hentry","eq-blocks"],"yoast_head":"<!-- This site is optimized with the Yoast SEO plugin v27.5 - https:\/\/yoast.com\/product\/yoast-seo-wordpress\/ -->\n<title>Roteiro da N2 Km a Km - Viajar Com Tempo<\/title>\n<meta name=\"robots\" content=\"index, follow, max-snippet:-1, max-image-preview:large, max-video-preview:-1\" \/>\n<link rel=\"canonical\" href=\"https:\/\/viajarcomtempo.eu\/?page_id=42\" \/>\n<meta property=\"og:locale\" content=\"pt_PT\" \/>\n<meta property=\"og:type\" content=\"article\" \/>\n<meta property=\"og:title\" content=\"Roteiro da N2 Km a Km - Viajar Com Tempo\" \/>\n<meta property=\"og:description\" content=\"Voltar \u21b5 Km Ver Detalhe Ponto de Interesse Chaves Chaves, Vidago e Circuito no Concelho Percurso Chaves &#8211; Vidago 0,6 Miradouro de S\u00e3o Louren\u00e7o &#8211; a 6 Km 12 Restaurante Casa Capador 15 Restaurante Tasca do Quim Barbeiro 15 Vidago Percurso Vidago &#8211; Pedras Salgadas Pedras Salgadas Percurso Pedras Salgadas &#8211; Vila Pouca de Aguiar [&hellip;]\" \/>\n<meta property=\"og:url\" content=\"https:\/\/viajarcomtempo.eu\/?page_id=42\" \/>\n<meta property=\"og:site_name\" content=\"Viajar Com Tempo\" \/>\n<meta property=\"article:modified_time\" content=\"2024-06-07T22:38:01+00:00\" \/>\n<meta property=\"og:image\" content=\"http:\/\/viajarcomtempo.eu\/wp-content\/uploads\/2021\/02\/Km0.gif\" \/>\n<meta name=\"twitter:card\" content=\"summary_large_image\" \/>\n<meta name=\"twitter:label1\" content=\"Tempo estimado de leitura\" \/>\n\t<meta name=\"twitter:data1\" content=\"13 minutos\" \/>\n<script type=\"application\/ld+json\" class=\"yoast-schema-graph\">{\"@context\":\"https:\\\/\\\/schema.org\",\"@graph\":[{\"@type\":\"WebPage\",\"@id\":\"https:\\\/\\\/viajarcomtempo.eu\\\/?page_id=42\",\"url\":\"https:\\\/\\\/viajarcomtempo.eu\\\/?page_id=42\",\"name\":\"Roteiro da N2 Km a Km - Viajar Com Tempo\",\"isPartOf\":{\"@id\":\"https:\\\/\\\/viajarcomtempo.eu\\\/#website\"},\"primaryImageOfPage\":{\"@id\":\"https:\\\/\\\/viajarcomtempo.eu\\\/?page_id=42#primaryimage\"},\"image\":{\"@id\":\"https:\\\/\\\/viajarcomtempo.eu\\\/?page_id=42#primaryimage\"},\"thumbnailUrl\":\"http:\\\/\\\/viajarcomtempo.eu\\\/wp-content\\\/uploads\\\/2021\\\/02\\\/Km0.gif\",\"datePublished\":\"2021-01-23T16:57:41+00:00\",\"dateModified\":\"2024-06-07T22:38:01+00:00\",\"breadcrumb\":{\"@id\":\"https:\\\/\\\/viajarcomtempo.eu\\\/?page_id=42#breadcrumb\"},\"inLanguage\":\"pt-PT\",\"potentialAction\":[{\"@type\":\"ReadAction\",\"target\":[\"https:\\\/\\\/viajarcomtempo.eu\\\/?page_id=42\"]}]},{\"@type\":\"ImageObject\",\"inLanguage\":\"pt-PT\",\"@id\":\"https:\\\/\\\/viajarcomtempo.eu\\\/?page_id=42#primaryimage\",\"url\":\"http:\\\/\\\/viajarcomtempo.eu\\\/wp-content\\\/uploads\\\/2021\\\/02\\\/Km0.gif\",\"contentUrl\":\"http:\\\/\\\/viajarcomtempo.eu\\\/wp-content\\\/uploads\\\/2021\\\/02\\\/Km0.gif\"},{\"@type\":\"BreadcrumbList\",\"@id\":\"https:\\\/\\\/viajarcomtempo.eu\\\/?page_id=42#breadcrumb\",\"itemListElement\":[{\"@type\":\"ListItem\",\"position\":1,\"name\":\"In\u00edcio\",\"item\":\"https:\\\/\\\/viajarcomtempo.eu\\\/\"},{\"@type\":\"ListItem\",\"position\":2,\"name\":\"Roteiro da N2 Km a Km\"}]},{\"@type\":\"WebSite\",\"@id\":\"https:\\\/\\\/viajarcomtempo.eu\\\/#website\",\"url\":\"https:\\\/\\\/viajarcomtempo.eu\\\/\",\"name\":\"Viajar Com Tempo\",\"description\":\"Roteiros para viajar sem pressa\",\"publisher\":{\"@id\":\"https:\\\/\\\/viajarcomtempo.eu\\\/#\\\/schema\\\/person\\\/2f6c8045b5e07d397d92d8e5cf7aee98\"},\"potentialAction\":[{\"@type\":\"SearchAction\",\"target\":{\"@type\":\"EntryPoint\",\"urlTemplate\":\"https:\\\/\\\/viajarcomtempo.eu\\\/?s={search_term_string}\"},\"query-input\":{\"@type\":\"PropertyValueSpecification\",\"valueRequired\":true,\"valueName\":\"search_term_string\"}}],\"inLanguage\":\"pt-PT\"},{\"@type\":[\"Person\",\"Organization\"],\"@id\":\"https:\\\/\\\/viajarcomtempo.eu\\\/#\\\/schema\\\/person\\\/2f6c8045b5e07d397d92d8e5cf7aee98\",\"name\":\"Jos\u00e9 Salvador\",\"logo\":{\"@id\":\"https:\\\/\\\/viajarcomtempo.eu\\\/#\\\/schema\\\/person\\\/image\\\/\"},\"sameAs\":[\"http:\\\/\\\/viajarcomtempo.eu\"]}]}<\/script>\n<!-- \/ Yoast SEO plugin. -->","yoast_head_json":{"title":"Roteiro da N2 Km a Km - Viajar Com Tempo","robots":{"index":"index","follow":"follow","max-snippet":"max-snippet:-1","max-image-preview":"max-image-preview:large","max-video-preview":"max-video-preview:-1"},"canonical":"https:\/\/viajarcomtempo.eu\/?page_id=42","og_locale":"pt_PT","og_type":"article","og_title":"Roteiro da N2 Km a Km - Viajar Com Tempo","og_description":"Voltar \u21b5 Km Ver Detalhe Ponto de Interesse Chaves Chaves, Vidago e Circuito no Concelho Percurso Chaves &#8211; Vidago 0,6 Miradouro de S\u00e3o Louren\u00e7o &#8211; a 6 Km 12 Restaurante Casa Capador 15 Restaurante Tasca do Quim Barbeiro 15 Vidago Percurso Vidago &#8211; Pedras Salgadas Pedras Salgadas Percurso Pedras Salgadas &#8211; Vila Pouca de Aguiar [&hellip;]","og_url":"https:\/\/viajarcomtempo.eu\/?page_id=42","og_site_name":"Viajar Com Tempo","article_modified_time":"2024-06-07T22:38:01+00:00","og_image":[{"url":"http:\/\/viajarcomtempo.eu\/wp-content\/uploads\/2021\/02\/Km0.gif","type":"","width":"","height":""}],"twitter_card":"summary_large_image","twitter_misc":{"Tempo estimado de leitura":"13 minutos"},"schema":{"@context":"https:\/\/schema.org","@graph":[{"@type":"WebPage","@id":"https:\/\/viajarcomtempo.eu\/?page_id=42","url":"https:\/\/viajarcomtempo.eu\/?page_id=42","name":"Roteiro da N2 Km a Km - Viajar Com Tempo","isPartOf":{"@id":"https:\/\/viajarcomtempo.eu\/#website"},"primaryImageOfPage":{"@id":"https:\/\/viajarcomtempo.eu\/?page_id=42#primaryimage"},"image":{"@id":"https:\/\/viajarcomtempo.eu\/?page_id=42#primaryimage"},"thumbnailUrl":"http:\/\/viajarcomtempo.eu\/wp-content\/uploads\/2021\/02\/Km0.gif","datePublished":"2021-01-23T16:57:41+00:00","dateModified":"2024-06-07T22:38:01+00:00","breadcrumb":{"@id":"https:\/\/viajarcomtempo.eu\/?page_id=42#breadcrumb"},"inLanguage":"pt-PT","potentialAction":[{"@type":"ReadAction","target":["https:\/\/viajarcomtempo.eu\/?page_id=42"]}]},{"@type":"ImageObject","inLanguage":"pt-PT","@id":"https:\/\/viajarcomtempo.eu\/?page_id=42#primaryimage","url":"http:\/\/viajarcomtempo.eu\/wp-content\/uploads\/2021\/02\/Km0.gif","contentUrl":"http:\/\/viajarcomtempo.eu\/wp-content\/uploads\/2021\/02\/Km0.gif"},{"@type":"BreadcrumbList","@id":"https:\/\/viajarcomtempo.eu\/?page_id=42#breadcrumb","itemListElement":[{"@type":"ListItem","position":1,"name":"In\u00edcio","item":"https:\/\/viajarcomtempo.eu\/"},{"@type":"ListItem","position":2,"name":"Roteiro da N2 Km a Km"}]},{"@type":"WebSite","@id":"https:\/\/viajarcomtempo.eu\/#website","url":"https:\/\/viajarcomtempo.eu\/","name":"Viajar Com Tempo","description":"Roteiros para viajar sem pressa","publisher":{"@id":"https:\/\/viajarcomtempo.eu\/#\/schema\/person\/2f6c8045b5e07d397d92d8e5cf7aee98"},"potentialAction":[{"@type":"SearchAction","target":{"@type":"EntryPoint","urlTemplate":"https:\/\/viajarcomtempo.eu\/?s={search_term_string}"},"query-input":{"@type":"PropertyValueSpecification","valueRequired":true,"valueName":"search_term_string"}}],"inLanguage":"pt-PT"},{"@type":["Person","Organization"],"@id":"https:\/\/viajarcomtempo.eu\/#\/schema\/person\/2f6c8045b5e07d397d92d8e5cf7aee98","name":"Jos\u00e9 Salvador","logo":{"@id":"https:\/\/viajarcomtempo.eu\/#\/schema\/person\/image\/"},"sameAs":["http:\/\/viajarcomtempo.eu"]}]}},"_links":{"self":[{"href":"https:\/\/viajarcomtempo.eu\/index.php?rest_route=\/wp\/v2\/pages\/42","targetHints":{"allow":["GET"]}}],"collection":[{"href":"https:\/\/viajarcomtempo.eu\/index.php?rest_route=\/wp\/v2\/pages"}],"about":[{"href":"https:\/\/viajarcomtempo.eu\/index.php?rest_route=\/wp\/v2\/types\/page"}],"author":[{"embeddable":true,"href":"https:\/\/viajarcomtempo.eu\/index.php?rest_route=\/wp\/v2\/users\/1"}],"replies":[{"embeddable":true,"href":"https:\/\/viajarcomtempo.eu\/index.php?rest_route=%2Fwp%2Fv2%2Fcomments&post=42"}],"version-history":[{"count":42,"href":"https:\/\/viajarcomtempo.eu\/index.php?rest_route=\/wp\/v2\/pages\/42\/revisions"}],"predecessor-version":[{"id":2620,"href":"https:\/\/viajarcomtempo.eu\/index.php?rest_route=\/wp\/v2\/pages\/42\/revisions\/2620"}],"wp:attachment":[{"href":"https:\/\/viajarcomtempo.eu\/index.php?rest_route=%2Fwp%2Fv2%2Fmedia&parent=42"}],"curies":[{"name":"wp","href":"https:\/\/api.w.org\/{rel}","templated":true}]}}