{"id":477,"date":"2021-02-09T16:05:24","date_gmt":"2021-02-09T16:05:24","guid":{"rendered":"http:\/\/localhost\/ViajarComTempo\/?page_id=477"},"modified":"2024-06-07T22:40:27","modified_gmt":"2024-06-07T22:40:27","slug":"n2diaadia","status":"publish","type":"page","link":"https:\/\/viajarcomtempo.eu\/?page_id=477","title":{"rendered":"Roteiro da N2 Dia a Dia"},"content":{"rendered":"\n<p class=\"has-medium-font-size wp-block-paragraph\"><a href=\"https:\/\/viajarcomtempo.eu\/?page_id=874\">Voltar <\/a><a href=\"http:\/\/localhost\/ViajarComTempo\/\">\u21b5<\/a><\/p>\n\n\n\n<p class=\"wp-block-paragraph\">Este \u00e9 um dos roteiros poss\u00edveis na l\u00f3gica de quem parte de zona centro e sul, para iniciar o percurso em Chaves, em que \u00e9 recomendado aproveitar o facto de estar no Norte para visitar com mais detalhe os concelhos dessa regi\u00e3o ou mesmo aproveitar para alguns circuitos complementares nesses concelhos. Se por outro lado vive mais a norte ent\u00e3o o racioc\u00ednio \u00e9 o inverso, menos tempo a Norte mais tempo a Sul.<\/p>\n\n\n\n<p class=\"wp-block-paragraph\">Em qualquer dos casos \u00e9 apenas um gui\u00e3o (o nosso roteiro). Se n\u00e3o cumprir ou se ultrapassar o previsto reorganize e continue. Mas lembre-se, sem pressas, est\u00e1 a <strong><em>viajar com tempo.<\/em><\/strong><\/p>\n\n\n\n<figure class=\"wp-block-table is-style-stripes\"><table><thead><tr><th>Dia <\/th><th>   Ver Detalhe <\/th><th><strong>Ponto de Interesse<\/strong><\/th><\/tr><\/thead><tbody><tr><td>  <strong>1  <\/strong><\/td><td><strong><a href=\"https:\/\/viajarcomtempo.eu\/?page_id=30\">Chaves<\/a><\/strong><\/td><td><img loading=\"lazy\" decoding=\"async\" width=\"40\" height=\"54\" class=\"wp-image-775\" style=\"width: 40px;\" src=\"https:\/\/viajarcomtempo.eu\/wp-content\/uploads\/2021\/02\/Km0.gif\" alt=\"\"><\/td><\/tr><tr><td><strong>2<\/strong><\/td><td><a href=\"https:\/\/viajarcomtempo.eu\/wp-content\/uploads\/2021\/02\/Chaves_Vidago.pdf\" target=\"_blank\" rel=\"noreferrer noopener\"><strong>Percurso Chaves &#8211; Vidago<\/strong><\/a><\/td><td>Miradouro de S\u00e3o Louren\u00e7o &#8211; a 6 Km.<br>Restaurante Casa Capador<br>Restaurante Tasca do Quim Barbeiro<\/td><\/tr><tr><td><\/td><td><strong><a href=\"https:\/\/viajarcomtempo.eu\/?page_id=30\">Vidago<\/a><\/strong><\/td><td><\/td><\/tr><tr><td><\/td><td><a rel=\"noreferrer noopener\" href=\"https:\/\/viajarcomtempo.eu\/wp-content\/uploads\/2021\/02\/Vidago_PedrasSalgadas.pdf\" target=\"_blank\"><strong>Percurso  Vidago &#8211; Pedras Salgadas<\/strong><\/a><\/td><td><\/td><\/tr><tr><td><\/td><td><a data-type=\"page\" href=\"https:\/\/viajarcomtempo.eu\/?page_id=730\"><strong>Pedras Salgadas<\/strong><\/a><\/td><td><\/td><\/tr><tr><td><\/td><td><strong><a href=\"https:\/\/viajarcomtempo.eu\/wp-content\/uploads\/2021\/02\/PedrasSalgadas_VilaPoucaAguiar.pdf\" target=\"_blank\" rel=\"noreferrer noopener\">Percurso Pedras Salgadas &#8211; Vila Pouca de Aguiar<\/a><\/strong><\/td><td>Complexo Mineiro Romano (+ 30 Km ida e volta com percurso sinuoso)<\/td><\/tr><tr><td><\/td><td><\/td><td>Restaurante Borges<\/td><\/tr><tr><td><\/td><td><strong><a href=\"https:\/\/viajarcomtempo.eu\/?page_id=730\">Vila Pouca de Aguiar<\/a><\/strong><\/td><td><img loading=\"lazy\" decoding=\"async\" width=\"40\" height=\"58\" class=\"wp-image-731\" style=\"width: 40px;\" src=\"https:\/\/viajarcomtempo.eu\/wp-content\/uploads\/2021\/02\/Km35.gif\" alt=\"\"><\/td><\/tr><tr><td><\/td><td><\/td><td>Parque de Lazer da Lagoa do Alv\u00e3o (desvio de 8 Km ida e volta)<\/td><\/tr><tr><td><\/td><td><\/td><td>Miradouro do Minh\u00e9u (desvio de 24 Km ida e volta)<\/td><\/tr><tr><td><\/td><td><\/td><td>Restaurante Girassol<\/td><\/tr><tr><td><\/td><td><strong><a rel=\"noreferrer noopener\" href=\"https:\/\/viajarcomtempo.eu\/wp-content\/uploads\/2021\/02\/VilaPoucaAguiar_VilaReal.pdf\" target=\"_blank\">Percurso Vila Pouca de Aguiar &#8211; Vila Real<\/a><\/strong><\/td><td>Restaurante A Recta<\/td><\/tr><tr><td><\/td><td><\/td><td>Restaurante o Forno<\/td><\/tr><tr><td><\/td><td><\/td><td>Restaurante Sabores do Forno<\/td><\/tr><tr><td><\/td><td><\/td><td>Adega Regional Passos Perdidos<\/td><\/tr><tr><td><\/td><td><\/td><td>Pal\u00e1cio de Mateus (desvio de 3,2 Km ida e volta)<\/td><\/tr><tr><td><strong>3<\/strong><\/td><td><strong><a href=\"https:\/\/viajarcomtempo.eu\/?page_id=832\">Vila Real<\/a><\/strong><\/td><td><img loading=\"lazy\" decoding=\"async\" width=\"40\" height=\"53\" class=\"wp-image-776\" style=\"width: 40px;\" src=\"https:\/\/viajarcomtempo.eu\/wp-content\/uploads\/2021\/02\/Km64.gif\" alt=\"\"><\/td><\/tr><tr><td><strong>4<\/strong><\/td><td><a href=\"https:\/\/viajarcomtempo.eu\/wp-content\/uploads\/2021\/02\/VilaReal_SantaMartaPenaguiao.pdf\" target=\"_blank\" rel=\"noreferrer noopener\"><strong>Percurso Vila Real &#8211; Santa Marta de P<\/strong><\/a><a rel=\"noreferrer noopener\" href=\"https:\/\/viajarcomtempo.eu\/wp-content\/uploads\/2021\/02\/VilaReal_SantaMartaPenaguiao.pdf\" target=\"_blank\"><strong>e<\/strong><\/a><a rel=\"noreferrer noopener\" href=\"https:\/\/viajarcomtempo.eu\/wp-content\/uploads\/2021\/02\/VilaReal_santaMartaPenagui\u00e3o.pdf\" target=\"_blank\"><strong>nagui\u00e3o<\/strong><\/a><\/td><td>Miradouro de Santa B\u00e1rbara desvio de 2,5 km (ida e Volta) pela Rua do Lad\u00e1rio<\/td><\/tr><tr><td><\/td><td><\/td><td>Ao Km 75 (antes da placa de C\u00f4velo) apreciar a vista \u00fanica sobre as vinhas.<\/td><\/tr><tr><td><\/td><td><a href=\"https:\/\/viajarcomtempo.eu\/?page_id=904\"><strong>Santa Marta de Penagui\u00e3o<\/strong><\/a><\/td><td><img loading=\"lazy\" decoding=\"async\" width=\"40\" height=\"53\" class=\"wp-image-942\" style=\"width: 40px;\" src=\"https:\/\/viajarcomtempo.eu\/wp-content\/uploads\/2021\/02\/Km81.gif\" alt=\"\"><\/td><\/tr><tr><td><\/td><td><a rel=\"noreferrer noopener\" href=\"https:\/\/viajarcomtempo.eu\/wp-content\/uploads\/2021\/02\/SantaMartaPenaguiao_PesoDaRegua.pdf\" target=\"_blank\"><strong>Percurso Santa Marta de P<\/strong><\/a><a rel=\"noreferrer noopener\" href=\"https:\/\/viajarcomtempo.eu\/wp-content\/uploads\/2021\/02\/VilaReal_SantaMartaPenaguiao.pdf\" target=\"_blank\"><strong>e<\/strong><\/a><a rel=\"noreferrer noopener\" href=\"https:\/\/viajarcomtempo.eu\/wp-content\/uploads\/2021\/02\/SantaMartaPenaguiao_PesoDaRegua.pdf\" target=\"_blank\"><strong>nagui\u00e3o &#8211; Peso da R\u00e9gua<\/strong><\/a><\/td><td>Miradouro de S\u00e3o Pedro desvio de 1,5 km (ida e Volta)<\/td><\/tr><tr><td><\/td><td><strong><a href=\"https:\/\/viajarcomtempo.eu\/?page_id=962\">Peso da R\u00e9gua<\/a><\/strong><\/td><td><img loading=\"lazy\" decoding=\"async\" width=\"40\" height=\"53\" class=\"wp-image-939\" style=\"width: 40px;\" src=\"https:\/\/viajarcomtempo.eu\/wp-content\/uploads\/2021\/02\/Km88.gif\" alt=\"\"><\/td><\/tr><tr><td><\/td><td><strong><strong><a href=\"https:\/\/viajarcomtempo.eu\/wp-content\/uploads\/2021\/03\/PesoDaRegua_Lamego.pdf\" target=\"_blank\" rel=\"noreferrer noopener\">Percurso Peso da R\u00e9gua &#8211; Lamego<\/a><\/strong><\/strong><\/td><td>Miradouro de S\u00e3o Leonardo de Galafura (desvio de 18 Km ida e volta)<\/td><\/tr><tr><td><strong>5<\/strong><\/td><td><a href=\"https:\/\/viajarcomtempo.eu\/?page_id=1029\"><strong>Lamego<\/strong><\/a><\/td><td><img decoding=\"async\" class=\"wp-image-1012\" style=\"width: 40px;\" src=\"https:\/\/viajarcomtempo.eu\/wp-content\/uploads\/2021\/03\/Km103-1.gif\" alt=\"\"><img loading=\"lazy\" decoding=\"async\" width=\"40\" height=\"53\" class=\"wp-image-1011\" style=\"width: 40px;\" src=\"https:\/\/viajarcomtempo.eu\/wp-content\/uploads\/2021\/03\/Km103.gif\" alt=\"\"><\/td><\/tr><tr><td><strong>6<\/strong><\/td><td> <a href=\"https:\/\/viajarcomtempo.eu\/wp-content\/uploads\/2021\/03\/Lamego_CastroDaire.pdf\"><strong>Percurso Lamego &#8211; Castro Daire<\/strong><\/a> <\/td><td>Caves Raposeira<\/td><\/tr><tr><td><\/td><td><\/td><td>Aldeia de Lazarim &#8211; Onde se celebra um dos Entrudos mais<br>genu\u00ednos de Portugal. Desvio de 10 Km (ida e Volta) da N2 pela EM521.<\/td><\/tr><tr><td><\/td><td><\/td><td> Bigorne \u2013 Ponto mais alto da N2 987 metros <\/td><\/tr><tr><td><\/td><td><\/td><td>Ermida de Nossa Senhora da Ouvida <\/td><\/tr><tr><td><\/td><td><strong><a href=\"https:\/\/viajarcomtempo.eu\/?page_id=1048\">Castro Daire<\/a><\/strong><\/td><td><img loading=\"lazy\" decoding=\"async\" width=\"40\" height=\"53\" class=\"wp-image-1065\" style=\"width: 40px;\" src=\"https:\/\/viajarcomtempo.eu\/wp-content\/uploads\/2021\/03\/Km136.gif\" alt=\"\"><\/td><\/tr><tr><td><\/td><td> <a href=\"https:\/\/viajarcomtempo.eu\/wp-content\/uploads\/2021\/04\/CastroDaire_SaoPedroSul.pdf\"><strong>Percurso Castro Daire &#8211; S\u00e3o Pedro do Sul<\/strong><\/a>  <\/td><td>Termas do Carvalhal \u2013 junto da N2<\/td><\/tr><tr><td><\/td><td><\/td><td>Pindelo dos milagres \u2013 Capital do Heavy metal<\/td><\/tr><tr><td><\/td><td><\/td><td>Baloi\u00e7o da Pedreira \u2013 localizado junto \u00e0 aldeia de Cela. Desvio de 2 km (ida e Volta).<\/td><\/tr><tr><td><\/td><td><strong><a href=\"https:\/\/viajarcomtempo.eu\/?page_id=1077\">S\u00e3o Pedro do Sul<\/a><\/strong> <\/td><td><img loading=\"lazy\" decoding=\"async\" width=\"40\" height=\"54\" class=\"wp-image-1066\" style=\"width: 40px;\" src=\"https:\/\/viajarcomtempo.eu\/wp-content\/uploads\/2021\/03\/Km152.gif\" alt=\"\"><\/td><\/tr><tr><td><\/td><td><a href=\"https:\/\/viajarcomtempo.eu\/wp-content\/uploads\/2021\/06\/SaoPedroSul_Viseu.pdf\" target=\"_blank\" rel=\"noreferrer noopener\"><strong>Percurso S\u00e3o Pedro do Sul &#8211; Viseu<\/strong><\/a> <\/td><td>Miradouro Monte de Santa luzia \u2013 Desvio de 4 Km (ida e volta)<\/td><\/tr><tr><td><\/td><td><\/td><td>Restaurante Forno da Mimi &amp; Rod\u00edzio Real \u2013 junto a N2<\/td><\/tr><tr><td><\/td><td><\/td><td>Restaurante Santa Luzia   \u2013 junto a N2 <\/td><\/tr><tr><td><\/td><td><\/td><td>Restaurante O Cantinho do Tito &#8211; J\u00e1 em Viseu<\/td><\/tr><tr><td>7<\/td><td><a href=\"https:\/\/viajarcomtempo.eu\/?page_id=1103\"><strong>Viseu<\/strong><\/a><\/td><td><img loading=\"lazy\" decoding=\"async\" width=\"40\" height=\"52\" class=\"wp-image-1067\" style=\"width: 40px;\" src=\"https:\/\/viajarcomtempo.eu\/wp-content\/uploads\/2021\/03\/Km172.gif\" alt=\"\"><\/td><\/tr><tr><td>8<\/td><td><a href=\"https:\/\/viajarcomtempo.eu\/wp-content\/uploads\/2021\/05\/Viseu_Tondela.pdf\" target=\"_blank\" rel=\"noreferrer noopener\"><strong>Percurso Viseu -Tondela<\/strong><\/a><\/td><td>Canas de Santa Maria &#8211; Restaurante Santa Maria e Restaurante Casa Ma\u00e7aroco<\/td><\/tr><tr><td><\/td><td><a href=\"https:\/\/viajarcomtempo.eu\/?page_id=1105\"><strong>Tondela<\/strong><\/a><\/td><td><img loading=\"lazy\" decoding=\"async\" width=\"40\" height=\"51\" class=\"wp-image-1101\" style=\"width: 40px;\" src=\"https:\/\/viajarcomtempo.eu\/wp-content\/uploads\/2021\/04\/Km199.gif\" alt=\"\"><\/td><\/tr><tr><td><\/td><td><a href=\"https:\/\/viajarcomtempo.eu\/wp-content\/uploads\/2021\/05\/Tondela_SantaCombaDao.pdf\" target=\"_blank\" rel=\"noreferrer noopener\"><strong>Percurso Tondela &#8211; Santa Comba D\u00e3o<\/strong><\/a><\/td><td>Restaurante Alambique.<\/td><\/tr><tr><td><\/td><td><\/td><td>Restaurante Kat-Kero <\/td><\/tr><tr><td><\/td><td><a href=\"https:\/\/viajarcomtempo.eu\/?page_id=1113\"><strong>Santa Comba D\u00e3o <\/strong><\/a><\/td><td><img loading=\"lazy\" decoding=\"async\" width=\"40\" height=\"52\" class=\"wp-image-1221\" style=\"width: 40px;\" src=\"https:\/\/viajarcomtempo.eu\/wp-content\/uploads\/2021\/06\/Km213.gif\" alt=\"\"><\/td><\/tr><tr><td><\/td><td><a href=\"https:\/\/viajarcomtempo.eu\/wp-content\/uploads\/2021\/05\/SantaCombaDao_Mortagua.pdf\" target=\"_blank\" rel=\"noreferrer noopener\"><strong>Percurso  Santa Comba D\u00e3o &#8211; Mort\u00e1gua<\/strong><\/a><\/td><td>Parque de Merendas Jardim Rainha Santa \u2013 Junto \u00e0 N2<\/td><\/tr><tr><td><\/td><td><\/td><td>Restaurante Nuno dos Leit\u00f5es \u2013 Desvio de 3 Km.<\/td><\/tr><tr><td><\/td><td><\/td><td>Restaurante A Lampreia \u2013 Junto \u00e0 N2<\/td><\/tr><tr><td><\/td><td><\/td><td>Albufeira da Barragem da Aguieira<\/td><\/tr><tr><td><\/td><td><\/td><td>Restaurante Lagoa Azul dos Leit\u00f5es \u2013 \u2013 Junto \u00e0 N2.<\/td><\/tr><tr><td><\/td><td><a href=\"https:\/\/viajarcomtempo.eu\/?page_id=1115\" target=\"_blank\" rel=\"noreferrer noopener\"><strong>Mo<\/strong><\/a><strong><a href=\"https:\/\/viajarcomtempo.eu\/?page_id=1115\">r<\/a><\/strong><a href=\"https:\/\/viajarcomtempo.eu\/?page_id=1115\"><strong>t\u00e1gua<\/strong> <\/a><\/td><td><img loading=\"lazy\" decoding=\"async\" width=\"40\" height=\"51\" class=\"wp-image-1224\" style=\"width: 40px;\" src=\"https:\/\/viajarcomtempo.eu\/wp-content\/uploads\/2021\/06\/Km225.gif\" alt=\"\"><\/td><\/tr><tr><td><\/td><td><a href=\"https:\/\/viajarcomtempo.eu\/wp-content\/uploads\/2021\/05\/Mortagua_Penacova.pdf\" target=\"_blank\" rel=\"noreferrer noopener\"><strong>Percurso  Mort\u00e1gua &#8211; Penacova<\/strong><\/a><\/td><td>Barragem da Aguieira<\/td><\/tr><tr><td><\/td><td><\/td><td>Livraria do Mondego<\/td><\/tr><tr><td>9<\/td><td><a href=\"https:\/\/viajarcomtempo.eu\/?page_id=963\"><strong>Penacova <\/strong><\/a><\/td><td><img loading=\"lazy\" decoding=\"async\" width=\"40\" height=\"52\" class=\"wp-image-1241\" style=\"width: 40px;\" src=\"https:\/\/viajarcomtempo.eu\/wp-content\/uploads\/2021\/06\/Km238.gif\" alt=\"\"><\/td><\/tr><tr><td><\/td><td><strong><a href=\"https:\/\/viajarcomtempo.eu\/wp-content\/uploads\/2021\/06\/Penacova_VilaNovaPoiares.pdf\" target=\"_blank\" rel=\"noreferrer noopener\">Percurso Penacova &#8211; Vila Nova de Poiares<\/a><\/strong><\/td><td>Praia Fluvial do Reconquinho, com Bar e Parque de Campismo<\/td><\/tr><tr><td><\/td><td><\/td><td>Louredo- Ponto mais ocidental da N2<\/td><\/tr><tr><td><\/td><td><a href=\"https:\/\/viajarcomtempo.eu\/?page_id=1149\"><strong>Vila Nova de Poiares <\/strong><\/a><\/td><td><img loading=\"lazy\" decoding=\"async\" width=\"40\" height=\"52\" class=\"wp-image-1251\" style=\"width: 40px;\" src=\"https:\/\/viajarcomtempo.eu\/wp-content\/uploads\/2021\/06\/Km248.gif\" alt=\"\"><\/td><\/tr><tr><td><\/td><td><strong><a href=\"https:\/\/viajarcomtempo.eu\/wp-content\/uploads\/2021\/06\/VilaNovaPoiares_Lousa.pdf\" target=\"_blank\" rel=\"noreferrer noopener\">Percurso Vila Nova de Poiares &#8211; Lous\u00e3<\/a><\/strong><\/td><td>Complexo de Piscinas da Fraga e Miradouro da Fraga \u2013 (6 Km Ida e<br>volta)<\/td><\/tr><tr><td><\/td><td><\/td><td>Moinhos da Atalhada \u2013 14 Km Ida e volta depois do Miradouro da<br>Fraga<\/td><\/tr><tr><td><\/td><td><a href=\"https:\/\/viajarcomtempo.eu\/?page_id=1167\"><strong>Lous\u00e3<\/strong><\/a><\/td><td><img loading=\"lazy\" decoding=\"async\" width=\"40\" height=\"53\" class=\"wp-image-1252\" style=\"width: 40px;\" src=\"https:\/\/viajarcomtempo.eu\/wp-content\/uploads\/2021\/06\/Km261.gif\" alt=\"\"><\/td><\/tr><tr><td><\/td><td><strong><a href=\"https:\/\/viajarcomtempo.eu\/wp-content\/uploads\/2021\/06\/Lousa_Gois.pdf\" target=\"_blank\" rel=\"noreferrer noopener\">Percurso Lous\u00e3 &#8211; G\u00f3is<\/a><\/strong><\/td><td>Nada a assinalar &#8211; Grande parte do percurso \u00e9 para voltar \u00e0 N2<\/td><\/tr><tr><td>10<\/td><td><strong><a href=\"https:\/\/viajarcomtempo.eu\/?page_id=1153\">G\u00f3is<\/a><\/strong><\/td><td><img loading=\"lazy\" decoding=\"async\" width=\"40\" height=\"53\" class=\"wp-image-1253\" style=\"width: 40px;\" src=\"https:\/\/viajarcomtempo.eu\/wp-content\/uploads\/2021\/06\/Km272.gif\" alt=\"\"><\/td><\/tr><tr><td><\/td><td><a href=\"https:\/\/viajarcomtempo.eu\/wp-content\/uploads\/2021\/06\/Gois-_PedrogaoGrande.pdf\" target=\"_blank\" rel=\"noreferrer noopener\"><strong>Percurso G\u00f3is<\/strong> &#8211; Pedr\u00f3g\u00e3o Grande<\/a><\/td><td>Forja \u2013 Artesanato em ferro<\/td><\/tr><tr><td><\/td><td><\/td><td>Praia Fluvial da Peneda<\/td><\/tr><tr><td><\/td><td><strong><a href=\"https:\/\/viajarcomtempo.eu\/?page_id=1179\">Pedr\u00f3g\u00e3o Grande<\/a><\/strong> <\/td><td><img loading=\"lazy\" decoding=\"async\" width=\"40\" height=\"53\" class=\"wp-image-1261\" style=\"width: 40px;\" src=\"https:\/\/viajarcomtempo.eu\/wp-content\/uploads\/2021\/06\/Km319.gif\" alt=\"\"><\/td><\/tr><tr><td><\/td><td><a href=\"https:\/\/viajarcomtempo.eu\/wp-content\/uploads\/2021\/06\/PedrogaoGrande_Serta.pdf\" target=\"_blank\" rel=\"noreferrer noopener\"><strong>Percurso Pedr\u00f3g\u00e3o Grande &#8211; Sert\u00e3<\/strong><\/a><\/td><td>Miradouro da Cotovia &#8211; junto \u00e0 N2 (600 m )<\/td><\/tr><tr><td><\/td><td><\/td><td>Igreja Nossa Senhora dos Milagres<\/td><\/tr><tr><td><\/td><td><\/td><td>Barragem e Albufeira do Cabril<\/td><\/tr><tr><td><\/td><td><\/td><td>Miradouro do Monte de Nossa Senhora da Confian\u00e7a &#8211; com Ermida <\/td><\/tr><tr><td><\/td><td><\/td><td>Pedr\u00f3g\u00e3o Pequeno &#8211; a \u00fanica Aldeia do Xisto atravessada pela N2<\/td><\/tr><tr><td><\/td><td><\/td><td>Ponte Filipina do Cabril \u2013 (Desvio de 3 Km ida e volta)<\/td><\/tr><tr><td><\/td><td><\/td><td>Barragem e Albufeira da Bou\u00e7\u00e3 -(Desvio de 24 Km ida e volta)<\/td><\/tr><tr><td><\/td><td><strong><a href=\"https:\/\/viajarcomtempo.eu\/?page_id=1189\">Sert\u00e3<\/a><\/strong> <\/td><td><img loading=\"lazy\" decoding=\"async\" width=\"40\" height=\"53\" class=\"wp-image-1262\" style=\"width: 40px;\" src=\"https:\/\/viajarcomtempo.eu\/wp-content\/uploads\/2021\/06\/Km345.gif\" alt=\"\"><\/td><\/tr><tr><td><\/td><td><a href=\"https:\/\/viajarcomtempo.eu\/wp-content\/uploads\/2021\/06\/Serta_VilaRei.pdf\" target=\"_blank\" rel=\"noreferrer noopener\"><strong>Percurso Sert\u00e3 &#8211; Vila de Rei<\/strong><\/a><\/td><td>Praia Fluvial do Tr\u00edzio &#8211;  (Desvio de 28 Km ida e volta) <\/td><\/tr><tr><td><\/td><td><\/td><td>Praia fluvial do Bostelim &#8211;  (Desvio de 4 Km ida e volta) <\/td><\/tr><tr><td><\/td><td><strong><a href=\"https:\/\/viajarcomtempo.eu\/?page_id=1191\">Vila de Rei <\/a><\/strong><\/td><td><img loading=\"lazy\" decoding=\"async\" width=\"40\" height=\"53\" class=\"wp-image-1263\" style=\"width: 40px;\" src=\"https:\/\/viajarcomtempo.eu\/wp-content\/uploads\/2021\/06\/Km366.gif\" alt=\"\"><\/td><\/tr><tr><td><\/td><td><strong><a href=\"https:\/\/viajarcomtempo.eu\/wp-content\/uploads\/2021\/06\/VilaRei_Sardoal.pdf\">Percurso Vila de Rei &#8211; Sardoal<\/a><\/strong><\/td><td>Centro Geod\u00e9sico de Portugal<\/td><\/tr><tr><td><\/td><td><\/td><td>Praia fluvial do Penedo Furado &#8211;  (Desvio de 6 Km ida e volta)  <\/td><\/tr><tr><td><\/td><td><\/td><td>Aldeia de \u00c1gua Formosa \u2013   (Desvio de 8 Km ida e volta)  <\/td><\/tr><tr><td><\/td><td><strong><a href=\"https:\/\/viajarcomtempo.eu\/?page_id=1193\">Sardoal <\/a><\/strong><\/td><td><img loading=\"lazy\" decoding=\"async\" width=\"40\" height=\"53\" class=\"wp-image-1264\" style=\"width: 40px;\" src=\"https:\/\/viajarcomtempo.eu\/wp-content\/uploads\/2021\/06\/Km386.gif\" alt=\"\"><\/td><\/tr><tr><td><\/td><td><strong><a href=\"https:\/\/viajarcomtempo.eu\/wp-content\/uploads\/2021\/06\/Sardoal_Abrantes.pdf\" target=\"_blank\" rel=\"noreferrer noopener\">Percurso Sardoal &#8211; Abrantes<\/a><\/strong><\/td><td>Km 400<\/td><\/tr><tr><td>11<\/td><td><strong><a href=\"https:\/\/viajarcomtempo.eu\/?page_id=1195\">Abrantes <\/a><\/strong><\/td><td><img loading=\"lazy\" decoding=\"async\" width=\"40\" height=\"53\" class=\"wp-image-1265\" style=\"width: 40px;\" src=\"https:\/\/viajarcomtempo.eu\/wp-content\/uploads\/2021\/06\/Km402.gif\" alt=\"\"><\/td><\/tr><tr><td><\/td><td> <strong><a href=\"https:\/\/viajarcomtempo.eu\/wp-content\/uploads\/2021\/09\/Abrantes_PonteSor.pdf\" target=\"_blank\" rel=\"noreferrer noopener\">Percurso Abrantes &#8211; Ponte de Sor<\/a><\/strong><\/td><td><strong>Rossio Ao Sul do Tejo<\/strong> &#8211; Parque Tejo &#8211; Turismo, Ci\u00eancia e Lazer Parque de Campismo e Caravanismo.<\/td><\/tr><tr><td><\/td><td><\/td><td><strong>Bemposta <\/strong>&#8211; Restaurante Toca do Lobo e <br><strong>Restaurante Elisa &amp; Gilberto<\/strong><\/td><\/tr><tr><td><\/td><td> <strong><a href=\"https:\/\/viajarcomtempo.eu\/?page_id=1342\">Ponte de Sor<\/a> <\/strong><\/td><td><img loading=\"lazy\" decoding=\"async\" width=\"40\" height=\"53\" class=\"wp-image-1266\" style=\"width: 40px;\" src=\"https:\/\/viajarcomtempo.eu\/wp-content\/uploads\/2021\/06\/Km435.gif\" alt=\"\"><\/td><\/tr><tr><td><\/td><td><strong><a href=\"https:\/\/viajarcomtempo.eu\/wp-content\/uploads\/2021\/09\/PonteSor_Avis_PonteSor.pdf\" target=\"_blank\" rel=\"noreferrer noopener\">Percurso Ponte de Sor-Avis-Ponte de Sor<\/a><\/strong><\/td><td><strong>Galveias<\/strong> &#8211; Igreja da Miseric\u00f3rdia em Galveias<strong>, <\/strong>Santu\u00e1rio de S\u00e3o Saturnino \u2013 Templo e Miradouro, Ermida de Santo Ant\u00f3nio e <br>Igreja de S\u00e3o Louren\u00e7o<\/td><\/tr><tr><td><\/td><td> <strong><a href=\"https:\/\/viajarcomtempo.eu\/?page_id=1353\">Avis<\/a> <\/strong><\/td><td><img loading=\"lazy\" decoding=\"async\" width=\"40\" height=\"53\" class=\"wp-image-1592\" style=\"width: 40px;\" src=\"https:\/\/viajarcomtempo.eu\/wp-content\/uploads\/2021\/09\/Km466.gif\" alt=\"\"><\/td><\/tr><tr><td><\/td><td><strong><a href=\"https:\/\/viajarcomtempo.eu\/wp-content\/uploads\/2021\/09\/PonteSor_Mora.pdf\" target=\"_blank\" rel=\"noreferrer noopener\">Percurso Ponte de Sor-Mora<\/a><\/strong><\/td><td><strong>Montargil<\/strong> &#8211; Igreja da Miseric\u00f3rdia e Capela de Santo Ant\u00f3nio,<br>Cruzeiro de Montargil,<br>Praia Fluvial da Barragem de Montargil<br>Oficina d\u2019 Anjos- Tapas&amp;Vinhos<br>Nau Lago Montargil &amp; Villas (Alojamento)<br>Montargil Monte Novo (Alojamento)<br>Barragem de Montargil<\/td><\/tr><tr><td><\/td><td> <strong><a href=\"https:\/\/viajarcomtempo.eu\/?page_id=1363\">Mora<\/a> <\/strong><\/td><td><img loading=\"lazy\" decoding=\"async\" width=\"40\" height=\"53\" class=\"wp-image-1593\" style=\"width: 40px;\" src=\"https:\/\/viajarcomtempo.eu\/wp-content\/uploads\/2021\/09\/Km473.gif\" alt=\"\"><\/td><\/tr><tr><td><\/td><td><strong><a href=\"https:\/\/viajarcomtempo.eu\/wp-content\/uploads\/2021\/09\/Abrantes_PonteSor.pdf\" target=\"_blank\" rel=\"noreferrer noopener\">Percurso M<\/a><a href=\"https:\/\/viajarcomtempo.eu\/wp-content\/uploads\/2021\/09\/Mora_Coruche_Mora.docx\">o<\/a><a href=\"https:\/\/viajarcomtempo.eu\/wp-content\/uploads\/2021\/09\/Mora_Coruche_Mora.pdf\" target=\"_blank\" rel=\"noreferrer noopener\">ra-Coruche- Mora<\/a><\/strong><\/td><td>Igreja de S. Ant\u00f3nio do Cou\u00e7o<br>Restaurante Arcadas<br>Restaurante Tasca do Manel<br>Alojamento Dom Cou\u00e7o<\/td><\/tr><tr><td><\/td><td> <strong><a href=\"https:\/\/viajarcomtempo.eu\/?page_id=1365\">Coruche<\/a> <\/strong><\/td><td><img loading=\"lazy\" decoding=\"async\" width=\"40\" height=\"53\" class=\"wp-image-1594\" style=\"width: 40px;\" src=\"https:\/\/viajarcomtempo.eu\/wp-content\/uploads\/2021\/09\/Km495.gif\" alt=\"\"><\/td><\/tr><tr><td><\/td><td><strong><a href=\"https:\/\/viajarcomtempo.eu\/wp-content\/uploads\/2021\/09\/Mora_Montenor.pdf\" target=\"_blank\" rel=\"noreferrer noopener\">Percurso Mora-Montemor-o-Novo<\/a><\/strong><\/td><td>Passagem pelo Concelho de Coruche<br><strong>Aldeia de Brotas<\/strong> &#8211; Santu\u00e1rio de Nossa Senhora de Brotas, Restaurante \u201cO Po\u00e7o\u201d e Casas de Romaria.<br><strong>Ciborro<\/strong> &#8211; Km 500 e Caf\u00e9 \u201cO Ciborro\u201d<br>Restaurante Sabores da Aldeia<br>Restaurante O Corti\u00e7o<br>Alojamento Monte do Pa\u00e7o<\/td><\/tr><tr><td><\/td><td> <strong><a href=\"https:\/\/viajarcomtempo.eu\/?page_id=1353\"><\/a><strong><a href=\"https:\/\/viajarcomtempo.eu\/?page_id=1369\">Montemor-o-Novo<\/a><\/strong><\/strong><\/td><td><img loading=\"lazy\" decoding=\"async\" width=\"40\" height=\"53\" class=\"wp-image-1595\" style=\"width: 40px;\" src=\"https:\/\/viajarcomtempo.eu\/wp-content\/uploads\/2021\/09\/Km520.gif\" alt=\"\"><\/td><\/tr><tr><td><\/td><td><strong><a href=\"https:\/\/viajarcomtempo.eu\/wp-content\/uploads\/2021\/09\/Montenor_AlcacovasVianaAlentejo.pdf\" target=\"_blank\" rel=\"noreferrer noopener\">Percurso Montemor-o-Novo-Alc\u00e1\u00e7ovas(Viana do Alentejo)<\/a><\/strong><\/td><td>Ermida de S\u00e3o Pedro da Ribeira<br>Igreja de S\u00e3o Mateus&nbsp;<br>Restaurante o Altinho<br>Santiago do Escoural \u2013 Gruta do Escoural (desvio de 8 Km ida e Volta)&nbsp;<br>Anta-Capela de Nossa Senhora do Livramento &#8211; (desvio de 10 Km ida e Volta)&nbsp;tamb\u00e9m conhecida por Anta de S\u00e3o Brissos<br>Restaurante Manuel Azinheirinha.<br>Para visitar Viana do Alentejo continuar pela N257 por mais 22 Km (44 Km ida e volta).<\/td><\/tr><tr><td><\/td><td><strong><strong><a href=\"https:\/\/viajarcomtempo.eu\/?page_id=1369\"><\/a><strong><a href=\"https:\/\/viajarcomtempo.eu\/?page_id=1429\">Alc\u00e1\u00e7ovas &#8211; Viana do Alentejo<\/a><\/strong><\/strong><\/strong><\/td><td><img loading=\"lazy\" decoding=\"async\" width=\"40\" height=\"53\" class=\"wp-image-1596\" style=\"width: 40px;\" src=\"https:\/\/viajarcomtempo.eu\/wp-content\/uploads\/2021\/09\/Km550.gif\" alt=\"\"><\/td><\/tr><tr><td><\/td><td><strong><a href=\"https:\/\/viajarcomtempo.eu\/wp-content\/uploads\/2021\/09\/Alcacovas_TorraoAlcacerdoSal.pdf\" target=\"_blank\" rel=\"noreferrer noopener\">Percurso Alc\u00e1\u00e7ovas(Viana do Alentejo)-Torr\u00e3o(Alc\u00e1cer do Sal)<\/a><\/strong><\/td><td>Para visitar Alc\u00e1cer do Sal sair no Cruzamento com a N5-2 ao Km 563, um pouco antes do Torr\u00e3o.<\/td><\/tr><tr><td><\/td><td><strong><strong><strong><a href=\"https:\/\/viajarcomtempo.eu\/?page_id=1448\">Torr\u00e3o &#8211; Alc\u00e1cer do Sal<\/a><\/strong><\/strong><\/strong><\/td><td><img loading=\"lazy\" decoding=\"async\" width=\"40\" height=\"53\" class=\"wp-image-1597\" style=\"width: 40px;\" src=\"https:\/\/viajarcomtempo.eu\/wp-content\/uploads\/2021\/09\/Km565.gif\" alt=\"\"><\/td><\/tr><tr><td><\/td><td><strong><a href=\"https:\/\/viajarcomtempo.eu\/wp-content\/uploads\/2021\/09\/TorraoAlcacerdoSal_FerreiraAlentejo.pdf\" target=\"_blank\" rel=\"noreferrer noopener\">Percurso Torr\u00e3o(Alc\u00e1cer do Sal)-Ferreira do Alentejo<\/a><\/strong><\/td><td>Praia Fluvial de Odivelas na Barragem de Odivelas (desvio de 10 Km ida e Volta).<br><strong>Odivelas <\/strong>&#8211; <strong>Hotel O gato<\/strong> e <strong>Herdade dos Sepol &#8211; Casa de Campo<\/strong><\/td><\/tr><tr><td><\/td><td><strong><strong><strong><a href=\"https:\/\/viajarcomtempo.eu\/?page_id=1454\">Ferreira do Alentejo<\/a><\/strong><\/strong><\/strong><\/td><td><img loading=\"lazy\" decoding=\"async\" width=\"40\" height=\"53\" class=\"wp-image-1598\" style=\"width: 40px;\" src=\"https:\/\/viajarcomtempo.eu\/wp-content\/uploads\/2021\/09\/Km595.gif\" alt=\"\"><\/td><\/tr><tr><td><\/td><td><strong><a href=\"https:\/\/viajarcomtempo.eu\/wp-content\/uploads\/2021\/09\/FerreiraAlentejo_Aljustrel.pdf\" target=\"_blank\" rel=\"noreferrer noopener\">Percurso Ferreira do Alentejo-Aljustrel<\/a><\/strong><\/td><td><strong>Ervidel&nbsp;<\/strong> &#8211; Barragem do Roxo, Igreja Matriz de Ervidel, Capela de S\u00e3o Pedro, <strong>Restaurante Shalom2<\/strong> e <strong>Restaurante Pastelaria A Travessa<\/strong><br>Parque de Vicente Anes &#8211; \u00c1rea de descanso ao Km 613.<\/td><\/tr><tr><td><\/td><td><strong><strong><strong><a href=\"https:\/\/viajarcomtempo.eu\/?page_id=1473\">Aljustrel<\/a><\/strong><\/strong><\/strong><\/td><td><img loading=\"lazy\" decoding=\"async\" width=\"40\" height=\"53\" class=\"wp-image-1599\" style=\"width: 40px;\" src=\"https:\/\/viajarcomtempo.eu\/wp-content\/uploads\/2021\/09\/Km618.gif\" alt=\"\"><\/td><\/tr><tr><td><\/td><td><strong><a href=\"https:\/\/viajarcomtempo.eu\/wp-content\/uploads\/2021\/09\/Aljustrel_CastroVerde.pdf\" target=\"_blank\" rel=\"noreferrer noopener\">Percurso Aljustrel-Castro Verde<\/a><\/strong><\/td><td>Monte dos Po\u00e7os &#8211; Agroturismo &amp; Eventos ao Km 627.<\/td><\/tr><tr><td><\/td><td><strong><strong><strong><a href=\"https:\/\/viajarcomtempo.eu\/?page_id=1485\">Castro Verde<\/a><\/strong><\/strong><\/strong><\/td><td><img loading=\"lazy\" decoding=\"async\" width=\"40\" height=\"53\" class=\"wp-image-1600\" style=\"width: 40px;\" src=\"https:\/\/viajarcomtempo.eu\/wp-content\/uploads\/2021\/09\/Km640.gif\" alt=\"\"><\/td><\/tr><tr><td><\/td><td><a href=\"https:\/\/viajarcomtempo.eu\/wp-content\/uploads\/2021\/09\/CastroVerde_Almodovar-.pdf\" target=\"_blank\" rel=\"noreferrer noopener\"><strong>Percurso Castro Verde-Almod\u00f4var<\/strong><\/a><\/td><td><strong>Restaurante Por do Sol<\/strong><br><strong>Restaurante o Ros\u00e1rio<\/strong><br>Hotel Monte Beato<\/td><\/tr><tr><td><\/td><td><strong><strong><strong><a href=\"https:\/\/viajarcomtempo.eu\/?page_id=1517\">Almod\u00f4var<\/a><\/strong><\/strong><\/strong><\/td><td><img loading=\"lazy\" decoding=\"async\" width=\"40\" height=\"53\" class=\"wp-image-1601\" style=\"width: 40px;\" src=\"https:\/\/viajarcomtempo.eu\/wp-content\/uploads\/2021\/09\/Km661.gif\" alt=\"\"><\/td><\/tr><tr><td><\/td><td><strong><a href=\"https:\/\/viajarcomtempo.eu\/wp-content\/uploads\/2021\/09\/Almodovar_BarrancoVelhoLoule.pdf\" target=\"_blank\" rel=\"noreferrer noopener\">Percurso Almod\u00f4var-Barranco do Velho<\/a><\/strong><\/td><td><strong>Monte da Seiceira<\/strong> &#8211; \u00c1rea de descanso da Fonte da Seicera, Bar da Fonte e Parque de Merendas.<br><strong>Ameixial<\/strong> &#8211; Igreja Matriz de Santo Ant\u00f3nio do Ameixial, &nbsp;<br>Casas T\u00edpicas do Ameixial e Monumentos megal\u00edticos (Desvio de 12 Km ida e volta) da Anta da Pedra do Alagar e Anta da Cumeada.<br><strong>Miradouro da Serra do Caldeir\u00e3o<\/strong><br><strong>Casa dos Presuntos na Cortelha<\/strong><br><strong>Restaurante a Tia Bia<\/strong> em Barranco do Velho<\/td><\/tr><tr><td><\/td><td><strong><strong><strong><a href=\"https:\/\/viajarcomtempo.eu\/?page_id=1520\"><strong><strong><strong><\/strong><\/strong><\/strong><\/a><strong><strong><strong><a href=\"https:\/\/viajarcomtempo.eu\/?page_id=1520\">Loul\u00e9<\/a><\/strong><\/strong><\/strong> (<strong><strong><strong><a href=\"https:\/\/viajarcomtempo.eu\/?page_id=1520\">Barranco do Velho<\/a><\/strong><\/strong><\/strong>)<\/strong><\/strong><\/strong><\/td><td><img loading=\"lazy\" decoding=\"async\" width=\"40\" height=\"53\" class=\"wp-image-1602\" style=\"width: 40px;\" src=\"https:\/\/viajarcomtempo.eu\/wp-content\/uploads\/2021\/09\/Km668.gif\" alt=\"\"><\/td><\/tr><tr><td><\/td><td><strong><a href=\"https:\/\/viajarcomtempo.eu\/wp-content\/uploads\/2021\/09\/BarrandoVelhoLoule_SaoBrasAlportel-.pdf\" target=\"_blank\" rel=\"noreferrer noopener\">Percurso Barranco do Velho-S\u00e3o Br\u00e1s Alportel<\/a><\/strong><\/td><td><strong>\u00c1rea de descanso de Barranco do Velho, \u00e0 sa\u00edda da localidade<\/strong>.<br>Casa das Bicas &#8211; Alojamento<br>Fonte F\u00e9rrea &#8211; Parque<br>Miradouro do Alto da Arroteia &#8211; Vista para a serra e para o mar<\/td><\/tr><tr><td><\/td><td><strong><strong><strong><a href=\"https:\/\/viajarcomtempo.eu\/?page_id=1522\">S\u00e3o Br\u00e1s de Alportel<\/a><\/strong><\/strong><\/strong><\/td><td><img loading=\"lazy\" decoding=\"async\" width=\"40\" height=\"54\" class=\"wp-image-1603\" style=\"width: 40px;\" src=\"https:\/\/viajarcomtempo.eu\/wp-content\/uploads\/2021\/09\/Km721.gif\" alt=\"\"><\/td><\/tr><tr><td><\/td><td><strong><a href=\"https:\/\/viajarcomtempo.eu\/wp-content\/uploads\/2021\/09\/SaoBrasAlportel_Faro.pdf\" target=\"_blank\" rel=\"noreferrer noopener\">Percurso S\u00e3o Br\u00e1s Alportel-Faro<\/a><\/strong><\/td><td><strong>Estoi<\/strong> &#8211; Ru\u00ednas Romanas de Milreu, Pal\u00e1cio do Visconde de Estoi e<br>Vila Milreu Guest House,<br><strong>Restaurante Conv\u00edvio dos Cavaleiros<\/strong><br><strong>Restaurante O Pipo<\/strong>.<\/td><\/tr><tr><td><\/td><td><strong><strong><strong><a href=\"https:\/\/viajarcomtempo.eu\/?page_id=1524\">Faro<\/a><\/strong><\/strong><\/strong><\/td><td><img loading=\"lazy\" decoding=\"async\" width=\"40\" height=\"53\" class=\"wp-image-1604\" style=\"width: 40px;\" src=\"https:\/\/viajarcomtempo.eu\/wp-content\/uploads\/2021\/09\/Km738.gif\" alt=\"\"><\/td><\/tr><\/tbody><\/table><\/figure>\n\n\n\n<p class=\"wp-block-paragraph\"><\/p>\n\n\n\n<p class=\"wp-block-paragraph\"><\/p>\n\n\n\n<p class=\"wp-block-paragraph\"><a href=\"https:\/\/viajarcomtempo.eu\/?page_id=874\">Voltar <\/a><a href=\"https:\/\/viajarcomtempo.eu\/?page_id=74\">\u21b5<\/a><\/p>\n","protected":false},"excerpt":{"rendered":"<p>Voltar \u21b5 Este \u00e9 um dos roteiros poss\u00edveis na l\u00f3gica de quem parte de zona centro e sul, para iniciar o percurso em Chaves, em que \u00e9 recomendado aproveitar o facto de estar no Norte para visitar com mais detalhe os concelhos dessa regi\u00e3o ou mesmo aproveitar para alguns circuitos complementares nesses concelhos. Se por [&hellip;]<\/p>\n","protected":false},"author":1,"featured_media":0,"parent":0,"menu_order":0,"comment_status":"closed","ping_status":"closed","template":"","meta":{"_crdt_document":"","footnotes":""},"class_list":["post-477","page","type-page","status-publish","hentry","eq-blocks"],"yoast_head":"<!-- This site is optimized with the Yoast SEO plugin v27.5 - https:\/\/yoast.com\/product\/yoast-seo-wordpress\/ -->\n<title>Roteiro da N2 Dia a Dia - Viajar Com Tempo<\/title>\n<meta name=\"robots\" content=\"index, follow, max-snippet:-1, max-image-preview:large, max-video-preview:-1\" \/>\n<link rel=\"canonical\" href=\"https:\/\/viajarcomtempo.eu\/?page_id=477\" \/>\n<meta property=\"og:locale\" content=\"pt_PT\" \/>\n<meta property=\"og:type\" content=\"article\" \/>\n<meta property=\"og:title\" content=\"Roteiro da N2 Dia a Dia - Viajar Com Tempo\" \/>\n<meta property=\"og:description\" content=\"Voltar \u21b5 Este \u00e9 um dos roteiros poss\u00edveis na l\u00f3gica de quem parte de zona centro e sul, para iniciar o percurso em Chaves, em que \u00e9 recomendado aproveitar o facto de estar no Norte para visitar com mais detalhe os concelhos dessa regi\u00e3o ou mesmo aproveitar para alguns circuitos complementares nesses concelhos. Se por [&hellip;]\" \/>\n<meta property=\"og:url\" content=\"https:\/\/viajarcomtempo.eu\/?page_id=477\" \/>\n<meta property=\"og:site_name\" content=\"Viajar Com Tempo\" \/>\n<meta property=\"article:modified_time\" content=\"2024-06-07T22:40:27+00:00\" \/>\n<meta property=\"og:image\" content=\"http:\/\/viajarcomtempo.eu\/wp-content\/uploads\/2021\/02\/Km0.gif\" \/>\n<meta name=\"twitter:card\" content=\"summary_large_image\" \/>\n<meta name=\"twitter:label1\" content=\"Tempo estimado de leitura\" \/>\n\t<meta name=\"twitter:data1\" content=\"13 minutos\" \/>\n<script type=\"application\/ld+json\" class=\"yoast-schema-graph\">{\"@context\":\"https:\\\/\\\/schema.org\",\"@graph\":[{\"@type\":\"WebPage\",\"@id\":\"https:\\\/\\\/viajarcomtempo.eu\\\/?page_id=477\",\"url\":\"https:\\\/\\\/viajarcomtempo.eu\\\/?page_id=477\",\"name\":\"Roteiro da N2 Dia a Dia - Viajar Com Tempo\",\"isPartOf\":{\"@id\":\"https:\\\/\\\/viajarcomtempo.eu\\\/#website\"},\"primaryImageOfPage\":{\"@id\":\"https:\\\/\\\/viajarcomtempo.eu\\\/?page_id=477#primaryimage\"},\"image\":{\"@id\":\"https:\\\/\\\/viajarcomtempo.eu\\\/?page_id=477#primaryimage\"},\"thumbnailUrl\":\"http:\\\/\\\/viajarcomtempo.eu\\\/wp-content\\\/uploads\\\/2021\\\/02\\\/Km0.gif\",\"datePublished\":\"2021-02-09T16:05:24+00:00\",\"dateModified\":\"2024-06-07T22:40:27+00:00\",\"breadcrumb\":{\"@id\":\"https:\\\/\\\/viajarcomtempo.eu\\\/?page_id=477#breadcrumb\"},\"inLanguage\":\"pt-PT\",\"potentialAction\":[{\"@type\":\"ReadAction\",\"target\":[\"https:\\\/\\\/viajarcomtempo.eu\\\/?page_id=477\"]}]},{\"@type\":\"ImageObject\",\"inLanguage\":\"pt-PT\",\"@id\":\"https:\\\/\\\/viajarcomtempo.eu\\\/?page_id=477#primaryimage\",\"url\":\"http:\\\/\\\/viajarcomtempo.eu\\\/wp-content\\\/uploads\\\/2021\\\/02\\\/Km0.gif\",\"contentUrl\":\"http:\\\/\\\/viajarcomtempo.eu\\\/wp-content\\\/uploads\\\/2021\\\/02\\\/Km0.gif\"},{\"@type\":\"BreadcrumbList\",\"@id\":\"https:\\\/\\\/viajarcomtempo.eu\\\/?page_id=477#breadcrumb\",\"itemListElement\":[{\"@type\":\"ListItem\",\"position\":1,\"name\":\"In\u00edcio\",\"item\":\"https:\\\/\\\/viajarcomtempo.eu\\\/\"},{\"@type\":\"ListItem\",\"position\":2,\"name\":\"Roteiro da N2 Dia a Dia\"}]},{\"@type\":\"WebSite\",\"@id\":\"https:\\\/\\\/viajarcomtempo.eu\\\/#website\",\"url\":\"https:\\\/\\\/viajarcomtempo.eu\\\/\",\"name\":\"Viajar Com Tempo\",\"description\":\"Roteiros para viajar sem pressa\",\"publisher\":{\"@id\":\"https:\\\/\\\/viajarcomtempo.eu\\\/#\\\/schema\\\/person\\\/2f6c8045b5e07d397d92d8e5cf7aee98\"},\"potentialAction\":[{\"@type\":\"SearchAction\",\"target\":{\"@type\":\"EntryPoint\",\"urlTemplate\":\"https:\\\/\\\/viajarcomtempo.eu\\\/?s={search_term_string}\"},\"query-input\":{\"@type\":\"PropertyValueSpecification\",\"valueRequired\":true,\"valueName\":\"search_term_string\"}}],\"inLanguage\":\"pt-PT\"},{\"@type\":[\"Person\",\"Organization\"],\"@id\":\"https:\\\/\\\/viajarcomtempo.eu\\\/#\\\/schema\\\/person\\\/2f6c8045b5e07d397d92d8e5cf7aee98\",\"name\":\"Jos\u00e9 Salvador\",\"logo\":{\"@id\":\"https:\\\/\\\/viajarcomtempo.eu\\\/#\\\/schema\\\/person\\\/image\\\/\"},\"sameAs\":[\"http:\\\/\\\/viajarcomtempo.eu\"]}]}<\/script>\n<!-- \/ Yoast SEO plugin. -->","yoast_head_json":{"title":"Roteiro da N2 Dia a Dia - Viajar Com Tempo","robots":{"index":"index","follow":"follow","max-snippet":"max-snippet:-1","max-image-preview":"max-image-preview:large","max-video-preview":"max-video-preview:-1"},"canonical":"https:\/\/viajarcomtempo.eu\/?page_id=477","og_locale":"pt_PT","og_type":"article","og_title":"Roteiro da N2 Dia a Dia - Viajar Com Tempo","og_description":"Voltar \u21b5 Este \u00e9 um dos roteiros poss\u00edveis na l\u00f3gica de quem parte de zona centro e sul, para iniciar o percurso em Chaves, em que \u00e9 recomendado aproveitar o facto de estar no Norte para visitar com mais detalhe os concelhos dessa regi\u00e3o ou mesmo aproveitar para alguns circuitos complementares nesses concelhos. Se por [&hellip;]","og_url":"https:\/\/viajarcomtempo.eu\/?page_id=477","og_site_name":"Viajar Com Tempo","article_modified_time":"2024-06-07T22:40:27+00:00","og_image":[{"url":"http:\/\/viajarcomtempo.eu\/wp-content\/uploads\/2021\/02\/Km0.gif","type":"","width":"","height":""}],"twitter_card":"summary_large_image","twitter_misc":{"Tempo estimado de leitura":"13 minutos"},"schema":{"@context":"https:\/\/schema.org","@graph":[{"@type":"WebPage","@id":"https:\/\/viajarcomtempo.eu\/?page_id=477","url":"https:\/\/viajarcomtempo.eu\/?page_id=477","name":"Roteiro da N2 Dia a Dia - Viajar Com Tempo","isPartOf":{"@id":"https:\/\/viajarcomtempo.eu\/#website"},"primaryImageOfPage":{"@id":"https:\/\/viajarcomtempo.eu\/?page_id=477#primaryimage"},"image":{"@id":"https:\/\/viajarcomtempo.eu\/?page_id=477#primaryimage"},"thumbnailUrl":"http:\/\/viajarcomtempo.eu\/wp-content\/uploads\/2021\/02\/Km0.gif","datePublished":"2021-02-09T16:05:24+00:00","dateModified":"2024-06-07T22:40:27+00:00","breadcrumb":{"@id":"https:\/\/viajarcomtempo.eu\/?page_id=477#breadcrumb"},"inLanguage":"pt-PT","potentialAction":[{"@type":"ReadAction","target":["https:\/\/viajarcomtempo.eu\/?page_id=477"]}]},{"@type":"ImageObject","inLanguage":"pt-PT","@id":"https:\/\/viajarcomtempo.eu\/?page_id=477#primaryimage","url":"http:\/\/viajarcomtempo.eu\/wp-content\/uploads\/2021\/02\/Km0.gif","contentUrl":"http:\/\/viajarcomtempo.eu\/wp-content\/uploads\/2021\/02\/Km0.gif"},{"@type":"BreadcrumbList","@id":"https:\/\/viajarcomtempo.eu\/?page_id=477#breadcrumb","itemListElement":[{"@type":"ListItem","position":1,"name":"In\u00edcio","item":"https:\/\/viajarcomtempo.eu\/"},{"@type":"ListItem","position":2,"name":"Roteiro da N2 Dia a Dia"}]},{"@type":"WebSite","@id":"https:\/\/viajarcomtempo.eu\/#website","url":"https:\/\/viajarcomtempo.eu\/","name":"Viajar Com Tempo","description":"Roteiros para viajar sem pressa","publisher":{"@id":"https:\/\/viajarcomtempo.eu\/#\/schema\/person\/2f6c8045b5e07d397d92d8e5cf7aee98"},"potentialAction":[{"@type":"SearchAction","target":{"@type":"EntryPoint","urlTemplate":"https:\/\/viajarcomtempo.eu\/?s={search_term_string}"},"query-input":{"@type":"PropertyValueSpecification","valueRequired":true,"valueName":"search_term_string"}}],"inLanguage":"pt-PT"},{"@type":["Person","Organization"],"@id":"https:\/\/viajarcomtempo.eu\/#\/schema\/person\/2f6c8045b5e07d397d92d8e5cf7aee98","name":"Jos\u00e9 Salvador","logo":{"@id":"https:\/\/viajarcomtempo.eu\/#\/schema\/person\/image\/"},"sameAs":["http:\/\/viajarcomtempo.eu"]}]}},"_links":{"self":[{"href":"https:\/\/viajarcomtempo.eu\/index.php?rest_route=\/wp\/v2\/pages\/477","targetHints":{"allow":["GET"]}}],"collection":[{"href":"https:\/\/viajarcomtempo.eu\/index.php?rest_route=\/wp\/v2\/pages"}],"about":[{"href":"https:\/\/viajarcomtempo.eu\/index.php?rest_route=\/wp\/v2\/types\/page"}],"author":[{"embeddable":true,"href":"https:\/\/viajarcomtempo.eu\/index.php?rest_route=\/wp\/v2\/users\/1"}],"replies":[{"embeddable":true,"href":"https:\/\/viajarcomtempo.eu\/index.php?rest_route=%2Fwp%2Fv2%2Fcomments&post=477"}],"version-history":[{"count":107,"href":"https:\/\/viajarcomtempo.eu\/index.php?rest_route=\/wp\/v2\/pages\/477\/revisions"}],"predecessor-version":[{"id":2622,"href":"https:\/\/viajarcomtempo.eu\/index.php?rest_route=\/wp\/v2\/pages\/477\/revisions\/2622"}],"wp:attachment":[{"href":"https:\/\/viajarcomtempo.eu\/index.php?rest_route=%2Fwp%2Fv2%2Fmedia&parent=477"}],"curies":[{"name":"wp","href":"https:\/\/api.w.org\/{rel}","templated":true}]}}